{"id":2566,"date":"2020-09-20T21:45:16","date_gmt":"2020-09-20T21:45:16","guid":{"rendered":"https:\/\/automobsummit.com\/?page_id=2566"},"modified":"2024-09-17T14:13:29","modified_gmt":"2024-09-17T12:13:29","slug":"ponentes","status":"publish","type":"page","link":"https:\/\/automobsummit.com\/es\/ponentes\/","title":{"rendered":"Ponentes"},"content":{"rendered":"\t\t<div data-elementor-type=\"wp-page\" data-elementor-id=\"2566\" class=\"elementor elementor-2566 elementor-1954\">\n\t\t\t\t\t\t<section class=\"elementor-section elementor-top-section elementor-element elementor-element-3621d291 elementor-section-boxed elementor-section-height-default elementor-section-height-default\" data-id=\"3621d291\" data-element_type=\"section\">\n\t\t\t\t\t\t<div class=\"elementor-container elementor-column-gap-default\">\n\t\t\t\t\t<div class=\"elementor-column elementor-col-100 elementor-top-column elementor-element elementor-element-5e37776c\" data-id=\"5e37776c\" data-element_type=\"column\">\n\t\t\t<div class=\"elementor-widget-wrap elementor-element-populated\">\n\t\t\t\t\t\t<div class=\"elementor-element elementor-element-7d209f21 elementor-widget elementor-widget-text-editor\" data-id=\"7d209f21\" data-element_type=\"widget\" data-settings=\"{&quot;ekit_we_effect_on&quot;:&quot;none&quot;}\" data-widget_type=\"text-editor.default\">\n\t\t\t\t<div class=\"elementor-widget-container\">\n\t\t\t\t\t\t\t<p>AutoMob te da la oportunidad de escuchar los puntos de vista de los l\u00edderes del mercado de la industria de la automoci\u00f3n y de la movilidad a nivel internacional. Estos son los ponentes que han pasado por las distintas ediciones de AutoMob Summit.\u00a0<\/p>\t\t\t\t\t\t<\/div>\n\t\t\t\t<\/div>\n\t\t\t\t<div class=\"elementor-element elementor-element-09ae943 elementor-widget elementor-widget-text-editor\" data-id=\"09ae943\" data-element_type=\"widget\" data-settings=\"{&quot;ekit_we_effect_on&quot;:&quot;none&quot;}\" data-widget_type=\"text-editor.default\">\n\t\t\t\t<div class=\"elementor-widget-container\">\n\t\t\t\t\t\t\t<h1>PONENTES 2024<\/h1>\t\t\t\t\t\t<\/div>\n\t\t\t\t<\/div>\n\t\t\t\t<section class=\"elementor-section elementor-inner-section elementor-element elementor-element-c3ffe0b elementor-section-boxed elementor-section-height-default elementor-section-height-default\" data-id=\"c3ffe0b\" data-element_type=\"section\">\n\t\t\t\t\t\t<div class=\"elementor-container elementor-column-gap-default\">\n\t\t\t\t\t<div class=\"elementor-column elementor-col-25 elementor-inner-column elementor-element elementor-element-cfd0109\" data-id=\"cfd0109\" data-element_type=\"column\">\n\t\t\t<div class=\"elementor-widget-wrap elementor-element-populated\">\n\t\t\t\t\t\t<div class=\"elementor-element elementor-element-56271ed elementor-widget elementor-widget-exhibz-speaker\" data-id=\"56271ed\" data-element_type=\"widget\" data-settings=\"{&quot;ekit_we_effect_on&quot;:&quot;none&quot;}\" data-widget_type=\"exhibz-speaker.default\">\n\t\t\t\t<div class=\"elementor-widget-container\">\n\t\t\t\t\t\t            <div class=\"ts-speaker\" style=\"--speaker-color: #25cd44\">\n                <div class=\"speaker-img\">\n\t\t\t\t\t                        <img decoding=\"async\" src=\"\/\/automobsummit.com\/wp-content\/uploads\/2020\/11\/justo-Sierra.png\"\n                             alt=\"\">\n\t\t\t\t\t                    <a href=\"#popup_56271ed2736\"\n                       class=\"view-speaker ts-image-popup\" data-effect=\"mfp-zoom-in\">\n                        <i class=\"icon icon-plus\"><\/i>\n                    <\/a>\n                <\/div>\n                <div class=\"ts-speaker-info\">\n                    <h3 class=\"ts-title\">\n                        <a href=\"https:\/\/automobsummit.com\/es\/speaker\/justo-sierra\/\"> Justo Sierra <\/a>\n                    <\/h3>\n                    <p>\n\t\t\t\t\t\tPresidente de Asime                    <\/p>\n                <\/div>\n                <!--- speaker info end -->\n                <!-- popup start-->\n                <div id=\"popup_56271ed2736\"\n                     class=\"container ts-speaker-popup mfp-hide\">\n                    <div class=\"row\">\n                        <div class=\"col-lg-6\">\n                            <div class=\"ts-speaker-popup-img\">\n\t\t\t\t\t\t\t\t                                    <img decoding=\"async\" src=\"\/\/automobsummit.com\/wp-content\/uploads\/2020\/11\/justo-Sierra.png\"\n                                         alt=\"\">\n\t\t\t\t\t\t\t\t                            <\/div>\n                        <\/div>\n                        <!-- col end-->\n                        <div class=\"col-lg-6\">\n                            <div class=\"ts-speaker-popup-content\">\n                                <h3 class=\"ts-title\"><a\n                                            href=\"https:\/\/automobsummit.com\/es\/speaker\/justo-sierra\/\"> Justo Sierra <\/a>\n                                <\/h3>\n                                <span class=\"speakder-designation\"> Presidente de Asime<\/span>\n\t\t\t\t\t\t\t\t                                    <img decoding=\"async\" src=\"\/\/automobsummit.com\/wp-content\/uploads\/2020\/09\/Asime-logo-2-2020.png\"\n                                         alt=\"\">\n\t\t\t\t\t\t\t\t                                <p>\n\t\t\t\t\t\t\t\t\t<p>Presidente de Asime, organizadora de AutoMob Summit, y Presidente de la empresa Urovesa, contratista de defensa espa\u00f1ola con larga trayectoria, especializada en la construcci\u00f3n de veh\u00edculos especiales de gran tonelaje y capacidad.<\/p>                                <\/p>\n                                <div class=\"ts-speakers-social\">\n\t\t\t\t\t\t\t\t\t\t\t\t\t\t\t\t\t\t\t\t\t\t\t\t\t\t\t\t                                <\/div>\n                            <\/div>\n                            <!-- ts-speaker-popup-content end-->\n                        <\/div>\n                        <!-- col end-->\n                    <\/div>\n                    <!-- row end-->\n                <\/div>\n                <!-- popup end-->\n            <\/div>\n            <!-- ts-speaker end  -->\n\t\t\n\n\t\t\t\n\t\t\t\n\t\t\t\n\n\t\t\t\t<\/div>\n\t\t\t\t<\/div>\n\t\t\t\t\t<\/div>\n\t\t<\/div>\n\t\t\t\t<div class=\"elementor-column elementor-col-25 elementor-inner-column elementor-element elementor-element-8a8f3aa\" data-id=\"8a8f3aa\" data-element_type=\"column\">\n\t\t\t<div class=\"elementor-widget-wrap elementor-element-populated\">\n\t\t\t\t\t\t<div class=\"elementor-element elementor-element-e138556 elementor-widget elementor-widget-exhibz-speaker\" data-id=\"e138556\" data-element_type=\"widget\" data-settings=\"{&quot;ekit_we_effect_on&quot;:&quot;none&quot;}\" data-widget_type=\"exhibz-speaker.default\">\n\t\t\t\t<div class=\"elementor-widget-container\">\n\t\t\t\t\t\t            <div class=\"ts-speaker\" style=\"--speaker-color: #25CD44\">\n                <div class=\"speaker-img\">\n\t\t\t\t\t                        <img decoding=\"async\" src=\"https:\/\/automobsummit.com\/wp-content\/uploads\/2024\/08\/Maria-Jesus-Lorenzana.png\"\n                             alt=\"\">\n\t\t\t\t\t                    <a href=\"#popup_e1385564430\"\n                       class=\"view-speaker ts-image-popup\" data-effect=\"mfp-zoom-in\">\n                        <i class=\"icon icon-plus\"><\/i>\n                    <\/a>\n                <\/div>\n                <div class=\"ts-speaker-info\">\n                    <h3 class=\"ts-title\">\n                        <a href=\"https:\/\/automobsummit.com\/es\/speaker\/maria-jesus-lorenzana\/\"> Mar\u00eda Jes\u00fas Lorenzana <\/a>\n                    <\/h3>\n                    <p>\n\t\t\t\t\t\tConselleira de Econom\u00eda e Industria, Xunta de Galicia                    <\/p>\n                <\/div>\n                <!--- speaker info end -->\n                <!-- popup start-->\n                <div id=\"popup_e1385564430\"\n                     class=\"container ts-speaker-popup mfp-hide\">\n                    <div class=\"row\">\n                        <div class=\"col-lg-6\">\n                            <div class=\"ts-speaker-popup-img\">\n\t\t\t\t\t\t\t\t                                    <img decoding=\"async\" src=\"https:\/\/automobsummit.com\/wp-content\/uploads\/2024\/08\/Maria-Jesus-Lorenzana.png\"\n                                         alt=\"\">\n\t\t\t\t\t\t\t\t                            <\/div>\n                        <\/div>\n                        <!-- col end-->\n                        <div class=\"col-lg-6\">\n                            <div class=\"ts-speaker-popup-content\">\n                                <h3 class=\"ts-title\"><a\n                                            href=\"https:\/\/automobsummit.com\/es\/speaker\/maria-jesus-lorenzana\/\"> Mar\u00eda Jes\u00fas Lorenzana <\/a>\n                                <\/h3>\n                                <span class=\"speakder-designation\"> Conselleira de Econom\u00eda e Industria, Xunta de Galicia<\/span>\n\t\t\t\t\t\t\t\t                                    <img decoding=\"async\" src=\"\"\n                                         alt=\"\">\n\t\t\t\t\t\t\t\t                                <p>\n\t\t\t\t\t\t\t\t\tLicenciada en Derecho por la Universidade da Coru\u00f1a en junio de 2004. Curso Superior de Derecho Auton\u00f3mico por el Instituto de Derecho P\u00fablico de Barcelona. Certificado CAE de ingl\u00e9s por la Universidad de Cambridge y de franc\u00e9s B1 por la Alianza Francesa.\r\n\r\nEntra a formar parte de la escala de Letrados de la Xunta de Galicia por oposici\u00f3n en mayo de 2007. Ocupa diversos puestos como letrada en la Asesor\u00eda Jur\u00eddica de la Xunta, entre ellos, en la asesor\u00eda jur\u00eddica de la Vicepresidencia de la Igualdad y del Bienestar y en la Asesor\u00eda Jur\u00eddica General de la Xunta de Galicia.\r\n\r\nDesde noviembre de 2011 hasta febrero de 2013 ocupa el puesto de asesora jur\u00eddica de la Presidencia de la Xunta.\r\n\r\nEn febrero de 2013 es nombrada secretaria general t\u00e9cnica de la Conseller\u00eda de Trabajo y Bienestar.\r\n\r\nEn octubre de 2015 es nombrada secretaria general t\u00e9cnica de la Conseller\u00eda de Medio Ambiente y Ordenaci\u00f3n del Territorio.\r\n\r\nEn octubre de 2018 es nombrada secretaria general t\u00e9cnica de la Conseller\u00eda de Medio Rural.\r\n\r\nEn septiembre de 2020 es nombrada conselleira de Empleo e Igualdad y en junio de 2023, conselleira de Econom\u00eda, Industria e Innovaci\u00f3n.                                <\/p>\n                                <div class=\"ts-speakers-social\">\n\t\t\t\t\t\t\t\t\t\t\t\t\t\t\t\t\t\t\t\t\t\t\t\t\t\t\t\t                                <\/div>\n                            <\/div>\n                            <!-- ts-speaker-popup-content end-->\n                        <\/div>\n                        <!-- col end-->\n                    <\/div>\n                    <!-- row end-->\n                <\/div>\n                <!-- popup end-->\n            <\/div>\n            <!-- ts-speaker end  -->\n\t\t\n\n\t\t\t\n\t\t\t\n\t\t\t\n\n\t\t\t\t<\/div>\n\t\t\t\t<\/div>\n\t\t\t\t\t<\/div>\n\t\t<\/div>\n\t\t\t\t<div class=\"elementor-column elementor-col-25 elementor-inner-column elementor-element elementor-element-769ff59\" data-id=\"769ff59\" data-element_type=\"column\">\n\t\t\t<div class=\"elementor-widget-wrap elementor-element-populated\">\n\t\t\t\t\t\t<div class=\"elementor-element elementor-element-a6b5285 elementor-widget elementor-widget-exhibz-speaker\" data-id=\"a6b5285\" data-element_type=\"widget\" data-settings=\"{&quot;ekit_we_effect_on&quot;:&quot;none&quot;}\" data-widget_type=\"exhibz-speaker.default\">\n\t\t\t\t<div class=\"elementor-widget-container\">\n\t\t\t\t\t\t            <div class=\"ts-speaker\" style=\"--speaker-color: #25CD44\">\n                <div class=\"speaker-img\">\n\t\t\t\t\t                        <img decoding=\"async\" src=\"https:\/\/automobsummit.com\/wp-content\/uploads\/2024\/09\/fotos-ponentes-congresos-automob-maritime.-12.png\"\n                             alt=\"\">\n\t\t\t\t\t                    <a href=\"#popup_a6b52854735\"\n                       class=\"view-speaker ts-image-popup\" data-effect=\"mfp-zoom-in\">\n                        <i class=\"icon icon-plus\"><\/i>\n                    <\/a>\n                <\/div>\n                <div class=\"ts-speaker-info\">\n                    <h3 class=\"ts-title\">\n                        <a href=\"https:\/\/automobsummit.com\/es\/speaker\/diego-calvo\/\"> Diego Calvo <\/a>\n                    <\/h3>\n                    <p>\n\t\t\t\t\t\tConselleiro de Presidencia, Justicia y Deportes de la Xunta de Galicia                    <\/p>\n                <\/div>\n                <!--- speaker info end -->\n                <!-- popup start-->\n                <div id=\"popup_a6b52854735\"\n                     class=\"container ts-speaker-popup mfp-hide\">\n                    <div class=\"row\">\n                        <div class=\"col-lg-6\">\n                            <div class=\"ts-speaker-popup-img\">\n\t\t\t\t\t\t\t\t                                    <img decoding=\"async\" src=\"https:\/\/automobsummit.com\/wp-content\/uploads\/2024\/09\/fotos-ponentes-congresos-automob-maritime.-12.png\"\n                                         alt=\"\">\n\t\t\t\t\t\t\t\t                            <\/div>\n                        <\/div>\n                        <!-- col end-->\n                        <div class=\"col-lg-6\">\n                            <div class=\"ts-speaker-popup-content\">\n                                <h3 class=\"ts-title\"><a\n                                            href=\"https:\/\/automobsummit.com\/es\/speaker\/diego-calvo\/\"> Diego Calvo <\/a>\n                                <\/h3>\n                                <span class=\"speakder-designation\"> Conselleiro de Presidencia, Justicia y Deportes de la Xunta de Galicia<\/span>\n\t\t\t\t\t\t\t\t                                    <img decoding=\"async\" src=\"https:\/\/automobsummit.com\/wp-content\/uploads\/2020\/11\/xunta.png\"\n                                         alt=\"\">\n\t\t\t\t\t\t\t\t                                <p>\n\t\t\t\t\t\t\t\t\t                                <\/p>\n                                <div class=\"ts-speakers-social\">\n\t\t\t\t\t\t\t\t\t\t\t\t\t\t\t\t\t\t\t\t\t\t\t\t\t\t\t\t                                <\/div>\n                            <\/div>\n                            <!-- ts-speaker-popup-content end-->\n                        <\/div>\n                        <!-- col end-->\n                    <\/div>\n                    <!-- row end-->\n                <\/div>\n                <!-- popup end-->\n            <\/div>\n            <!-- ts-speaker end  -->\n\t\t\n\n\t\t\t\n\t\t\t\n\t\t\t\n\n\t\t\t\t<\/div>\n\t\t\t\t<\/div>\n\t\t\t\t\t<\/div>\n\t\t<\/div>\n\t\t\t\t<div class=\"elementor-column elementor-col-25 elementor-inner-column elementor-element elementor-element-a83b443\" data-id=\"a83b443\" data-element_type=\"column\">\n\t\t\t<div class=\"elementor-widget-wrap elementor-element-populated\">\n\t\t\t\t\t\t<div class=\"elementor-element elementor-element-9951949 elementor-widget elementor-widget-exhibz-speaker\" data-id=\"9951949\" data-element_type=\"widget\" data-settings=\"{&quot;ekit_we_effect_on&quot;:&quot;none&quot;}\" data-widget_type=\"exhibz-speaker.default\">\n\t\t\t\t<div class=\"elementor-widget-container\">\n\t\t\t\t\t\t            <div class=\"ts-speaker\" style=\"--speaker-color: #25CD44\">\n                <div class=\"speaker-img\">\n\t\t\t\t\t                        <img decoding=\"async\" src=\"https:\/\/automobsummit.com\/wp-content\/uploads\/2024\/09\/fotos-ponentes-congresos-automob-maritime.-8.png\"\n                             alt=\"\">\n\t\t\t\t\t                    <a href=\"#popup_99519494612\"\n                       class=\"view-speaker ts-image-popup\" data-effect=\"mfp-zoom-in\">\n                        <i class=\"icon icon-plus\"><\/i>\n                    <\/a>\n                <\/div>\n                <div class=\"ts-speaker-info\">\n                    <h3 class=\"ts-title\">\n                        <a href=\"https:\/\/automobsummit.com\/es\/speaker\/rebeca-torro\/\"> Rebeca Torr\u00f3 <\/a>\n                    <\/h3>\n                    <p>\n\t\t\t\t\t\tSecretaria de Estado de Industria del Gobierno de Espa\u00f1a                    <\/p>\n                <\/div>\n                <!--- speaker info end -->\n                <!-- popup start-->\n                <div id=\"popup_99519494612\"\n                     class=\"container ts-speaker-popup mfp-hide\">\n                    <div class=\"row\">\n                        <div class=\"col-lg-6\">\n                            <div class=\"ts-speaker-popup-img\">\n\t\t\t\t\t\t\t\t                                    <img decoding=\"async\" src=\"https:\/\/automobsummit.com\/wp-content\/uploads\/2024\/09\/fotos-ponentes-congresos-automob-maritime.-8.png\"\n                                         alt=\"\">\n\t\t\t\t\t\t\t\t                            <\/div>\n                        <\/div>\n                        <!-- col end-->\n                        <div class=\"col-lg-6\">\n                            <div class=\"ts-speaker-popup-content\">\n                                <h3 class=\"ts-title\"><a\n                                            href=\"https:\/\/automobsummit.com\/es\/speaker\/rebeca-torro\/\"> Rebeca Torr\u00f3 <\/a>\n                                <\/h3>\n                                <span class=\"speakder-designation\"> Secretaria de Estado de Industria del Gobierno de Espa\u00f1a<\/span>\n\t\t\t\t\t\t\t\t                                    <img decoding=\"async\" src=\"https:\/\/automobsummit.com\/wp-content\/uploads\/2024\/09\/Logotipo_del_Ministerio_de_Industria_y_Turismo.jpg\"\n                                         alt=\"\">\n\t\t\t\t\t\t\t\t                                <p>\n\t\t\t\t\t\t\t\t\t                                <\/p>\n                                <div class=\"ts-speakers-social\">\n\t\t\t\t\t\t\t\t\t\t\t\t\t\t\t\t\t\t\t\t\t\t\t\t\t\t\t\t                                <\/div>\n                            <\/div>\n                            <!-- ts-speaker-popup-content end-->\n                        <\/div>\n                        <!-- col end-->\n                    <\/div>\n                    <!-- row end-->\n                <\/div>\n                <!-- popup end-->\n            <\/div>\n            <!-- ts-speaker end  -->\n\t\t\n\n\t\t\t\n\t\t\t\n\t\t\t\n\n\t\t\t\t<\/div>\n\t\t\t\t<\/div>\n\t\t\t\t\t<\/div>\n\t\t<\/div>\n\t\t\t\t\t<\/div>\n\t\t<\/section>\n\t\t\t\t<section class=\"elementor-section elementor-inner-section elementor-element elementor-element-4f0f8b6 elementor-section-boxed elementor-section-height-default elementor-section-height-default\" data-id=\"4f0f8b6\" data-element_type=\"section\">\n\t\t\t\t\t\t<div class=\"elementor-container elementor-column-gap-default\">\n\t\t\t\t\t<div class=\"elementor-column elementor-col-25 elementor-inner-column elementor-element elementor-element-aee6a09\" data-id=\"aee6a09\" data-element_type=\"column\">\n\t\t\t<div class=\"elementor-widget-wrap elementor-element-populated\">\n\t\t\t\t\t\t<div class=\"elementor-element elementor-element-3938889 elementor-widget elementor-widget-exhibz-speaker\" data-id=\"3938889\" data-element_type=\"widget\" data-settings=\"{&quot;ekit_we_effect_on&quot;:&quot;none&quot;}\" data-widget_type=\"exhibz-speaker.default\">\n\t\t\t\t<div class=\"elementor-widget-container\">\n\t\t\t\t\t\t            <div class=\"ts-speaker\" style=\"--speaker-color: #25CD44\">\n                <div class=\"speaker-img\">\n\t\t\t\t\t                        <img decoding=\"async\" src=\"https:\/\/automobsummit.com\/wp-content\/uploads\/2024\/07\/fotos-ponentes-congresos-automob-maritime.png\"\n                             alt=\"\">\n\t\t\t\t\t                    <a href=\"#popup_39388894250\"\n                       class=\"view-speaker ts-image-popup\" data-effect=\"mfp-zoom-in\">\n                        <i class=\"icon icon-plus\"><\/i>\n                    <\/a>\n                <\/div>\n                <div class=\"ts-speaker-info\">\n                    <h3 class=\"ts-title\">\n                        <a href=\"https:\/\/automobsummit.com\/speaker\/benjamin-krieger\/\"> Benjamin Krieger <\/a>\n                    <\/h3>\n                    <p>\n\t\t\t\t\t\tSecretario General de la Asociaci\u00f3n Europea de Proveedores de la Industria del Autom\u00f3vil (CLEPA)                    <\/p>\n                <\/div>\n                <!--- speaker info end -->\n                <!-- popup start-->\n                <div id=\"popup_39388894250\"\n                     class=\"container ts-speaker-popup mfp-hide\">\n                    <div class=\"row\">\n                        <div class=\"col-lg-6\">\n                            <div class=\"ts-speaker-popup-img\">\n\t\t\t\t\t\t\t\t                                    <img decoding=\"async\" src=\"https:\/\/automobsummit.com\/wp-content\/uploads\/2024\/07\/fotos-ponentes-congresos-automob-maritime.png\"\n                                         alt=\"\">\n\t\t\t\t\t\t\t\t                            <\/div>\n                        <\/div>\n                        <!-- col end-->\n                        <div class=\"col-lg-6\">\n                            <div class=\"ts-speaker-popup-content\">\n                                <h3 class=\"ts-title\"><a\n                                            href=\"https:\/\/automobsummit.com\/speaker\/benjamin-krieger\/\"> Benjamin Krieger <\/a>\n                                <\/h3>\n                                <span class=\"speakder-designation\"> Secretario General de la Asociaci\u00f3n Europea de Proveedores de la Industria del Autom\u00f3vil (CLEPA)<\/span>\n\t\t\t\t\t\t\t\t                                    <img decoding=\"async\" src=\"https:\/\/automobsummit.com\/wp-content\/uploads\/2024\/07\/CLEPA-V3-1080px-PNG.png\"\n                                         alt=\"\">\n\t\t\t\t\t\t\t\t                                <p>\n\t\t\t\t\t\t\t\t\tSecretario General de CLEPA, la Asociaci\u00f3n Europea de Proveedores de la Industria del Autom\u00f3vil. Ha trabajado en pol\u00edtica y comunicaci\u00f3n de la UE durante los \u00faltimos 15 a\u00f1os. Periodista de formaci\u00f3n, Benjamin comenz\u00f3 su carrera en el Parlamento Europeo, primero gestionando la oficina de un diputado al Parlamento Europeo (MEP) y m\u00e1s tarde convirti\u00e9ndose en portavoz de una delegaci\u00f3n de 12 eurodiputados. Tambi\u00e9n trabaj\u00f3 como consultor asesorando a clientes sobre una amplia gama de temas en la intersecci\u00f3n de la sostenibilidad, la digitalizaci\u00f3n y el comercio en diferentes sectores. M\u00e1s recientemente, el Sr. Krieger dirigi\u00f3 asuntos gubernamentales en CLEPA.                                <\/p>\n                                <div class=\"ts-speakers-social\">\n\t\t\t\t\t\t\t\t\t\t\t\t\t\t\t\t\t\t\t\t\t\t\t\t\t\t\t\t                                <\/div>\n                            <\/div>\n                            <!-- ts-speaker-popup-content end-->\n                        <\/div>\n                        <!-- col end-->\n                    <\/div>\n                    <!-- row end-->\n                <\/div>\n                <!-- popup end-->\n            <\/div>\n            <!-- ts-speaker end  -->\n\t\t\n\n\t\t\t\n\t\t\t\n\t\t\t\n\n\t\t\t\t<\/div>\n\t\t\t\t<\/div>\n\t\t\t\t\t<\/div>\n\t\t<\/div>\n\t\t\t\t<div class=\"elementor-column elementor-col-25 elementor-inner-column elementor-element elementor-element-d984a39\" data-id=\"d984a39\" data-element_type=\"column\">\n\t\t\t<div class=\"elementor-widget-wrap elementor-element-populated\">\n\t\t\t\t\t\t<div class=\"elementor-element elementor-element-7025708 elementor-widget elementor-widget-exhibz-speaker\" data-id=\"7025708\" data-element_type=\"widget\" data-settings=\"{&quot;ekit_we_effect_on&quot;:&quot;none&quot;}\" data-widget_type=\"exhibz-speaker.default\">\n\t\t\t\t<div class=\"elementor-widget-container\">\n\t\t\t\t\t\t            <div class=\"ts-speaker\" style=\"--speaker-color: #25CD44\">\n                <div class=\"speaker-img\">\n\t\t\t\t\t                        <img decoding=\"async\" src=\"https:\/\/automobsummit.com\/wp-content\/uploads\/2024\/08\/fotos-ponentes-congresos-automob-maritime.-6.png\"\n                             alt=\"\">\n\t\t\t\t\t                    <a href=\"#popup_70257084367\"\n                       class=\"view-speaker ts-image-popup\" data-effect=\"mfp-zoom-in\">\n                        <i class=\"icon icon-plus\"><\/i>\n                    <\/a>\n                <\/div>\n                <div class=\"ts-speaker-info\">\n                    <h3 class=\"ts-title\">\n                        <a href=\"https:\/\/automobsummit.com\/es\/speaker\/jorge-munoz\/\"> Jorge Mu\u00f1oz <\/a>\n                    <\/h3>\n                    <p>\n\t\t\t\t\t\tDirector de Comunicaci\u00f3n de Volvo Espa\u00f1a                     <\/p>\n                <\/div>\n                <!--- speaker info end -->\n                <!-- popup start-->\n                <div id=\"popup_70257084367\"\n                     class=\"container ts-speaker-popup mfp-hide\">\n                    <div class=\"row\">\n                        <div class=\"col-lg-6\">\n                            <div class=\"ts-speaker-popup-img\">\n\t\t\t\t\t\t\t\t                                    <img decoding=\"async\" src=\"https:\/\/automobsummit.com\/wp-content\/uploads\/2024\/08\/fotos-ponentes-congresos-automob-maritime.-6.png\"\n                                         alt=\"\">\n\t\t\t\t\t\t\t\t                            <\/div>\n                        <\/div>\n                        <!-- col end-->\n                        <div class=\"col-lg-6\">\n                            <div class=\"ts-speaker-popup-content\">\n                                <h3 class=\"ts-title\"><a\n                                            href=\"https:\/\/automobsummit.com\/es\/speaker\/jorge-munoz\/\"> Jorge Mu\u00f1oz <\/a>\n                                <\/h3>\n                                <span class=\"speakder-designation\"> Director de Comunicaci\u00f3n de Volvo Espa\u00f1a <\/span>\n\t\t\t\t\t\t\t\t                                    <img decoding=\"async\" src=\"https:\/\/automobsummit.com\/wp-content\/uploads\/2024\/08\/Volvo-Iron-Mark-Black.svg_.png\"\n                                         alt=\"\">\n\t\t\t\t\t\t\t\t                                <p>\n\t\t\t\t\t\t\t\t\t<ul>\r\n \t<li>Licenciado en Administraci\u00f3n y Direcci\u00f3n de Empresas por la Universidad San Pablo CEU (Madrid)<\/li>\r\n \t<li>Master in Business Administration en el Instituto de Empresa (Madrid)<\/li>\r\n \t<li>Mas de 25 a\u00f1os en el sector del autom\u00f3vil, primero en Ford Credit y luego en Volvo Car Espa\u00f1a en diferentes posiciones.<\/li>\r\n \t<li>Actualmente Director de Prensa de Volvo Car Espa\u00f1a.<\/li>\r\n<\/ul>                                <\/p>\n                                <div class=\"ts-speakers-social\">\n\t\t\t\t\t\t\t\t\t\t\t\t\t\t\t\t\t\t\t\t\t\t\t\t\t\t\t\t                                <\/div>\n                            <\/div>\n                            <!-- ts-speaker-popup-content end-->\n                        <\/div>\n                        <!-- col end-->\n                    <\/div>\n                    <!-- row end-->\n                <\/div>\n                <!-- popup end-->\n            <\/div>\n            <!-- ts-speaker end  -->\n\t\t\n\n\t\t\t\n\t\t\t\n\t\t\t\n\n\t\t\t\t<\/div>\n\t\t\t\t<\/div>\n\t\t\t\t\t<\/div>\n\t\t<\/div>\n\t\t\t\t<div class=\"elementor-column elementor-col-25 elementor-inner-column elementor-element elementor-element-5dfc84f\" data-id=\"5dfc84f\" data-element_type=\"column\">\n\t\t\t<div class=\"elementor-widget-wrap elementor-element-populated\">\n\t\t\t\t\t\t<div class=\"elementor-element elementor-element-a874314 elementor-widget elementor-widget-exhibz-speaker\" data-id=\"a874314\" data-element_type=\"widget\" data-settings=\"{&quot;ekit_we_effect_on&quot;:&quot;none&quot;}\" data-widget_type=\"exhibz-speaker.default\">\n\t\t\t\t<div class=\"elementor-widget-container\">\n\t\t\t\t\t\t            <div class=\"ts-speaker\" style=\"--speaker-color: #25cd44\">\n                <div class=\"speaker-img\">\n\t\t\t\t\t                        <img decoding=\"async\" src=\"https:\/\/automobsummit.com\/wp-content\/uploads\/2024\/09\/inigo-loizaga.png\"\n                             alt=\"\">\n\t\t\t\t\t                    <a href=\"#popup_a8743142713\"\n                       class=\"view-speaker ts-image-popup\" data-effect=\"mfp-zoom-in\">\n                        <i class=\"icon icon-plus\"><\/i>\n                    <\/a>\n                <\/div>\n                <div class=\"ts-speaker-info\">\n                    <h3 class=\"ts-title\">\n                        <a href=\"https:\/\/automobsummit.com\/es\/speaker\/inigo-loizaga-2\/\"> I\u00f1igo Loizaga <\/a>\n                    <\/h3>\n                    <p>\n\t\t\t\t\t\tDirector de Ingenier\u00eda en CIE Automotive                    <\/p>\n                <\/div>\n                <!--- speaker info end -->\n                <!-- popup start-->\n                <div id=\"popup_a8743142713\"\n                     class=\"container ts-speaker-popup mfp-hide\">\n                    <div class=\"row\">\n                        <div class=\"col-lg-6\">\n                            <div class=\"ts-speaker-popup-img\">\n\t\t\t\t\t\t\t\t                                    <img decoding=\"async\" src=\"https:\/\/automobsummit.com\/wp-content\/uploads\/2024\/09\/inigo-loizaga.png\"\n                                         alt=\"\">\n\t\t\t\t\t\t\t\t                            <\/div>\n                        <\/div>\n                        <!-- col end-->\n                        <div class=\"col-lg-6\">\n                            <div class=\"ts-speaker-popup-content\">\n                                <h3 class=\"ts-title\"><a\n                                            href=\"https:\/\/automobsummit.com\/es\/speaker\/inigo-loizaga-2\/\"> I\u00f1igo Loizaga <\/a>\n                                <\/h3>\n                                <span class=\"speakder-designation\"> Director de Ingenier\u00eda en CIE Automotive<\/span>\n\t\t\t\t\t\t\t\t                                    <img decoding=\"async\" src=\"\/\/automobsummit.com\/wp-content\/uploads\/2020\/10\/Logotipo-CIE-Automotive-JPG.png\"\n                                         alt=\"\">\n\t\t\t\t\t\t\t\t                                <p>\n\t\t\t\t\t\t\t\t\tEs M\u00e1ster en Materiales y Comportamiento Mec\u00e1nico por Mondrag\u00f3n Unibertsitatea e Ingeniero Industrial El\u00e9ctrico por la Universidad de Ingenier\u00eda de Bilbao. Comenz\u00f3 a trabajar con Jos\u00e9 Ignacio L\u00f3pez de Arriortua en 1998 como ingeniero de dise\u00f1o y trabaja en CIE Automotive desde 2002.\r\n\r\nCon involucraci\u00f3n en diferentes proyectos de desarrollo de producto y de procesos de fabricaci\u00f3n en el mundo de automoci\u00f3n.\r\n\r\nI\u00f1igo Loizaga tiene una fuerte vinculaci\u00f3n con la comunidad industrial, investigadora y universitaria. Fue presidente de CIC marGUNE desde 2007. MarGUNE re\u00fane a empresas, universidades e instituciones de investigaci\u00f3n con el fin de preparar a la industria para los retos y oportunidades del futuro en el campo de la fabricaci\u00f3n de altas prestaciones involucrando a m\u00e1s de 300 investigadores. Es profesor de la Universidad de Deusto desde 2014 y lo fue de 2014 a 2017 de la Universidad Tecnun de Navarra.\r\n\r\nHa liderado varios proyectos colaborativos de I+D en las \u00e1reas de fabricaci\u00f3n, automoci\u00f3n y electrificaci\u00f3n. Proyectos realizados por consorcios espa\u00f1oles, europeos e internacionales.\r\n\r\nActualmente con un fuerte enfoque en el cambio clim\u00e1tico y el an\u00e1lisis y mitigaci\u00f3n de riesgos ambientales, de productos y procesos.                                <\/p>\n                                <div class=\"ts-speakers-social\">\n\t\t\t\t\t\t\t\t\t\t\t\t\t\t\t\t\t\t\t                                            <a href=\"https:\/\/www.linkedin.com\/in\/iloizaga\/\"\n                                               target=\"_blank\" rel=\"noreferrer\">\n                                                <i class=\"fa fa-linkedin\"><\/i>\n                                            <\/a>\n\t\t\t\t\t\t\t\t\t\t\t\t\t\t\t\t\t\t\t                                <\/div>\n                            <\/div>\n                            <!-- ts-speaker-popup-content end-->\n                        <\/div>\n                        <!-- col end-->\n                    <\/div>\n                    <!-- row end-->\n                <\/div>\n                <!-- popup end-->\n            <\/div>\n            <!-- ts-speaker end  -->\n\t\t\n\n\t\t\t\n\t\t\t\n\t\t\t\n\n\t\t\t\t<\/div>\n\t\t\t\t<\/div>\n\t\t\t\t\t<\/div>\n\t\t<\/div>\n\t\t\t\t<div class=\"elementor-column elementor-col-25 elementor-inner-column elementor-element elementor-element-309d863\" data-id=\"309d863\" data-element_type=\"column\">\n\t\t\t<div class=\"elementor-widget-wrap elementor-element-populated\">\n\t\t\t\t\t\t<div class=\"elementor-element elementor-element-38643aa elementor-widget elementor-widget-exhibz-speaker\" data-id=\"38643aa\" data-element_type=\"widget\" data-settings=\"{&quot;ekit_we_effect_on&quot;:&quot;none&quot;}\" data-widget_type=\"exhibz-speaker.default\">\n\t\t\t\t<div class=\"elementor-widget-container\">\n\t\t\t\t\t\t            <div class=\"ts-speaker\" style=\"--speaker-color: #25cd44\">\n                <div class=\"speaker-img\">\n\t\t\t\t\t                        <img decoding=\"async\" src=\"https:\/\/automobsummit.com\/wp-content\/uploads\/2024\/08\/fotos-ponentes-congresos-automob-maritime.-4.png\"\n                             alt=\"\">\n\t\t\t\t\t                    <a href=\"#popup_38643aa2811\"\n                       class=\"view-speaker ts-image-popup\" data-effect=\"mfp-zoom-in\">\n                        <i class=\"icon icon-plus\"><\/i>\n                    <\/a>\n                <\/div>\n                <div class=\"ts-speaker-info\">\n                    <h3 class=\"ts-title\">\n                        <a href=\"https:\/\/automobsummit.com\/es\/speaker\/luis-moreno\/\"> Luis Moreno <\/a>\n                    <\/h3>\n                    <p>\n\t\t\t\t\t\tDirector General en CTAG                    <\/p>\n                <\/div>\n                <!--- speaker info end -->\n                <!-- popup start-->\n                <div id=\"popup_38643aa2811\"\n                     class=\"container ts-speaker-popup mfp-hide\">\n                    <div class=\"row\">\n                        <div class=\"col-lg-6\">\n                            <div class=\"ts-speaker-popup-img\">\n\t\t\t\t\t\t\t\t                                    <img decoding=\"async\" src=\"https:\/\/automobsummit.com\/wp-content\/uploads\/2024\/08\/fotos-ponentes-congresos-automob-maritime.-4.png\"\n                                         alt=\"\">\n\t\t\t\t\t\t\t\t                            <\/div>\n                        <\/div>\n                        <!-- col end-->\n                        <div class=\"col-lg-6\">\n                            <div class=\"ts-speaker-popup-content\">\n                                <h3 class=\"ts-title\"><a\n                                            href=\"https:\/\/automobsummit.com\/es\/speaker\/luis-moreno\/\"> Luis Moreno <\/a>\n                                <\/h3>\n                                <span class=\"speakder-designation\"> Director General en CTAG<\/span>\n\t\t\t\t\t\t\t\t                                    <img decoding=\"async\" src=\"\/\/automobsummit.com\/wp-content\/uploads\/2020\/11\/Logo-Centro-tecnologico-Identidad-Corporativa.png\"\n                                         alt=\"\">\n\t\t\t\t\t\t\t\t                                <p>\n\t\t\t\t\t\t\t\t\tEl Centro Tecnol\u00f3gico de Automoci\u00f3n de Galicia, CTAG, ofrece soluciones tecnol\u00f3gicas avanzadas al sector del autom\u00f3vil. Apoya a las industrias del sector en su modernizaci\u00f3n y adaptaci\u00f3n a las nuevas tecnolog\u00edas en sus productos y procesos de fabricaci\u00f3n. Impulsan varios proyectos de conducci\u00f3n aut\u00f3noma como AUTOPILOT, con el que se han hecho pruebas de aparcamiento y conducci\u00f3n aut\u00f3noma en la ciudad de Vigo.                                <\/p>\n                                <div class=\"ts-speakers-social\">\n\t\t\t\t\t\t\t\t\t\t\t\t\t\t\t\t\t\t\t\t\t\t\t\t\t\t\t\t                                <\/div>\n                            <\/div>\n                            <!-- ts-speaker-popup-content end-->\n                        <\/div>\n                        <!-- col end-->\n                    <\/div>\n                    <!-- row end-->\n                <\/div>\n                <!-- popup end-->\n            <\/div>\n            <!-- ts-speaker end  -->\n\t\t\n\n\t\t\t\n\t\t\t\n\t\t\t\n\n\t\t\t\t<\/div>\n\t\t\t\t<\/div>\n\t\t\t\t\t<\/div>\n\t\t<\/div>\n\t\t\t\t\t<\/div>\n\t\t<\/section>\n\t\t\t\t<section class=\"elementor-section elementor-inner-section elementor-element elementor-element-d7a5b4b elementor-section-boxed elementor-section-height-default elementor-section-height-default\" data-id=\"d7a5b4b\" data-element_type=\"section\">\n\t\t\t\t\t\t<div class=\"elementor-container elementor-column-gap-default\">\n\t\t\t\t\t<div class=\"elementor-column elementor-col-25 elementor-inner-column elementor-element elementor-element-d242c2d\" data-id=\"d242c2d\" data-element_type=\"column\">\n\t\t\t<div class=\"elementor-widget-wrap elementor-element-populated\">\n\t\t\t\t\t\t<div class=\"elementor-element elementor-element-dfc3da7 elementor-widget elementor-widget-exhibz-speaker\" data-id=\"dfc3da7\" data-element_type=\"widget\" data-settings=\"{&quot;ekit_we_effect_on&quot;:&quot;none&quot;}\" data-widget_type=\"exhibz-speaker.default\">\n\t\t\t\t<div class=\"elementor-widget-container\">\n\t\t\t\t\t\t            <div class=\"ts-speaker\" style=\"--speaker-color: #25CD44\">\n                <div class=\"speaker-img\">\n\t\t\t\t\t                        <img decoding=\"async\" src=\"https:\/\/automobsummit.com\/wp-content\/uploads\/2024\/07\/ponentes-automob-3.png\"\n                             alt=\"\">\n\t\t\t\t\t                    <a href=\"#popup_dfc3da74095\"\n                       class=\"view-speaker ts-image-popup\" data-effect=\"mfp-zoom-in\">\n                        <i class=\"icon icon-plus\"><\/i>\n                    <\/a>\n                <\/div>\n                <div class=\"ts-speaker-info\">\n                    <h3 class=\"ts-title\">\n                        <a href=\"https:\/\/automobsummit.com\/speaker\/sergio-jeronimo-miranda\/\"> Sergio Jer\u00f3nimo Miranda <\/a>\n                    <\/h3>\n                    <p>\n\t\t\t\t\t\tExperto en electromovilidad en MAN Truck &amp; Bus Iberia                    <\/p>\n                <\/div>\n                <!--- speaker info end -->\n                <!-- popup start-->\n                <div id=\"popup_dfc3da74095\"\n                     class=\"container ts-speaker-popup mfp-hide\">\n                    <div class=\"row\">\n                        <div class=\"col-lg-6\">\n                            <div class=\"ts-speaker-popup-img\">\n\t\t\t\t\t\t\t\t                                    <img decoding=\"async\" src=\"https:\/\/automobsummit.com\/wp-content\/uploads\/2024\/07\/ponentes-automob-3.png\"\n                                         alt=\"\">\n\t\t\t\t\t\t\t\t                            <\/div>\n                        <\/div>\n                        <!-- col end-->\n                        <div class=\"col-lg-6\">\n                            <div class=\"ts-speaker-popup-content\">\n                                <h3 class=\"ts-title\"><a\n                                            href=\"https:\/\/automobsummit.com\/speaker\/sergio-jeronimo-miranda\/\"> Sergio Jer\u00f3nimo Miranda <\/a>\n                                <\/h3>\n                                <span class=\"speakder-designation\"> Experto en electromovilidad en MAN Truck &amp; Bus Iberia<\/span>\n\t\t\t\t\t\t\t\t                                    <img decoding=\"async\" src=\"https:\/\/automobsummit.com\/wp-content\/uploads\/2024\/07\/reforma-integral-en-las-oficinas-de-man-truck-bus-iberia.png\"\n                                         alt=\"\">\n\t\t\t\t\t\t\t\t                                <p>\n\t\t\t\t\t\t\t\t\tExperto en eMobility de MAN Truck &amp; Bus Iberia, ingeniero mec\u00e1nico por la Universidad Polit\u00e9cnica de Madrid y Executive MBA por EAE Business School, con 3 a\u00f1os de experiencia en el sector de la electromovilidad de veh\u00edculos industriales, as\u00ed como en servicios asociados y su ecosistema.                                <\/p>\n                                <div class=\"ts-speakers-social\">\n\t\t\t\t\t\t\t\t\t\t\t\t\t\t\t\t\t\t\t\t\t\t\t\t\t\t\t\t                                <\/div>\n                            <\/div>\n                            <!-- ts-speaker-popup-content end-->\n                        <\/div>\n                        <!-- col end-->\n                    <\/div>\n                    <!-- row end-->\n                <\/div>\n                <!-- popup end-->\n            <\/div>\n            <!-- ts-speaker end  -->\n\t\t\n\n\t\t\t\n\t\t\t\n\t\t\t\n\n\t\t\t\t<\/div>\n\t\t\t\t<\/div>\n\t\t\t\t\t<\/div>\n\t\t<\/div>\n\t\t\t\t<div class=\"elementor-column elementor-col-25 elementor-inner-column elementor-element elementor-element-ac38b71\" data-id=\"ac38b71\" data-element_type=\"column\">\n\t\t\t<div class=\"elementor-widget-wrap elementor-element-populated\">\n\t\t\t\t\t\t<div class=\"elementor-element elementor-element-0f70ae8 elementor-widget elementor-widget-exhibz-speaker\" data-id=\"0f70ae8\" data-element_type=\"widget\" data-settings=\"{&quot;ekit_we_effect_on&quot;:&quot;none&quot;}\" data-widget_type=\"exhibz-speaker.default\">\n\t\t\t\t<div class=\"elementor-widget-container\">\n\t\t\t\t\t\t            <div class=\"ts-speaker\" style=\"--speaker-color: #25CD44\">\n                <div class=\"speaker-img\">\n\t\t\t\t\t                        <img decoding=\"async\" src=\"https:\/\/automobsummit.com\/wp-content\/uploads\/2024\/09\/camilo-gomez.png\"\n                             alt=\"\">\n\t\t\t\t\t                    <a href=\"#popup_0f70ae84111\"\n                       class=\"view-speaker ts-image-popup\" data-effect=\"mfp-zoom-in\">\n                        <i class=\"icon icon-plus\"><\/i>\n                    <\/a>\n                <\/div>\n                <div class=\"ts-speaker-info\">\n                    <h3 class=\"ts-title\">\n                        <a href=\"https:\/\/automobsummit.com\/es\/speaker\/camilo-gomez\/\"> Camilo G\u00f3mez <\/a>\n                    <\/h3>\n                    <p>\n\t\t\t\t\t\tResponsable de Industrializaci\u00f3n de Nuevos Productos y Procesos en GKN Automotive                    <\/p>\n                <\/div>\n                <!--- speaker info end -->\n                <!-- popup start-->\n                <div id=\"popup_0f70ae84111\"\n                     class=\"container ts-speaker-popup mfp-hide\">\n                    <div class=\"row\">\n                        <div class=\"col-lg-6\">\n                            <div class=\"ts-speaker-popup-img\">\n\t\t\t\t\t\t\t\t                                    <img decoding=\"async\" src=\"https:\/\/automobsummit.com\/wp-content\/uploads\/2024\/09\/camilo-gomez.png\"\n                                         alt=\"\">\n\t\t\t\t\t\t\t\t                            <\/div>\n                        <\/div>\n                        <!-- col end-->\n                        <div class=\"col-lg-6\">\n                            <div class=\"ts-speaker-popup-content\">\n                                <h3 class=\"ts-title\"><a\n                                            href=\"https:\/\/automobsummit.com\/es\/speaker\/camilo-gomez\/\"> Camilo G\u00f3mez <\/a>\n                                <\/h3>\n                                <span class=\"speakder-designation\"> Responsable de Industrializaci\u00f3n de Nuevos Productos y Procesos en GKN Automotive<\/span>\n\t\t\t\t\t\t\t\t                                    <img decoding=\"async\" src=\"https:\/\/automobsummit.com\/wp-content\/uploads\/2024\/07\/GKN-Automotive-Logo-2021-CMYK-Master.jpg\"\n                                         alt=\"\">\n\t\t\t\t\t\t\t\t                                <p>\n\t\t\t\t\t\t\t\t\t<h2><strong>Experiencia profesional<\/strong><\/h2>\r\n<strong>\u00a02004 -\u00a0 GKN Automotive Vigo (Spain).<\/strong>\r\n<ul>\r\n \t<li>Cargo:\u00a0\u00a0\u00a0\u00a0\u00a0\u00a0 Responsable de Industrializaci\u00f3n de Nuevos Procesos y Productos.<\/li>\r\n \t<li>Funci\u00f3n:\u00a0\u00a0\u00a0\u00a0\u00a0 Responsable de la implantaci\u00f3n de nuevos procesos de fabricaci\u00f3n y de la industrializaci\u00f3n de nuevos productos.<\/li>\r\n<\/ul>\r\n<strong>2001-2023\u00a0 GKN Driveline Vigo (Spain).<\/strong>\r\n<ul>\r\n \t<li>Cargo:\u00a0\u00a0\u00a0\u00a0\u00a0\u00a0 Director Ingenier\u00eda de Fabricaci\u00f3n.<\/li>\r\n \t<li>Funci\u00f3n:\u00a0\u00a0\u00a0\u00a0\u00a0 Responsable de procesos de fabricaci\u00f3n. Mejora continua y optimizaci\u00f3n de los procesos de fabricaci\u00f3n y montaje. Responsable del lanzamiento de nuevas aplicaciones del producto.<\/li>\r\n<\/ul>\r\n<strong>1997-2001\u00a0 GKN Driveline Zumaya (Spain).<\/strong>\r\n<ul>\r\n \t<li>Cargo:\u00a0\u00a0\u00a0\u00a0\u00a0\u00a0 Director de Ingenier\u00eda de Fabricaci\u00f3n.<\/li>\r\n \t<li>Funci\u00f3n:\u00a0\u00a0\u00a0\u00a0\u00a0 Responsable de la implantaci\u00f3n de nuevos procesos de fabricaci\u00f3n. Mejora continua y optimizaci\u00f3n de los procesos de fabricaci\u00f3n y montaje. Responsable de la industrializaci\u00f3n de nuevos productos.<\/li>\r\n<\/ul>\r\n<strong>1995-1997\u00a0 GKN Driveline Vigo (Spain).<\/strong>\r\n<ul>\r\n \t<li>Cargo:\u00a0\u00a0\u00a0\u00a0\u00a0\u00a0 Responsable de Ingenier\u00eda de Fabricaci\u00f3n de Juntas Homocin\u00e9ticas.<\/li>\r\n \t<li>Funci\u00f3n:\u00a0\u00a0\u00a0\u00a0\u00a0 Responsable de mejora de procesos de fabricaci\u00f3n de juntas homocin\u00e9ticas.<\/li>\r\n \t<li>Responsable de industrializaci\u00f3n de nuevas aplicaciones de juntas fijas.<\/li>\r\n<\/ul>\r\n<strong>1994-1995\u00a0 GKN Driveline Auburn Hills (USA).<\/strong>\r\n<ul>\r\n \t<li>Cargo:\u00a0\u00a0\u00a0\u00a0\u00a0\u00a0 Ingeniero residente en Chrysler (Detroit, USA).<\/li>\r\n \t<li>Funci\u00f3n:\u00a0\u00a0\u00a0\u00a0\u00a0 Responsable del lanzamiento del Chrysler Voyager a\u00f1o modelo 95, para productos GKN (transmisiones laterales y longitudinales).<\/li>\r\n<\/ul>\r\n<strong>1990-1994\u00a0 GKN Driveline Vigo (Spain).<\/strong>\r\n<ul>\r\n \t<li>Cargo:\u00a0\u00a0\u00a0\u00a0\u00a0\u00a0 Ingeniero de procesos<\/li>\r\n \t<li>Funci\u00f3n:\u00a0\u00a0\u00a0\u00a0\u00a0 Responsable de procesos de distintos componentes de juntas homocin\u00e9ticas.<\/li>\r\n<\/ul>\r\n&nbsp;\r\n<h2><strong>Formaci\u00f3n acad\u00e9mica<\/strong><\/h2>\r\n<strong>1987-1990\u00a0 Ingeniero Industrial. Intensificaci\u00f3n M\u00e1quinas.<\/strong>\r\n<ul>\r\n \t<li>ESII Gij\u00f3n.<\/li>\r\n \t<li>Convalidaci\u00f3n del t\u00edtulo acad\u00e9mico de Ingeniero Mec\u00e1nico (USB-Caracas, Venezuela).<\/li>\r\n \t<li>Realizaci\u00f3n de los cursos monogr\u00e1ficos de la titulaci\u00f3n acad\u00e9mica de Doctor Ingeniero.<\/li>\r\n<\/ul>\r\n&nbsp;\r\n\r\n&nbsp;\r\n\r\n&nbsp;\r\n<h1>1999-2001\u00a0 Ingeniero Mec\u00e1nico<\/h1>\r\nUniversidad Sim\u00f3n Bol\u00edvar. Caracas, Venezuela. T\u00edtulo de Ingeniero Mec\u00e1nico.                                <\/p>\n                                <div class=\"ts-speakers-social\">\n\t\t\t\t\t\t\t\t\t\t\t\t\t\t\t\t\t\t\t\t\t\t\t\t\t\t\t\t                                <\/div>\n                            <\/div>\n                            <!-- ts-speaker-popup-content end-->\n                        <\/div>\n                        <!-- col end-->\n                    <\/div>\n                    <!-- row end-->\n                <\/div>\n                <!-- popup end-->\n            <\/div>\n            <!-- ts-speaker end  -->\n\t\t\n\n\t\t\t\n\t\t\t\n\t\t\t\n\n\t\t\t\t<\/div>\n\t\t\t\t<\/div>\n\t\t\t\t\t<\/div>\n\t\t<\/div>\n\t\t\t\t<div class=\"elementor-column elementor-col-25 elementor-inner-column elementor-element elementor-element-c486ff6\" data-id=\"c486ff6\" data-element_type=\"column\">\n\t\t\t<div class=\"elementor-widget-wrap elementor-element-populated\">\n\t\t\t\t\t\t<div class=\"elementor-element elementor-element-54a0a14 elementor-widget elementor-widget-exhibz-speaker\" data-id=\"54a0a14\" data-element_type=\"widget\" data-settings=\"{&quot;ekit_we_effect_on&quot;:&quot;none&quot;}\" data-widget_type=\"exhibz-speaker.default\">\n\t\t\t\t<div class=\"elementor-widget-container\">\n\t\t\t\t\t\t            <div class=\"ts-speaker\" style=\"--speaker-color: #25CD44\">\n                <div class=\"speaker-img\">\n\t\t\t\t\t                        <img decoding=\"async\" src=\"https:\/\/automobsummit.com\/wp-content\/uploads\/2024\/08\/fotos-ponentes-congresos-automob-maritime.-1.png\"\n                             alt=\"\">\n\t\t\t\t\t                    <a href=\"#popup_54a0a144467\"\n                       class=\"view-speaker ts-image-popup\" data-effect=\"mfp-zoom-in\">\n                        <i class=\"icon icon-plus\"><\/i>\n                    <\/a>\n                <\/div>\n                <div class=\"ts-speaker-info\">\n                    <h3 class=\"ts-title\">\n                        <a href=\"https:\/\/automobsummit.com\/es\/speaker\/fernando-royo\/\"> Fernando Royo <\/a>\n                    <\/h3>\n                    <p>\n\t\t\t\t\t\tDirector de Planta Gestamp Vigo                    <\/p>\n                <\/div>\n                <!--- speaker info end -->\n                <!-- popup start-->\n                <div id=\"popup_54a0a144467\"\n                     class=\"container ts-speaker-popup mfp-hide\">\n                    <div class=\"row\">\n                        <div class=\"col-lg-6\">\n                            <div class=\"ts-speaker-popup-img\">\n\t\t\t\t\t\t\t\t                                    <img decoding=\"async\" src=\"https:\/\/automobsummit.com\/wp-content\/uploads\/2024\/08\/fotos-ponentes-congresos-automob-maritime.-1.png\"\n                                         alt=\"\">\n\t\t\t\t\t\t\t\t                            <\/div>\n                        <\/div>\n                        <!-- col end-->\n                        <div class=\"col-lg-6\">\n                            <div class=\"ts-speaker-popup-content\">\n                                <h3 class=\"ts-title\"><a\n                                            href=\"https:\/\/automobsummit.com\/es\/speaker\/fernando-royo\/\"> Fernando Royo <\/a>\n                                <\/h3>\n                                <span class=\"speakder-designation\"> Director de Planta Gestamp Vigo<\/span>\n\t\t\t\t\t\t\t\t                                    <img decoding=\"async\" src=\"https:\/\/automobsummit.com\/wp-content\/uploads\/2024\/08\/gestamp.jpg\"\n                                         alt=\"\">\n\t\t\t\t\t\t\t\t                                <p>\n\t\t\t\t\t\t\t\t\tEn 2010 entr\u00f3 en Gestamp e inici\u00f3 su carrera profesional dentro de la multinacional de multinacional de componentes de automoci\u00f3n. Es el actual Director de Planta de Gestamp Vigo.\r\n\r\nFernando Royo inici\u00f3 su carrera profesional en General Motors en 2005. En 2010 entr\u00f3 en Gestamp como Asistente de Presidencia. Despu\u00e9s de m\u00e1s de 6 a\u00f1os, se convirti\u00f3 en el Controlling de Ventas y Director de Marketing. Y en 2016, comenz\u00f3 su actual puesto como Plant Manager de una de las plantas de producci\u00f3n de la empresa de componentes de automoci\u00f3n de automoci\u00f3n en Espa\u00f1a: Gestamp Vigo.\r\n\r\nRoyo es ingeniero industrial por la Universidad de Zaragoza. Tambi\u00e9n estudi\u00f3 Administraci\u00f3nAdministraci\u00f3n y Direcci\u00f3n de Empresas (UNED). Adem\u00e1s, ha cursado el CLEPA Global Management Programme, estudi\u00f3 en la Harvard Business School (MITSUI -- HBS Global Management Academy) y en la Universidad IE (Transformative Leadership Executive Programme).                                <\/p>\n                                <div class=\"ts-speakers-social\">\n\t\t\t\t\t\t\t\t\t\t\t\t\t\t\t\t\t\t\t\t\t\t\t\t\t\t\t\t                                <\/div>\n                            <\/div>\n                            <!-- ts-speaker-popup-content end-->\n                        <\/div>\n                        <!-- col end-->\n                    <\/div>\n                    <!-- row end-->\n                <\/div>\n                <!-- popup end-->\n            <\/div>\n            <!-- ts-speaker end  -->\n\t\t\n\n\t\t\t\n\t\t\t\n\t\t\t\n\n\t\t\t\t<\/div>\n\t\t\t\t<\/div>\n\t\t\t\t\t<\/div>\n\t\t<\/div>\n\t\t\t\t<div class=\"elementor-column elementor-col-25 elementor-inner-column elementor-element elementor-element-9290be9\" data-id=\"9290be9\" data-element_type=\"column\">\n\t\t\t<div class=\"elementor-widget-wrap elementor-element-populated\">\n\t\t\t\t\t\t<div class=\"elementor-element elementor-element-4f7f416 elementor-widget elementor-widget-exhibz-speaker\" data-id=\"4f7f416\" data-element_type=\"widget\" data-settings=\"{&quot;ekit_we_effect_on&quot;:&quot;none&quot;}\" data-widget_type=\"exhibz-speaker.default\">\n\t\t\t\t<div class=\"elementor-widget-container\">\n\t\t\t\t\t\t            <div class=\"ts-speaker\" style=\"--speaker-color: #25CD44\">\n                <div class=\"speaker-img\">\n\t\t\t\t\t                        <img decoding=\"async\" src=\"https:\/\/automobsummit.com\/wp-content\/uploads\/2024\/07\/Diseno-sin-titulo-18.png\"\n                             alt=\"\">\n\t\t\t\t\t                    <a href=\"#popup_4f7f4164042\"\n                       class=\"view-speaker ts-image-popup\" data-effect=\"mfp-zoom-in\">\n                        <i class=\"icon icon-plus\"><\/i>\n                    <\/a>\n                <\/div>\n                <div class=\"ts-speaker-info\">\n                    <h3 class=\"ts-title\">\n                        <a href=\"https:\/\/automobsummit.com\/es\/speaker\/eloy-perez\/\"> Eloy P\u00e9rez <\/a>\n                    <\/h3>\n                    <p>\n\t\t\t\t\t\tCEO de UNVI                    <\/p>\n                <\/div>\n                <!--- speaker info end -->\n                <!-- popup start-->\n                <div id=\"popup_4f7f4164042\"\n                     class=\"container ts-speaker-popup mfp-hide\">\n                    <div class=\"row\">\n                        <div class=\"col-lg-6\">\n                            <div class=\"ts-speaker-popup-img\">\n\t\t\t\t\t\t\t\t                                    <img decoding=\"async\" src=\"https:\/\/automobsummit.com\/wp-content\/uploads\/2024\/07\/Diseno-sin-titulo-18.png\"\n                                         alt=\"\">\n\t\t\t\t\t\t\t\t                            <\/div>\n                        <\/div>\n                        <!-- col end-->\n                        <div class=\"col-lg-6\">\n                            <div class=\"ts-speaker-popup-content\">\n                                <h3 class=\"ts-title\"><a\n                                            href=\"https:\/\/automobsummit.com\/es\/speaker\/eloy-perez\/\"> Eloy P\u00e9rez <\/a>\n                                <\/h3>\n                                <span class=\"speakder-designation\"> CEO de UNVI<\/span>\n\t\t\t\t\t\t\t\t                                    <img decoding=\"async\" src=\"https:\/\/automobsummit.com\/wp-content\/uploads\/2024\/07\/logo.png\"\n                                         alt=\"\">\n\t\t\t\t\t\t\t\t                                <p>\n\t\t\t\t\t\t\t\t\t<ul>\r\n \t<li>Ingeniero industrial ICA\u00cd,<\/li>\r\n \t<li>Presidente de UNVI.<\/li>\r\n<\/ul>                                <\/p>\n                                <div class=\"ts-speakers-social\">\n\t\t\t\t\t\t\t\t\t\t\t\t\t\t\t\t\t\t\t\t\t\t\t\t\t\t\t\t                                <\/div>\n                            <\/div>\n                            <!-- ts-speaker-popup-content end-->\n                        <\/div>\n                        <!-- col end-->\n                    <\/div>\n                    <!-- row end-->\n                <\/div>\n                <!-- popup end-->\n            <\/div>\n            <!-- ts-speaker end  -->\n\t\t\n\n\t\t\t\n\t\t\t\n\t\t\t\n\n\t\t\t\t<\/div>\n\t\t\t\t<\/div>\n\t\t\t\t\t<\/div>\n\t\t<\/div>\n\t\t\t\t\t<\/div>\n\t\t<\/section>\n\t\t\t\t<section class=\"elementor-section elementor-inner-section elementor-element elementor-element-9f17fef elementor-section-boxed elementor-section-height-default elementor-section-height-default\" data-id=\"9f17fef\" data-element_type=\"section\">\n\t\t\t\t\t\t<div class=\"elementor-container elementor-column-gap-default\">\n\t\t\t\t\t<div class=\"elementor-column elementor-col-25 elementor-inner-column elementor-element elementor-element-26342a1\" data-id=\"26342a1\" data-element_type=\"column\">\n\t\t\t<div class=\"elementor-widget-wrap elementor-element-populated\">\n\t\t\t\t\t\t<div class=\"elementor-element elementor-element-c68f268 elementor-widget elementor-widget-exhibz-speaker\" data-id=\"c68f268\" data-element_type=\"widget\" data-settings=\"{&quot;ekit_we_effect_on&quot;:&quot;none&quot;}\" data-widget_type=\"exhibz-speaker.default\">\n\t\t\t\t<div class=\"elementor-widget-container\">\n\t\t\t\t\t\t            <div class=\"ts-speaker\" style=\"--speaker-color: #25CD44\">\n                <div class=\"speaker-img\">\n\t\t\t\t\t                        <img decoding=\"async\" src=\"https:\/\/automobsummit.com\/wp-content\/uploads\/2024\/07\/ponentes-automob-2.png\"\n                             alt=\"\">\n\t\t\t\t\t                    <a href=\"#popup_c68f2684084\"\n                       class=\"view-speaker ts-image-popup\" data-effect=\"mfp-zoom-in\">\n                        <i class=\"icon icon-plus\"><\/i>\n                    <\/a>\n                <\/div>\n                <div class=\"ts-speaker-info\">\n                    <h3 class=\"ts-title\">\n                        <a href=\"https:\/\/automobsummit.com\/es\/speaker\/javier-dorado\/\"> Javier Dorado <\/a>\n                    <\/h3>\n                    <p>\n\t\t\t\t\t\tDirector de Asuntos P\u00fablicos en Cabify                    <\/p>\n                <\/div>\n                <!--- speaker info end -->\n                <!-- popup start-->\n                <div id=\"popup_c68f2684084\"\n                     class=\"container ts-speaker-popup mfp-hide\">\n                    <div class=\"row\">\n                        <div class=\"col-lg-6\">\n                            <div class=\"ts-speaker-popup-img\">\n\t\t\t\t\t\t\t\t                                    <img decoding=\"async\" src=\"https:\/\/automobsummit.com\/wp-content\/uploads\/2024\/07\/ponentes-automob-2.png\"\n                                         alt=\"\">\n\t\t\t\t\t\t\t\t                            <\/div>\n                        <\/div>\n                        <!-- col end-->\n                        <div class=\"col-lg-6\">\n                            <div class=\"ts-speaker-popup-content\">\n                                <h3 class=\"ts-title\"><a\n                                            href=\"https:\/\/automobsummit.com\/es\/speaker\/javier-dorado\/\"> Javier Dorado <\/a>\n                                <\/h3>\n                                <span class=\"speakder-designation\"> Director de Asuntos P\u00fablicos en Cabify<\/span>\n\t\t\t\t\t\t\t\t                                    <img decoding=\"async\" src=\"https:\/\/automobsummit.com\/wp-content\/uploads\/2024\/07\/Cabify_2017_1.webp\"\n                                         alt=\"\">\n\t\t\t\t\t\t\t\t                                <p>\n\t\t\t\t\t\t\t\t\tCon m\u00e1s de 10 a\u00f1os de experiencia en pol\u00edticas p\u00fablicas, asuntos gubernamentales y relaciones internacionales, le apasiona hacer de las ciudades mejores lugares para vivir. Responsable de Asuntos P\u00fablicos de Cabify, dirige las relaciones institucionales y los esfuerzos de promoci\u00f3n del primer unicornio espa\u00f1ol y una plataforma l\u00edder en multimovilidad que opera en ocho mercados internacionales.                                <\/p>\n                                <div class=\"ts-speakers-social\">\n\t\t\t\t\t\t\t\t\t\t\t\t\t\t\t\t\t\t\t\t\t\t\t\t\t\t\t\t                                <\/div>\n                            <\/div>\n                            <!-- ts-speaker-popup-content end-->\n                        <\/div>\n                        <!-- col end-->\n                    <\/div>\n                    <!-- row end-->\n                <\/div>\n                <!-- popup end-->\n            <\/div>\n            <!-- ts-speaker end  -->\n\t\t\n\n\t\t\t\n\t\t\t\n\t\t\t\n\n\t\t\t\t<\/div>\n\t\t\t\t<\/div>\n\t\t\t\t\t<\/div>\n\t\t<\/div>\n\t\t\t\t<div class=\"elementor-column elementor-col-25 elementor-inner-column elementor-element elementor-element-b7989e5\" data-id=\"b7989e5\" data-element_type=\"column\">\n\t\t\t<div class=\"elementor-widget-wrap elementor-element-populated\">\n\t\t\t\t\t\t<div class=\"elementor-element elementor-element-5f33960 elementor-widget elementor-widget-exhibz-speaker\" data-id=\"5f33960\" data-element_type=\"widget\" data-settings=\"{&quot;ekit_we_effect_on&quot;:&quot;none&quot;}\" data-widget_type=\"exhibz-speaker.default\">\n\t\t\t\t<div class=\"elementor-widget-container\">\n\t\t\t\t\t\t            <div class=\"ts-speaker\" style=\"--speaker-color: #25CD44\">\n                <div class=\"speaker-img\">\n\t\t\t\t\t                        <img decoding=\"async\" src=\"https:\/\/automobsummit.com\/wp-content\/uploads\/2024\/07\/fotos-ponentes-congresos-automob-maritime.-2.png\"\n                             alt=\"\">\n\t\t\t\t\t                    <a href=\"#popup_5f339604345\"\n                       class=\"view-speaker ts-image-popup\" data-effect=\"mfp-zoom-in\">\n                        <i class=\"icon icon-plus\"><\/i>\n                    <\/a>\n                <\/div>\n                <div class=\"ts-speaker-info\">\n                    <h3 class=\"ts-title\">\n                        <a href=\"https:\/\/automobsummit.com\/es\/speaker\/javier-cervera\/\"> Javier Cervera <\/a>\n                    <\/h3>\n                    <p>\n\t\t\t\t\t\tResponsable Transici\u00f3n Energ\u00e9tica, Bale\u00e0ria                    <\/p>\n                <\/div>\n                <!--- speaker info end -->\n                <!-- popup start-->\n                <div id=\"popup_5f339604345\"\n                     class=\"container ts-speaker-popup mfp-hide\">\n                    <div class=\"row\">\n                        <div class=\"col-lg-6\">\n                            <div class=\"ts-speaker-popup-img\">\n\t\t\t\t\t\t\t\t                                    <img decoding=\"async\" src=\"https:\/\/automobsummit.com\/wp-content\/uploads\/2024\/07\/fotos-ponentes-congresos-automob-maritime.-2.png\"\n                                         alt=\"\">\n\t\t\t\t\t\t\t\t                            <\/div>\n                        <\/div>\n                        <!-- col end-->\n                        <div class=\"col-lg-6\">\n                            <div class=\"ts-speaker-popup-content\">\n                                <h3 class=\"ts-title\"><a\n                                            href=\"https:\/\/automobsummit.com\/es\/speaker\/javier-cervera\/\"> Javier Cervera <\/a>\n                                <\/h3>\n                                <span class=\"speakder-designation\"> Responsable Transici\u00f3n Energ\u00e9tica, Bale\u00e0ria<\/span>\n\t\t\t\t\t\t\t\t                                    <img decoding=\"async\" src=\"https:\/\/automobsummit.com\/wp-content\/uploads\/2024\/07\/LOGO-BALEARIA.png\"\n                                         alt=\"\">\n\t\t\t\t\t\t\t\t                                <p>\n\t\t\t\t\t\t\t\t\t<ul>\r\n \t<li>Es Ingeniero por la Universidad Polit\u00e9cnica de Valencia.<\/li>\r\n \t<li>En 2005 se incorpora al sector de la energ\u00eda de la mano de Uni\u00f3n Fenosa, donde desarrolla durante 14 a\u00f1os labores en el mundo de la utility en \u00e1reas de direcci\u00f3n comercial y desarrollo de negocio.<\/li>\r\n \t<li>En 2019 cambia del sector de la energ\u00eda al sector mar\u00edtimo, donde se incorpora a la naviera Bale\u00e0ria, liderando las acciones de transici\u00f3n energ\u00e9tica de Compa\u00f1\u00eda, tanto en el desarrollo de estrategia de GNL en la compa\u00f1\u00eda como en la introducci\u00f3n de los nuevos biocombustibles.<\/li>\r\n \t<li>Desde 2014 pertenece a la junta directiva de la Association of Energy Engineers, siendo en la actualidad el Presidente de la Asociaci\u00f3n en Espa\u00f1a.<\/li>\r\n \t<li>Desde 2023 es Presidente de la Alianza Net Zero Mar, para la descarbonizaci\u00f3n del sector mar\u00edtimo-portuario nacional.<\/li>\r\n<\/ul>                                <\/p>\n                                <div class=\"ts-speakers-social\">\n\t\t\t\t\t\t\t\t\t\t\t\t\t\t\t\t\t\t\t\t\t\t\t\t\t\t\t\t                                <\/div>\n                            <\/div>\n                            <!-- ts-speaker-popup-content end-->\n                        <\/div>\n                        <!-- col end-->\n                    <\/div>\n                    <!-- row end-->\n                <\/div>\n                <!-- popup end-->\n            <\/div>\n            <!-- ts-speaker end  -->\n\t\t\n\n\t\t\t\n\t\t\t\n\t\t\t\n\n\t\t\t\t<\/div>\n\t\t\t\t<\/div>\n\t\t\t\t\t<\/div>\n\t\t<\/div>\n\t\t\t\t<div class=\"elementor-column elementor-col-25 elementor-inner-column elementor-element elementor-element-3d1d1a3\" data-id=\"3d1d1a3\" data-element_type=\"column\">\n\t\t\t<div class=\"elementor-widget-wrap elementor-element-populated\">\n\t\t\t\t\t\t<div class=\"elementor-element elementor-element-1f026bb elementor-widget elementor-widget-exhibz-speaker\" data-id=\"1f026bb\" data-element_type=\"widget\" data-settings=\"{&quot;ekit_we_effect_on&quot;:&quot;none&quot;}\" data-widget_type=\"exhibz-speaker.default\">\n\t\t\t\t<div class=\"elementor-widget-container\">\n\t\t\t\t\t\t            <div class=\"ts-speaker\" style=\"--speaker-color: #25CD44\">\n                <div class=\"speaker-img\">\n\t\t\t\t\t                        <img decoding=\"async\" src=\"https:\/\/automobsummit.com\/wp-content\/uploads\/2024\/09\/fotos-ponentes-congresos-automob-maritime.-11.png\"\n                             alt=\"\">\n\t\t\t\t\t                    <a href=\"#popup_1f026bb4715\"\n                       class=\"view-speaker ts-image-popup\" data-effect=\"mfp-zoom-in\">\n                        <i class=\"icon icon-plus\"><\/i>\n                    <\/a>\n                <\/div>\n                <div class=\"ts-speaker-info\">\n                    <h3 class=\"ts-title\">\n                        <a href=\"https:\/\/automobsummit.com\/es\/speaker\/jorge-castro\/\"> Jorge Castro <\/a>\n                    <\/h3>\n                    <p>\n\t\t\t\t\t\tVicepresidente de la Asociaci\u00f3n de Fabricantes de Autom\u00f3viles (AFIA)                    <\/p>\n                <\/div>\n                <!--- speaker info end -->\n                <!-- popup start-->\n                <div id=\"popup_1f026bb4715\"\n                     class=\"container ts-speaker-popup mfp-hide\">\n                    <div class=\"row\">\n                        <div class=\"col-lg-6\">\n                            <div class=\"ts-speaker-popup-img\">\n\t\t\t\t\t\t\t\t                                    <img decoding=\"async\" src=\"https:\/\/automobsummit.com\/wp-content\/uploads\/2024\/09\/fotos-ponentes-congresos-automob-maritime.-11.png\"\n                                         alt=\"\">\n\t\t\t\t\t\t\t\t                            <\/div>\n                        <\/div>\n                        <!-- col end-->\n                        <div class=\"col-lg-6\">\n                            <div class=\"ts-speaker-popup-content\">\n                                <h3 class=\"ts-title\"><a\n                                            href=\"https:\/\/automobsummit.com\/es\/speaker\/jorge-castro\/\"> Jorge Castro <\/a>\n                                <\/h3>\n                                <span class=\"speakder-designation\"> Vicepresidente de la Asociaci\u00f3n de Fabricantes de Autom\u00f3viles (AFIA)<\/span>\n\t\t\t\t\t\t\t\t                                    <img decoding=\"async\" src=\"https:\/\/automobsummit.com\/wp-content\/uploads\/2024\/07\/afia_logo-1.png\"\n                                         alt=\"\">\n\t\t\t\t\t\t\t\t                                <p>\n\t\t\t\t\t\t\t\t\t                                <\/p>\n                                <div class=\"ts-speakers-social\">\n\t\t\t\t\t\t\t\t\t\t\t\t\t\t\t\t\t\t\t\t\t\t\t\t\t\t\t\t                                <\/div>\n                            <\/div>\n                            <!-- ts-speaker-popup-content end-->\n                        <\/div>\n                        <!-- col end-->\n                    <\/div>\n                    <!-- row end-->\n                <\/div>\n                <!-- popup end-->\n            <\/div>\n            <!-- ts-speaker end  -->\n\t\t\n\n\t\t\t\n\t\t\t\n\t\t\t\n\n\t\t\t\t<\/div>\n\t\t\t\t<\/div>\n\t\t\t\t\t<\/div>\n\t\t<\/div>\n\t\t\t\t<div class=\"elementor-column elementor-col-25 elementor-inner-column elementor-element elementor-element-a38e527\" data-id=\"a38e527\" data-element_type=\"column\">\n\t\t\t<div class=\"elementor-widget-wrap elementor-element-populated\">\n\t\t\t\t\t\t<div class=\"elementor-element elementor-element-2ce28f3 elementor-widget elementor-widget-exhibz-speaker\" data-id=\"2ce28f3\" data-element_type=\"widget\" data-settings=\"{&quot;ekit_we_effect_on&quot;:&quot;none&quot;}\" data-widget_type=\"exhibz-speaker.default\">\n\t\t\t\t<div class=\"elementor-widget-container\">\n\t\t\t\t\t\t            <div class=\"ts-speaker\" style=\"--speaker-color: #25CD44\">\n                <div class=\"speaker-img\">\n\t\t\t\t\t                        <img decoding=\"async\" src=\"https:\/\/automobsummit.com\/wp-content\/uploads\/2024\/07\/jose-evelio.png\"\n                             alt=\"\">\n\t\t\t\t\t                    <a href=\"#popup_2ce28f34227\"\n                       class=\"view-speaker ts-image-popup\" data-effect=\"mfp-zoom-in\">\n                        <i class=\"icon icon-plus\"><\/i>\n                    <\/a>\n                <\/div>\n                <div class=\"ts-speaker-info\">\n                    <h3 class=\"ts-title\">\n                        <a href=\"https:\/\/automobsummit.com\/es\/speaker\/jose-evelio-jimenez\/\"> Jose Evelio Jim\u00e9nez <\/a>\n                    <\/h3>\n                    <p>\n\t\t\t\t\t\tCountry Manager Spain de CT Engineering Group                    <\/p>\n                <\/div>\n                <!--- speaker info end -->\n                <!-- popup start-->\n                <div id=\"popup_2ce28f34227\"\n                     class=\"container ts-speaker-popup mfp-hide\">\n                    <div class=\"row\">\n                        <div class=\"col-lg-6\">\n                            <div class=\"ts-speaker-popup-img\">\n\t\t\t\t\t\t\t\t                                    <img decoding=\"async\" src=\"https:\/\/automobsummit.com\/wp-content\/uploads\/2024\/07\/jose-evelio.png\"\n                                         alt=\"\">\n\t\t\t\t\t\t\t\t                            <\/div>\n                        <\/div>\n                        <!-- col end-->\n                        <div class=\"col-lg-6\">\n                            <div class=\"ts-speaker-popup-content\">\n                                <h3 class=\"ts-title\"><a\n                                            href=\"https:\/\/automobsummit.com\/es\/speaker\/jose-evelio-jimenez\/\"> Jose Evelio Jim\u00e9nez <\/a>\n                                <\/h3>\n                                <span class=\"speakder-designation\"> Country Manager Spain de CT Engineering Group<\/span>\n\t\t\t\t\t\t\t\t                                    <img decoding=\"async\" src=\"https:\/\/automobsummit.com\/wp-content\/uploads\/2024\/07\/ponentes-automob-6.png\"\n                                         alt=\"\">\n\t\t\t\t\t\t\t\t                                <p>\n\t\t\t\t\t\t\t\t\tJos\u00e9 Evelio Jim\u00e9nez es el Country Manager de CT Ingenieros en Espa\u00f1a y cuenta con m\u00e1s de 25 a\u00f1os de experiencia en sectores clave como el aeroespacial, defensa, energ\u00eda, industrial y naval. Su formaci\u00f3n como ingeniero aeron\u00e1utico, combinada con un MBA, le ha permitido asumir funciones operativas, de liderazgo de equipos y de desarrollo de negocio en CT Ingenieros. La empresa es reconocida por ofrecer soluciones avanzadas de ingenier\u00eda a las principales industrias.                                <\/p>\n                                <div class=\"ts-speakers-social\">\n\t\t\t\t\t\t\t\t\t\t\t\t\t\t\t\t\t\t\t\t\t\t\t\t\t\t\t\t                                <\/div>\n                            <\/div>\n                            <!-- ts-speaker-popup-content end-->\n                        <\/div>\n                        <!-- col end-->\n                    <\/div>\n                    <!-- row end-->\n                <\/div>\n                <!-- popup end-->\n            <\/div>\n            <!-- ts-speaker end  -->\n\t\t\n\n\t\t\t\n\t\t\t\n\t\t\t\n\n\t\t\t\t<\/div>\n\t\t\t\t<\/div>\n\t\t\t\t\t<\/div>\n\t\t<\/div>\n\t\t\t\t\t<\/div>\n\t\t<\/section>\n\t\t\t\t<section class=\"elementor-section elementor-inner-section elementor-element elementor-element-8e5450d elementor-section-boxed elementor-section-height-default elementor-section-height-default\" data-id=\"8e5450d\" data-element_type=\"section\">\n\t\t\t\t\t\t<div class=\"elementor-container elementor-column-gap-default\">\n\t\t\t\t\t<div class=\"elementor-column elementor-col-25 elementor-inner-column elementor-element elementor-element-47718a1\" data-id=\"47718a1\" data-element_type=\"column\">\n\t\t\t<div class=\"elementor-widget-wrap elementor-element-populated\">\n\t\t\t\t\t\t<div class=\"elementor-element elementor-element-01fc9f5 elementor-widget elementor-widget-exhibz-speaker\" data-id=\"01fc9f5\" data-element_type=\"widget\" data-settings=\"{&quot;ekit_we_effect_on&quot;:&quot;none&quot;}\" data-widget_type=\"exhibz-speaker.default\">\n\t\t\t\t<div class=\"elementor-widget-container\">\n\t\t\t\t\t\t            <div class=\"ts-speaker\" style=\"--speaker-color: #25CD44\">\n                <div class=\"speaker-img\">\n\t\t\t\t\t                        <img decoding=\"async\" src=\"https:\/\/automobsummit.com\/wp-content\/uploads\/2024\/09\/fotos-ponentes-congresos-automob-maritime.-9.png\"\n                             alt=\"\">\n\t\t\t\t\t                    <a href=\"#popup_01fc9f54628\"\n                       class=\"view-speaker ts-image-popup\" data-effect=\"mfp-zoom-in\">\n                        <i class=\"icon icon-plus\"><\/i>\n                    <\/a>\n                <\/div>\n                <div class=\"ts-speaker-info\">\n                    <h3 class=\"ts-title\">\n                        <a href=\"https:\/\/automobsummit.com\/es\/speaker\/romina-fernandez\/\"> Romina Fern\u00e1ndez <\/a>\n                    <\/h3>\n                    <p>\n\t\t\t\t\t\tBranch Manager Galicia, Suardiaz Group                    <\/p>\n                <\/div>\n                <!--- speaker info end -->\n                <!-- popup start-->\n                <div id=\"popup_01fc9f54628\"\n                     class=\"container ts-speaker-popup mfp-hide\">\n                    <div class=\"row\">\n                        <div class=\"col-lg-6\">\n                            <div class=\"ts-speaker-popup-img\">\n\t\t\t\t\t\t\t\t                                    <img decoding=\"async\" src=\"https:\/\/automobsummit.com\/wp-content\/uploads\/2024\/09\/fotos-ponentes-congresos-automob-maritime.-9.png\"\n                                         alt=\"\">\n\t\t\t\t\t\t\t\t                            <\/div>\n                        <\/div>\n                        <!-- col end-->\n                        <div class=\"col-lg-6\">\n                            <div class=\"ts-speaker-popup-content\">\n                                <h3 class=\"ts-title\"><a\n                                            href=\"https:\/\/automobsummit.com\/es\/speaker\/romina-fernandez\/\"> Romina Fern\u00e1ndez <\/a>\n                                <\/h3>\n                                <span class=\"speakder-designation\"> Branch Manager Galicia, Suardiaz Group<\/span>\n\t\t\t\t\t\t\t\t                                    <img decoding=\"async\" src=\"https:\/\/automobsummit.com\/wp-content\/uploads\/2024\/07\/original.png\"\n                                         alt=\"\">\n\t\t\t\t\t\t\t\t                                <p>\n\t\t\t\t\t\t\t\t\t                                <\/p>\n                                <div class=\"ts-speakers-social\">\n\t\t\t\t\t\t\t\t\t\t\t\t\t\t\t\t\t\t\t\t\t\t\t\t\t\t\t\t                                <\/div>\n                            <\/div>\n                            <!-- ts-speaker-popup-content end-->\n                        <\/div>\n                        <!-- col end-->\n                    <\/div>\n                    <!-- row end-->\n                <\/div>\n                <!-- popup end-->\n            <\/div>\n            <!-- ts-speaker end  -->\n\t\t\n\n\t\t\t\n\t\t\t\n\t\t\t\n\n\t\t\t\t<\/div>\n\t\t\t\t<\/div>\n\t\t\t\t\t<\/div>\n\t\t<\/div>\n\t\t\t\t<div class=\"elementor-column elementor-col-25 elementor-inner-column elementor-element elementor-element-9a6031b\" data-id=\"9a6031b\" data-element_type=\"column\">\n\t\t\t<div class=\"elementor-widget-wrap elementor-element-populated\">\n\t\t\t\t\t\t<div class=\"elementor-element elementor-element-c1517fb elementor-widget elementor-widget-exhibz-speaker\" data-id=\"c1517fb\" data-element_type=\"widget\" data-settings=\"{&quot;ekit_we_effect_on&quot;:&quot;none&quot;}\" data-widget_type=\"exhibz-speaker.default\">\n\t\t\t\t<div class=\"elementor-widget-container\">\n\t\t\t\t\t\t            <div class=\"ts-speaker\" style=\"--speaker-color: #25cd44\">\n                <div class=\"speaker-img\">\n\t\t\t\t\t                        <img decoding=\"async\" src=\"\/\/automobsummit.com\/wp-content\/uploads\/2020\/11\/Abel-Caballero.png\"\n                             alt=\"\">\n\t\t\t\t\t                    <a href=\"#popup_c1517fb2797\"\n                       class=\"view-speaker ts-image-popup\" data-effect=\"mfp-zoom-in\">\n                        <i class=\"icon icon-plus\"><\/i>\n                    <\/a>\n                <\/div>\n                <div class=\"ts-speaker-info\">\n                    <h3 class=\"ts-title\">\n                        <a href=\"https:\/\/automobsummit.com\/es\/speaker\/abel-caballero\/\"> Abel Caballero <\/a>\n                    <\/h3>\n                    <p>\n\t\t\t\t\t\tAlcalde de Vigo                    <\/p>\n                <\/div>\n                <!--- speaker info end -->\n                <!-- popup start-->\n                <div id=\"popup_c1517fb2797\"\n                     class=\"container ts-speaker-popup mfp-hide\">\n                    <div class=\"row\">\n                        <div class=\"col-lg-6\">\n                            <div class=\"ts-speaker-popup-img\">\n\t\t\t\t\t\t\t\t                                    <img decoding=\"async\" src=\"\/\/automobsummit.com\/wp-content\/uploads\/2020\/11\/Abel-Caballero.png\"\n                                         alt=\"\">\n\t\t\t\t\t\t\t\t                            <\/div>\n                        <\/div>\n                        <!-- col end-->\n                        <div class=\"col-lg-6\">\n                            <div class=\"ts-speaker-popup-content\">\n                                <h3 class=\"ts-title\"><a\n                                            href=\"https:\/\/automobsummit.com\/es\/speaker\/abel-caballero\/\"> Abel Caballero <\/a>\n                                <\/h3>\n                                <span class=\"speakder-designation\"> Alcalde de Vigo<\/span>\n\t\t\t\t\t\t\t\t                                    <img decoding=\"async\" src=\"\/\/automobsummit.com\/wp-content\/uploads\/2020\/11\/logo-concello-de-vigo.png\"\n                                         alt=\"\">\n\t\t\t\t\t\t\t\t                                <p>\n\t\t\t\t\t\t\t\t\t<p>Alcalde de Vigo, ciudad\u00a0cuna de la automoci\u00f3n de Galicia, donde se fabrican muchos de los coches que recorren las calles de medio mundo en la factor\u00eda de PSA Peugeot Citro\u00ebn, la primera que la firma instal\u00f3 en Espa\u00f1a.<\/p>                                <\/p>\n                                <div class=\"ts-speakers-social\">\n\t\t\t\t\t\t\t\t\t\t\t\t\t\t\t\t\t\t\t\t\t\t\t\t\t\t\t\t                                <\/div>\n                            <\/div>\n                            <!-- ts-speaker-popup-content end-->\n                        <\/div>\n                        <!-- col end-->\n                    <\/div>\n                    <!-- row end-->\n                <\/div>\n                <!-- popup end-->\n            <\/div>\n            <!-- ts-speaker end  -->\n\t\t\n\n\t\t\t\n\t\t\t\n\t\t\t\n\n\t\t\t\t<\/div>\n\t\t\t\t<\/div>\n\t\t\t\t\t<\/div>\n\t\t<\/div>\n\t\t\t\t<div class=\"elementor-column elementor-col-25 elementor-inner-column elementor-element elementor-element-e89cb4a\" data-id=\"e89cb4a\" data-element_type=\"column\">\n\t\t\t<div class=\"elementor-widget-wrap elementor-element-populated\">\n\t\t\t\t\t\t<div class=\"elementor-element elementor-element-d66f24f elementor-widget elementor-widget-exhibz-speaker\" data-id=\"d66f24f\" data-element_type=\"widget\" data-settings=\"{&quot;ekit_we_effect_on&quot;:&quot;none&quot;}\" data-widget_type=\"exhibz-speaker.default\">\n\t\t\t\t<div class=\"elementor-widget-container\">\n\t\t\t\t\t\t            <div class=\"ts-speaker\" style=\"--speaker-color: #25CD44\">\n                <div class=\"speaker-img\">\n\t\t\t\t\t                        <img decoding=\"async\" src=\"https:\/\/automobsummit.com\/wp-content\/uploads\/2024\/09\/fotos-ponentes-congresos-automob-maritime.-10.png\"\n                             alt=\"\">\n\t\t\t\t\t                    <a href=\"#popup_d66f24f4644\"\n                       class=\"view-speaker ts-image-popup\" data-effect=\"mfp-zoom-in\">\n                        <i class=\"icon icon-plus\"><\/i>\n                    <\/a>\n                <\/div>\n                <div class=\"ts-speaker-info\">\n                    <h3 class=\"ts-title\">\n                        <a href=\"https:\/\/automobsummit.com\/es\/speaker\/carlos-botana\/\"> Carlos Botana <\/a>\n                    <\/h3>\n                    <p>\n\t\t\t\t\t\tPresidente del Puerto de Vigo                    <\/p>\n                <\/div>\n                <!--- speaker info end -->\n                <!-- popup start-->\n                <div id=\"popup_d66f24f4644\"\n                     class=\"container ts-speaker-popup mfp-hide\">\n                    <div class=\"row\">\n                        <div class=\"col-lg-6\">\n                            <div class=\"ts-speaker-popup-img\">\n\t\t\t\t\t\t\t\t                                    <img decoding=\"async\" src=\"https:\/\/automobsummit.com\/wp-content\/uploads\/2024\/09\/fotos-ponentes-congresos-automob-maritime.-10.png\"\n                                         alt=\"\">\n\t\t\t\t\t\t\t\t                            <\/div>\n                        <\/div>\n                        <!-- col end-->\n                        <div class=\"col-lg-6\">\n                            <div class=\"ts-speaker-popup-content\">\n                                <h3 class=\"ts-title\"><a\n                                            href=\"https:\/\/automobsummit.com\/es\/speaker\/carlos-botana\/\"> Carlos Botana <\/a>\n                                <\/h3>\n                                <span class=\"speakder-designation\"> Presidente del Puerto de Vigo<\/span>\n\t\t\t\t\t\t\t\t                                    <img decoding=\"async\" src=\"https:\/\/automobsummit.com\/wp-content\/uploads\/2024\/09\/logotipo.png\"\n                                         alt=\"\">\n\t\t\t\t\t\t\t\t                                <p>\n\t\t\t\t\t\t\t\t\t                                <\/p>\n                                <div class=\"ts-speakers-social\">\n\t\t\t\t\t\t\t\t\t\t\t\t\t\t\t\t\t\t\t\t\t\t\t\t\t\t\t\t                                <\/div>\n                            <\/div>\n                            <!-- ts-speaker-popup-content end-->\n                        <\/div>\n                        <!-- col end-->\n                    <\/div>\n                    <!-- row end-->\n                <\/div>\n                <!-- popup end-->\n            <\/div>\n            <!-- ts-speaker end  -->\n\t\t\n\n\t\t\t\n\t\t\t\n\t\t\t\n\n\t\t\t\t<\/div>\n\t\t\t\t<\/div>\n\t\t\t\t\t<\/div>\n\t\t<\/div>\n\t\t\t\t<div class=\"elementor-column elementor-col-25 elementor-inner-column elementor-element elementor-element-37354f2\" data-id=\"37354f2\" data-element_type=\"column\">\n\t\t\t<div class=\"elementor-widget-wrap elementor-element-populated\">\n\t\t\t\t\t\t<div class=\"elementor-element elementor-element-7e72611 elementor-widget elementor-widget-exhibz-speaker\" data-id=\"7e72611\" data-element_type=\"widget\" data-settings=\"{&quot;ekit_we_effect_on&quot;:&quot;none&quot;}\" data-widget_type=\"exhibz-speaker.default\">\n\t\t\t\t<div class=\"elementor-widget-container\">\n\t\t\t\t\t\t            <div class=\"ts-speaker\" style=\"--speaker-color: #25cd44\">\n                <div class=\"speaker-img\">\n\t\t\t\t\t                        <img decoding=\"async\" src=\"https:\/\/automobsummit.com\/wp-content\/uploads\/2024\/06\/Diseno-sin-titulo-14.png\"\n                             alt=\"\">\n\t\t\t\t\t                    <a href=\"#popup_7e726113445\"\n                       class=\"view-speaker ts-image-popup\" data-effect=\"mfp-zoom-in\">\n                        <i class=\"icon icon-plus\"><\/i>\n                    <\/a>\n                <\/div>\n                <div class=\"ts-speaker-info\">\n                    <h3 class=\"ts-title\">\n                        <a href=\"https:\/\/automobsummit.com\/speaker\/enrique-mallon\/\"> Enrique Mall\u00f3n <\/a>\n                    <\/h3>\n                    <p>\n\t\t\t\t\t\tSecretario General de Asime                    <\/p>\n                <\/div>\n                <!--- speaker info end -->\n                <!-- popup start-->\n                <div id=\"popup_7e726113445\"\n                     class=\"container ts-speaker-popup mfp-hide\">\n                    <div class=\"row\">\n                        <div class=\"col-lg-6\">\n                            <div class=\"ts-speaker-popup-img\">\n\t\t\t\t\t\t\t\t                                    <img decoding=\"async\" src=\"https:\/\/automobsummit.com\/wp-content\/uploads\/2024\/06\/Diseno-sin-titulo-14.png\"\n                                         alt=\"\">\n\t\t\t\t\t\t\t\t                            <\/div>\n                        <\/div>\n                        <!-- col end-->\n                        <div class=\"col-lg-6\">\n                            <div class=\"ts-speaker-popup-content\">\n                                <h3 class=\"ts-title\"><a\n                                            href=\"https:\/\/automobsummit.com\/speaker\/enrique-mallon\/\"> Enrique Mall\u00f3n <\/a>\n                                <\/h3>\n                                <span class=\"speakder-designation\"> Secretario General de Asime<\/span>\n\t\t\t\t\t\t\t\t                                    <img decoding=\"async\" src=\"https:\/\/automobsummit.com\/wp-content\/uploads\/2024\/07\/Logo-cuadrado-para-web-entidades-patrocinios-5.png\"\n                                         alt=\"\">\n\t\t\t\t\t\t\t\t                                <p>\n\t\t\t\t\t\t\t\t\t                                <\/p>\n                                <div class=\"ts-speakers-social\">\n\t\t\t\t\t\t\t\t\t\t\t\t\t\t\t\t\t\t\t\t\t\t\t\t\t\t\t\t                                <\/div>\n                            <\/div>\n                            <!-- ts-speaker-popup-content end-->\n                        <\/div>\n                        <!-- col end-->\n                    <\/div>\n                    <!-- row end-->\n                <\/div>\n                <!-- popup end-->\n            <\/div>\n            <!-- ts-speaker end  -->\n\t\t\n\n\t\t\t\n\t\t\t\n\t\t\t\n\n\t\t\t\t<\/div>\n\t\t\t\t<\/div>\n\t\t\t\t\t<\/div>\n\t\t<\/div>\n\t\t\t\t\t<\/div>\n\t\t<\/section>\n\t\t\t\t<section class=\"elementor-section elementor-inner-section elementor-element elementor-element-e67d43b elementor-section-boxed elementor-section-height-default elementor-section-height-default\" data-id=\"e67d43b\" data-element_type=\"section\">\n\t\t\t\t\t\t<div class=\"elementor-container elementor-column-gap-default\">\n\t\t\t\t\t<div class=\"elementor-column elementor-col-33 elementor-inner-column elementor-element elementor-element-b59d456\" data-id=\"b59d456\" data-element_type=\"column\">\n\t\t\t<div class=\"elementor-widget-wrap\">\n\t\t\t\t\t\t\t<\/div>\n\t\t<\/div>\n\t\t\t\t<div class=\"elementor-column elementor-col-33 elementor-inner-column elementor-element elementor-element-c41a234\" data-id=\"c41a234\" data-element_type=\"column\">\n\t\t\t<div class=\"elementor-widget-wrap\">\n\t\t\t\t\t\t\t<\/div>\n\t\t<\/div>\n\t\t\t\t<div class=\"elementor-column elementor-col-33 elementor-inner-column elementor-element elementor-element-6556569\" data-id=\"6556569\" data-element_type=\"column\">\n\t\t\t<div class=\"elementor-widget-wrap\">\n\t\t\t\t\t\t\t<\/div>\n\t\t<\/div>\n\t\t\t\t\t<\/div>\n\t\t<\/section>\n\t\t\t\t\t<\/div>\n\t\t<\/div>\n\t\t\t\t\t<\/div>\n\t\t<\/section>\n\t\t\t\t<section class=\"elementor-section elementor-top-section elementor-element elementor-element-b0c990f elementor-section-boxed elementor-section-height-default elementor-section-height-default\" data-id=\"b0c990f\" data-element_type=\"section\">\n\t\t\t\t\t\t<div class=\"elementor-container elementor-column-gap-default\">\n\t\t\t\t\t<div class=\"elementor-column elementor-col-100 elementor-top-column elementor-element elementor-element-30224eb\" data-id=\"30224eb\" data-element_type=\"column\">\n\t\t\t<div class=\"elementor-widget-wrap elementor-element-populated\">\n\t\t\t\t\t\t<div class=\"elementor-element elementor-element-0a0db70 elementor-widget elementor-widget-text-editor\" data-id=\"0a0db70\" data-element_type=\"widget\" data-settings=\"{&quot;ekit_we_effect_on&quot;:&quot;none&quot;}\" data-widget_type=\"text-editor.default\">\n\t\t\t\t<div class=\"elementor-widget-container\">\n\t\t\t\t\t\t\t<h1>PONENTES EDICIONES ANTERIORES<\/h1>\t\t\t\t\t\t<\/div>\n\t\t\t\t<\/div>\n\t\t\t\t<section class=\"elementor-section elementor-inner-section elementor-element elementor-element-32d4330 elementor-section-boxed elementor-section-height-default elementor-section-height-default\" data-id=\"32d4330\" data-element_type=\"section\">\n\t\t\t\t\t\t<div class=\"elementor-container elementor-column-gap-default\">\n\t\t\t\t\t<div class=\"elementor-column elementor-col-25 elementor-inner-column elementor-element elementor-element-ce57a7e\" data-id=\"ce57a7e\" data-element_type=\"column\">\n\t\t\t<div class=\"elementor-widget-wrap elementor-element-populated\">\n\t\t\t\t\t\t<div class=\"elementor-element elementor-element-68bad72 elementor-widget elementor-widget-exhibz-speaker\" data-id=\"68bad72\" data-element_type=\"widget\" data-settings=\"{&quot;ekit_we_effect_on&quot;:&quot;none&quot;}\" data-widget_type=\"exhibz-speaker.default\">\n\t\t\t\t<div class=\"elementor-widget-container\">\n\t\t\t\t\t\t            <div class=\"ts-speaker\" style=\"--speaker-color: #25cd44\">\n                <div class=\"speaker-img\">\n\t\t\t\t\t                        <img decoding=\"async\" src=\"https:\/\/automobsummit.com\/wp-content\/uploads\/2024\/06\/Diseno-sin-titulo-16.png\"\n                             alt=\"\">\n\t\t\t\t\t                    <a href=\"#popup_68bad723451\"\n                       class=\"view-speaker ts-image-popup\" data-effect=\"mfp-zoom-in\">\n                        <i class=\"icon icon-plus\"><\/i>\n                    <\/a>\n                <\/div>\n                <div class=\"ts-speaker-info\">\n                    <h3 class=\"ts-title\">\n                        <a href=\"https:\/\/automobsummit.com\/es\/speaker\/ricardo-garcia\/\"> Ricardo Garc\u00eda <\/a>\n                    <\/h3>\n                    <p>\n\t\t\t\t\t\tVicepresidente Ejecutivo Sur Europa Benteler                    <\/p>\n                <\/div>\n                <!--- speaker info end -->\n                <!-- popup start-->\n                <div id=\"popup_68bad723451\"\n                     class=\"container ts-speaker-popup mfp-hide\">\n                    <div class=\"row\">\n                        <div class=\"col-lg-6\">\n                            <div class=\"ts-speaker-popup-img\">\n\t\t\t\t\t\t\t\t                                    <img decoding=\"async\" src=\"https:\/\/automobsummit.com\/wp-content\/uploads\/2024\/06\/Diseno-sin-titulo-16.png\"\n                                         alt=\"\">\n\t\t\t\t\t\t\t\t                            <\/div>\n                        <\/div>\n                        <!-- col end-->\n                        <div class=\"col-lg-6\">\n                            <div class=\"ts-speaker-popup-content\">\n                                <h3 class=\"ts-title\"><a\n                                            href=\"https:\/\/automobsummit.com\/es\/speaker\/ricardo-garcia\/\"> Ricardo Garc\u00eda <\/a>\n                                <\/h3>\n                                <span class=\"speakder-designation\"> Vicepresidente Ejecutivo Sur Europa Benteler<\/span>\n\t\t\t\t\t\t\t\t                                    <img decoding=\"async\" src=\"\/\/automobsummit.com\/wp-content\/uploads\/2023\/07\/Benteler_logo.svg_.png\"\n                                         alt=\"\">\n\t\t\t\t\t\t\t\t                                <p>\n\t\t\t\t\t\t\t\t\t                                <\/p>\n                                <div class=\"ts-speakers-social\">\n\t\t\t\t\t\t\t\t\t\t\t\t\t\t\t\t\t\t\t\t\t\t\t\t\t\t\t\t                                <\/div>\n                            <\/div>\n                            <!-- ts-speaker-popup-content end-->\n                        <\/div>\n                        <!-- col end-->\n                    <\/div>\n                    <!-- row end-->\n                <\/div>\n                <!-- popup end-->\n            <\/div>\n            <!-- ts-speaker end  -->\n\t\t\n\n\t\t\t\n\t\t\t\n\t\t\t\n\n\t\t\t\t<\/div>\n\t\t\t\t<\/div>\n\t\t\t\t\t<\/div>\n\t\t<\/div>\n\t\t\t\t<div class=\"elementor-column elementor-col-25 elementor-inner-column elementor-element elementor-element-2576d10\" data-id=\"2576d10\" data-element_type=\"column\">\n\t\t\t<div class=\"elementor-widget-wrap elementor-element-populated\">\n\t\t\t\t\t\t<div class=\"elementor-element elementor-element-b05d45f elementor-widget elementor-widget-exhibz-speaker\" data-id=\"b05d45f\" data-element_type=\"widget\" data-settings=\"{&quot;ekit_we_effect_on&quot;:&quot;none&quot;}\" data-widget_type=\"exhibz-speaker.default\">\n\t\t\t\t<div class=\"elementor-widget-container\">\n\t\t\t\t\t\t            <div class=\"ts-speaker\" style=\"--speaker-color: #25cd44\">\n                <div class=\"speaker-img\">\n\t\t\t\t\t                        <img decoding=\"async\" src=\"https:\/\/automobsummit.com\/wp-content\/uploads\/2024\/06\/5.png\"\n                             alt=\"\">\n\t\t\t\t\t                    <a href=\"#popup_b05d45f3481\"\n                       class=\"view-speaker ts-image-popup\" data-effect=\"mfp-zoom-in\">\n                        <i class=\"icon icon-plus\"><\/i>\n                    <\/a>\n                <\/div>\n                <div class=\"ts-speaker-info\">\n                    <h3 class=\"ts-title\">\n                        <a href=\"https:\/\/automobsummit.com\/es\/speaker\/carlos-castano\/\"> Carlos Casta\u00f1o <\/a>\n                    <\/h3>\n                    <p>\n\t\t\t\t\t\tVicepresidente de Ingenier\u00eda de BorgWarner Emissions, Thermal and Turbo Systems                    <\/p>\n                <\/div>\n                <!--- speaker info end -->\n                <!-- popup start-->\n                <div id=\"popup_b05d45f3481\"\n                     class=\"container ts-speaker-popup mfp-hide\">\n                    <div class=\"row\">\n                        <div class=\"col-lg-6\">\n                            <div class=\"ts-speaker-popup-img\">\n\t\t\t\t\t\t\t\t                                    <img decoding=\"async\" src=\"https:\/\/automobsummit.com\/wp-content\/uploads\/2024\/06\/5.png\"\n                                         alt=\"\">\n\t\t\t\t\t\t\t\t                            <\/div>\n                        <\/div>\n                        <!-- col end-->\n                        <div class=\"col-lg-6\">\n                            <div class=\"ts-speaker-popup-content\">\n                                <h3 class=\"ts-title\"><a\n                                            href=\"https:\/\/automobsummit.com\/es\/speaker\/carlos-castano\/\"> Carlos Casta\u00f1o <\/a>\n                                <\/h3>\n                                <span class=\"speakder-designation\"> Vicepresidente de Ingenier\u00eda de BorgWarner Emissions, Thermal and Turbo Systems<\/span>\n\t\t\t\t\t\t\t\t                                    <img decoding=\"async\" src=\"\/\/automobsummit.com\/wp-content\/uploads\/2023\/07\/BorgWarner_logo_logotype.png\"\n                                         alt=\"\">\n\t\t\t\t\t\t\t\t                                <p>\n\t\t\t\t\t\t\t\t\t                                <\/p>\n                                <div class=\"ts-speakers-social\">\n\t\t\t\t\t\t\t\t\t\t\t\t\t\t\t\t\t\t\t\t\t\t\t\t\t\t\t\t                                <\/div>\n                            <\/div>\n                            <!-- ts-speaker-popup-content end-->\n                        <\/div>\n                        <!-- col end-->\n                    <\/div>\n                    <!-- row end-->\n                <\/div>\n                <!-- popup end-->\n            <\/div>\n            <!-- ts-speaker end  -->\n\t\t\n\n\t\t\t\n\t\t\t\n\t\t\t\n\n\t\t\t\t<\/div>\n\t\t\t\t<\/div>\n\t\t\t\t\t<\/div>\n\t\t<\/div>\n\t\t\t\t<div class=\"elementor-column elementor-col-25 elementor-inner-column elementor-element elementor-element-9f22f01\" data-id=\"9f22f01\" data-element_type=\"column\">\n\t\t\t<div class=\"elementor-widget-wrap elementor-element-populated\">\n\t\t\t\t\t\t<div class=\"elementor-element elementor-element-45e2ead elementor-widget elementor-widget-exhibz-speaker\" data-id=\"45e2ead\" data-element_type=\"widget\" data-settings=\"{&quot;ekit_we_effect_on&quot;:&quot;none&quot;}\" data-widget_type=\"exhibz-speaker.default\">\n\t\t\t\t<div class=\"elementor-widget-container\">\n\t\t\t\t\t\t            <div class=\"ts-speaker\" style=\"--speaker-color: #25cd44\">\n                <div class=\"speaker-img\">\n\t\t\t\t\t                        <img decoding=\"async\" src=\"https:\/\/automobsummit.com\/wp-content\/uploads\/2024\/06\/4.png\"\n                             alt=\"\">\n\t\t\t\t\t                    <a href=\"#popup_45e2ead3462\"\n                       class=\"view-speaker ts-image-popup\" data-effect=\"mfp-zoom-in\">\n                        <i class=\"icon icon-plus\"><\/i>\n                    <\/a>\n                <\/div>\n                <div class=\"ts-speaker-info\">\n                    <h3 class=\"ts-title\">\n                        <a href=\"https:\/\/automobsummit.com\/es\/speaker\/maria-paz-robina\/\"> Mar\u00eda Paz Robina <\/a>\n                    <\/h3>\n                    <p>\n\t\t\t\t\t\tDirectora General ES y PT en Michelin                    <\/p>\n                <\/div>\n                <!--- speaker info end -->\n                <!-- popup start-->\n                <div id=\"popup_45e2ead3462\"\n                     class=\"container ts-speaker-popup mfp-hide\">\n                    <div class=\"row\">\n                        <div class=\"col-lg-6\">\n                            <div class=\"ts-speaker-popup-img\">\n\t\t\t\t\t\t\t\t                                    <img decoding=\"async\" src=\"https:\/\/automobsummit.com\/wp-content\/uploads\/2024\/06\/4.png\"\n                                         alt=\"\">\n\t\t\t\t\t\t\t\t                            <\/div>\n                        <\/div>\n                        <!-- col end-->\n                        <div class=\"col-lg-6\">\n                            <div class=\"ts-speaker-popup-content\">\n                                <h3 class=\"ts-title\"><a\n                                            href=\"https:\/\/automobsummit.com\/es\/speaker\/maria-paz-robina\/\"> Mar\u00eda Paz Robina <\/a>\n                                <\/h3>\n                                <span class=\"speakder-designation\"> Directora General ES y PT en Michelin<\/span>\n\t\t\t\t\t\t\t\t                                    <img decoding=\"async\" src=\"\/\/automobsummit.com\/wp-content\/uploads\/2023\/07\/Michelin.png\"\n                                         alt=\"\">\n\t\t\t\t\t\t\t\t                                <p>\n\t\t\t\t\t\t\t\t\t                                <\/p>\n                                <div class=\"ts-speakers-social\">\n\t\t\t\t\t\t\t\t\t\t\t\t\t\t\t\t\t\t\t\t\t\t\t\t\t\t\t\t                                <\/div>\n                            <\/div>\n                            <!-- ts-speaker-popup-content end-->\n                        <\/div>\n                        <!-- col end-->\n                    <\/div>\n                    <!-- row end-->\n                <\/div>\n                <!-- popup end-->\n            <\/div>\n            <!-- ts-speaker end  -->\n\t\t\n\n\t\t\t\n\t\t\t\n\t\t\t\n\n\t\t\t\t<\/div>\n\t\t\t\t<\/div>\n\t\t\t\t\t<\/div>\n\t\t<\/div>\n\t\t\t\t<div class=\"elementor-column elementor-col-25 elementor-inner-column elementor-element elementor-element-db25a00\" data-id=\"db25a00\" data-element_type=\"column\">\n\t\t\t<div class=\"elementor-widget-wrap elementor-element-populated\">\n\t\t\t\t\t\t<div class=\"elementor-element elementor-element-a0adce7 elementor-widget elementor-widget-exhibz-speaker\" data-id=\"a0adce7\" data-element_type=\"widget\" data-settings=\"{&quot;ekit_we_effect_on&quot;:&quot;none&quot;}\" data-widget_type=\"exhibz-speaker.default\">\n\t\t\t\t<div class=\"elementor-widget-container\">\n\t\t\t\t\t\t            <div class=\"ts-speaker\" style=\"--speaker-color: #25cd44\">\n                <div class=\"speaker-img\">\n\t\t\t\t\t                        <img decoding=\"async\" src=\"\/\/automobsummit.com\/wp-content\/uploads\/2020\/11\/Emilio-Titos-Mercedes-Benz.png\"\n                             alt=\"\">\n\t\t\t\t\t                    <a href=\"#popup_a0adce72810\"\n                       class=\"view-speaker ts-image-popup\" data-effect=\"mfp-zoom-in\">\n                        <i class=\"icon icon-plus\"><\/i>\n                    <\/a>\n                <\/div>\n                <div class=\"ts-speaker-info\">\n                    <h3 class=\"ts-title\">\n                        <a href=\"https:\/\/automobsummit.com\/es\/speaker\/emilio-titos\/\"> Emilio Titos <\/a>\n                    <\/h3>\n                    <p>\n\t\t\t\t\t\tDirector General de Mercedes-Benz Vitoria                    <\/p>\n                <\/div>\n                <!--- speaker info end -->\n                <!-- popup start-->\n                <div id=\"popup_a0adce72810\"\n                     class=\"container ts-speaker-popup mfp-hide\">\n                    <div class=\"row\">\n                        <div class=\"col-lg-6\">\n                            <div class=\"ts-speaker-popup-img\">\n\t\t\t\t\t\t\t\t                                    <img decoding=\"async\" src=\"\/\/automobsummit.com\/wp-content\/uploads\/2020\/11\/Emilio-Titos-Mercedes-Benz.png\"\n                                         alt=\"\">\n\t\t\t\t\t\t\t\t                            <\/div>\n                        <\/div>\n                        <!-- col end-->\n                        <div class=\"col-lg-6\">\n                            <div class=\"ts-speaker-popup-content\">\n                                <h3 class=\"ts-title\"><a\n                                            href=\"https:\/\/automobsummit.com\/es\/speaker\/emilio-titos\/\"> Emilio Titos <\/a>\n                                <\/h3>\n                                <span class=\"speakder-designation\"> Director General de Mercedes-Benz Vitoria<\/span>\n\t\t\t\t\t\t\t\t                                    <img decoding=\"async\" src=\"\/\/automobsummit.com\/wp-content\/uploads\/2020\/11\/merceds-benz.png\"\n                                         alt=\"\">\n\t\t\t\t\t\t\t\t                                <p>\n\t\t\t\t\t\t\t\t\t<p>La planta de Mercedes-Benz en Vitoria, donde reside la fabricaci\u00f3n mundial de VITO y CLASE-V\u00a0 y sus variantes el\u00e9ctricas eVito y EQV, posee las m\u00e1s avanzadas tecnolog\u00edas de fabricaci\u00f3n y es la mayor empresa de Euskadi, con unos 5.000 trabajadores.<\/p><p>&nbsp;<\/p>                                <\/p>\n                                <div class=\"ts-speakers-social\">\n\t\t\t\t\t\t\t\t\t\t\t\t\t\t\t\t\t\t\t\t\t\t\t\t\t\t\t\t                                <\/div>\n                            <\/div>\n                            <!-- ts-speaker-popup-content end-->\n                        <\/div>\n                        <!-- col end-->\n                    <\/div>\n                    <!-- row end-->\n                <\/div>\n                <!-- popup end-->\n            <\/div>\n            <!-- ts-speaker end  -->\n\t\t\n\n\t\t\t\n\t\t\t\n\t\t\t\n\n\t\t\t\t<\/div>\n\t\t\t\t<\/div>\n\t\t\t\t\t<\/div>\n\t\t<\/div>\n\t\t\t\t\t<\/div>\n\t\t<\/section>\n\t\t\t\t<section class=\"elementor-section elementor-inner-section elementor-element elementor-element-103c92d elementor-section-boxed elementor-section-height-default elementor-section-height-default\" data-id=\"103c92d\" data-element_type=\"section\">\n\t\t\t\t\t\t<div class=\"elementor-container elementor-column-gap-default\">\n\t\t\t\t\t<div class=\"elementor-column elementor-col-25 elementor-inner-column elementor-element elementor-element-55da65c\" data-id=\"55da65c\" data-element_type=\"column\">\n\t\t\t<div class=\"elementor-widget-wrap elementor-element-populated\">\n\t\t\t\t\t\t<div class=\"elementor-element elementor-element-ac33c7d elementor-widget elementor-widget-exhibz-speaker\" data-id=\"ac33c7d\" data-element_type=\"widget\" data-settings=\"{&quot;ekit_we_effect_on&quot;:&quot;none&quot;}\" data-widget_type=\"exhibz-speaker.default\">\n\t\t\t\t<div class=\"elementor-widget-container\">\n\t\t\t\t\t\t            <div class=\"ts-speaker\" style=\"--speaker-color: #25cd44\">\n                <div class=\"speaker-img\">\n\t\t\t\t\t                        <img decoding=\"async\" src=\"https:\/\/automobsummit.com\/wp-content\/uploads\/2024\/09\/inigo-loizaga.png\"\n                             alt=\"\">\n\t\t\t\t\t                    <a href=\"#popup_ac33c7d2713\"\n                       class=\"view-speaker ts-image-popup\" data-effect=\"mfp-zoom-in\">\n                        <i class=\"icon icon-plus\"><\/i>\n                    <\/a>\n                <\/div>\n                <div class=\"ts-speaker-info\">\n                    <h3 class=\"ts-title\">\n                        <a href=\"https:\/\/automobsummit.com\/es\/speaker\/inigo-loizaga-2\/\"> I\u00f1igo Loizaga <\/a>\n                    <\/h3>\n                    <p>\n\t\t\t\t\t\tDirector de Ingenier\u00eda en CIE Automotive                    <\/p>\n                <\/div>\n                <!--- speaker info end -->\n                <!-- popup start-->\n                <div id=\"popup_ac33c7d2713\"\n                     class=\"container ts-speaker-popup mfp-hide\">\n                    <div class=\"row\">\n                        <div class=\"col-lg-6\">\n                            <div class=\"ts-speaker-popup-img\">\n\t\t\t\t\t\t\t\t                                    <img decoding=\"async\" src=\"https:\/\/automobsummit.com\/wp-content\/uploads\/2024\/09\/inigo-loizaga.png\"\n                                         alt=\"\">\n\t\t\t\t\t\t\t\t                            <\/div>\n                        <\/div>\n                        <!-- col end-->\n                        <div class=\"col-lg-6\">\n                            <div class=\"ts-speaker-popup-content\">\n                                <h3 class=\"ts-title\"><a\n                                            href=\"https:\/\/automobsummit.com\/es\/speaker\/inigo-loizaga-2\/\"> I\u00f1igo Loizaga <\/a>\n                                <\/h3>\n                                <span class=\"speakder-designation\"> Director de Ingenier\u00eda en CIE Automotive<\/span>\n\t\t\t\t\t\t\t\t                                    <img decoding=\"async\" src=\"\/\/automobsummit.com\/wp-content\/uploads\/2020\/10\/Logotipo-CIE-Automotive-JPG.png\"\n                                         alt=\"\">\n\t\t\t\t\t\t\t\t                                <p>\n\t\t\t\t\t\t\t\t\tEs M\u00e1ster en Materiales y Comportamiento Mec\u00e1nico por Mondrag\u00f3n Unibertsitatea e Ingeniero Industrial El\u00e9ctrico por la Universidad de Ingenier\u00eda de Bilbao. Comenz\u00f3 a trabajar con Jos\u00e9 Ignacio L\u00f3pez de Arriortua en 1998 como ingeniero de dise\u00f1o y trabaja en CIE Automotive desde 2002.\r\n\r\nCon involucraci\u00f3n en diferentes proyectos de desarrollo de producto y de procesos de fabricaci\u00f3n en el mundo de automoci\u00f3n.\r\n\r\nI\u00f1igo Loizaga tiene una fuerte vinculaci\u00f3n con la comunidad industrial, investigadora y universitaria. Fue presidente de CIC marGUNE desde 2007. MarGUNE re\u00fane a empresas, universidades e instituciones de investigaci\u00f3n con el fin de preparar a la industria para los retos y oportunidades del futuro en el campo de la fabricaci\u00f3n de altas prestaciones involucrando a m\u00e1s de 300 investigadores. Es profesor de la Universidad de Deusto desde 2014 y lo fue de 2014 a 2017 de la Universidad Tecnun de Navarra.\r\n\r\nHa liderado varios proyectos colaborativos de I+D en las \u00e1reas de fabricaci\u00f3n, automoci\u00f3n y electrificaci\u00f3n. Proyectos realizados por consorcios espa\u00f1oles, europeos e internacionales.\r\n\r\nActualmente con un fuerte enfoque en el cambio clim\u00e1tico y el an\u00e1lisis y mitigaci\u00f3n de riesgos ambientales, de productos y procesos.                                <\/p>\n                                <div class=\"ts-speakers-social\">\n\t\t\t\t\t\t\t\t\t\t\t\t\t\t\t\t\t\t\t                                            <a href=\"https:\/\/www.linkedin.com\/in\/iloizaga\/\"\n                                               target=\"_blank\" rel=\"noreferrer\">\n                                                <i class=\"fa fa-linkedin\"><\/i>\n                                            <\/a>\n\t\t\t\t\t\t\t\t\t\t\t\t\t\t\t\t\t\t\t                                <\/div>\n                            <\/div>\n                            <!-- ts-speaker-popup-content end-->\n                        <\/div>\n                        <!-- col end-->\n                    <\/div>\n                    <!-- row end-->\n                <\/div>\n                <!-- popup end-->\n            <\/div>\n            <!-- ts-speaker end  -->\n\t\t\n\n\t\t\t\n\t\t\t\n\t\t\t\n\n\t\t\t\t<\/div>\n\t\t\t\t<\/div>\n\t\t\t\t\t<\/div>\n\t\t<\/div>\n\t\t\t\t<div class=\"elementor-column elementor-col-25 elementor-inner-column elementor-element elementor-element-bea5248\" data-id=\"bea5248\" data-element_type=\"column\">\n\t\t\t<div class=\"elementor-widget-wrap elementor-element-populated\">\n\t\t\t\t\t\t<div class=\"elementor-element elementor-element-4b7fe8b elementor-widget elementor-widget-exhibz-speaker\" data-id=\"4b7fe8b\" data-element_type=\"widget\" data-settings=\"{&quot;ekit_we_effect_on&quot;:&quot;none&quot;}\" data-widget_type=\"exhibz-speaker.default\">\n\t\t\t\t<div class=\"elementor-widget-container\">\n\t\t\t\t\t\t            <div class=\"ts-speaker\" style=\"--speaker-color: #25cd44\">\n                <div class=\"speaker-img\">\n\t\t\t\t\t                        <img decoding=\"async\" src=\"\/\/automobsummit.com\/wp-content\/uploads\/2020\/11\/Rene-gestamp.png\"\n                             alt=\"\">\n\t\t\t\t\t                    <a href=\"#popup_4b7fe8b2748\"\n                       class=\"view-speaker ts-image-popup\" data-effect=\"mfp-zoom-in\">\n                        <i class=\"icon icon-plus\"><\/i>\n                    <\/a>\n                <\/div>\n                <div class=\"ts-speaker-info\">\n                    <h3 class=\"ts-title\">\n                        <a href=\"https:\/\/automobsummit.com\/es\/speaker\/rene-gonzalez\/\"> Ren\u00e9 Gonz\u00e1lez <\/a>\n                    <\/h3>\n                    <p>\n\t\t\t\t\t\tDirector de Fabricaci\u00f3n Avanzada de Gestamp                    <\/p>\n                <\/div>\n                <!--- speaker info end -->\n                <!-- popup start-->\n                <div id=\"popup_4b7fe8b2748\"\n                     class=\"container ts-speaker-popup mfp-hide\">\n                    <div class=\"row\">\n                        <div class=\"col-lg-6\">\n                            <div class=\"ts-speaker-popup-img\">\n\t\t\t\t\t\t\t\t                                    <img decoding=\"async\" src=\"\/\/automobsummit.com\/wp-content\/uploads\/2020\/11\/Rene-gestamp.png\"\n                                         alt=\"\">\n\t\t\t\t\t\t\t\t                            <\/div>\n                        <\/div>\n                        <!-- col end-->\n                        <div class=\"col-lg-6\">\n                            <div class=\"ts-speaker-popup-content\">\n                                <h3 class=\"ts-title\"><a\n                                            href=\"https:\/\/automobsummit.com\/es\/speaker\/rene-gonzalez\/\"> Ren\u00e9 Gonz\u00e1lez <\/a>\n                                <\/h3>\n                                <span class=\"speakder-designation\"> Director de Fabricaci\u00f3n Avanzada de Gestamp<\/span>\n\t\t\t\t\t\t\t\t                                    <img decoding=\"async\" src=\"\/\/automobsummit.com\/wp-content\/uploads\/2020\/11\/Gestamp_Logo.png\"\n                                         alt=\"\">\n\t\t\t\t\t\t\t\t                                <p>\n\t\t\t\t\t\t\t\t\t<p>Responsable de definir e implementar la hoja de ruta para la incorporaci\u00f3n de las iniciativas de Industria 4.0 dentro de Gestamp, un grupo internacional espa\u00f1ol de ingenier\u00eda de automoci\u00f3n dedicado al dise\u00f1o, desarrollo y fabricaci\u00f3n de componentes met\u00e1licos para autom\u00f3viles<\/p>                                <\/p>\n                                <div class=\"ts-speakers-social\">\n\t\t\t\t\t\t\t\t\t\t\t\t\t\t\t\t\t\t\t\t\t\t\t\t\t\t\t\t                                <\/div>\n                            <\/div>\n                            <!-- ts-speaker-popup-content end-->\n                        <\/div>\n                        <!-- col end-->\n                    <\/div>\n                    <!-- row end-->\n                <\/div>\n                <!-- popup end-->\n            <\/div>\n            <!-- ts-speaker end  -->\n\t\t\n\n\t\t\t\n\t\t\t\n\t\t\t\n\n\t\t\t\t<\/div>\n\t\t\t\t<\/div>\n\t\t\t\t\t<\/div>\n\t\t<\/div>\n\t\t\t\t<div class=\"elementor-column elementor-col-25 elementor-inner-column elementor-element elementor-element-2750c3a\" data-id=\"2750c3a\" data-element_type=\"column\">\n\t\t\t<div class=\"elementor-widget-wrap elementor-element-populated\">\n\t\t\t\t\t\t<div class=\"elementor-element elementor-element-374830b elementor-widget elementor-widget-exhibz-speaker\" data-id=\"374830b\" data-element_type=\"widget\" data-settings=\"{&quot;ekit_we_effect_on&quot;:&quot;none&quot;}\" data-widget_type=\"exhibz-speaker.default\">\n\t\t\t\t<div class=\"elementor-widget-container\">\n\t\t\t\t\t\t            <div class=\"ts-speaker\" style=\"--speaker-color: #25cd44\">\n                <div class=\"speaker-img\">\n\t\t\t\t\t                        <img decoding=\"async\" src=\"\/\/automobsummit.com\/wp-content\/uploads\/2020\/11\/Tecnalia.png\"\n                             alt=\"\">\n\t\t\t\t\t                    <a href=\"#popup_374830b2831\"\n                       class=\"view-speaker ts-image-popup\" data-effect=\"mfp-zoom-in\">\n                        <i class=\"icon icon-plus\"><\/i>\n                    <\/a>\n                <\/div>\n                <div class=\"ts-speaker-info\">\n                    <h3 class=\"ts-title\">\n                        <a href=\"https:\/\/automobsummit.com\/es\/speaker\/agustin-saenz\/\"> Agust\u00edn S\u00e1enz <\/a>\n                    <\/h3>\n                    <p>\n\t\t\t\t\t\tVicepresidente de Mercados de Tecnalia                    <\/p>\n                <\/div>\n                <!--- speaker info end -->\n                <!-- popup start-->\n                <div id=\"popup_374830b2831\"\n                     class=\"container ts-speaker-popup mfp-hide\">\n                    <div class=\"row\">\n                        <div class=\"col-lg-6\">\n                            <div class=\"ts-speaker-popup-img\">\n\t\t\t\t\t\t\t\t                                    <img decoding=\"async\" src=\"\/\/automobsummit.com\/wp-content\/uploads\/2020\/11\/Tecnalia.png\"\n                                         alt=\"\">\n\t\t\t\t\t\t\t\t                            <\/div>\n                        <\/div>\n                        <!-- col end-->\n                        <div class=\"col-lg-6\">\n                            <div class=\"ts-speaker-popup-content\">\n                                <h3 class=\"ts-title\"><a\n                                            href=\"https:\/\/automobsummit.com\/es\/speaker\/agustin-saenz\/\"> Agust\u00edn S\u00e1enz <\/a>\n                                <\/h3>\n                                <span class=\"speakder-designation\"> Vicepresidente de Mercados de Tecnalia<\/span>\n\t\t\t\t\t\t\t\t                                    <img decoding=\"async\" src=\"\/\/automobsummit.com\/wp-content\/uploads\/2020\/11\/logotecnalia_1633008365.jpg\"\n                                         alt=\"\">\n\t\t\t\t\t\t\t\t                                <p>\n\t\t\t\t\t\t\t\t\t<p>Tecnalia es el primer Centro Tecnol\u00f3gico privado de Espa\u00f1a y una de las principales organizaciones dedicadas a la investigaci\u00f3n aplicada en Europa. En el \u00e1mbito de la movilidad, promueven nuevos conceptos que emplean nuevos materiales, integran sistemas de comunicaciones, medios de propulsi\u00f3n alternativos, e interaccionan con los ocupantes.<\/p>                                <\/p>\n                                <div class=\"ts-speakers-social\">\n\t\t\t\t\t\t\t\t\t\t\t\t\t\t\t\t\t\t\t\t\t\t\t\t\t\t\t\t                                <\/div>\n                            <\/div>\n                            <!-- ts-speaker-popup-content end-->\n                        <\/div>\n                        <!-- col end-->\n                    <\/div>\n                    <!-- row end-->\n                <\/div>\n                <!-- popup end-->\n            <\/div>\n            <!-- ts-speaker end  -->\n\t\t\n\n\t\t\t\n\t\t\t\n\t\t\t\n\n\t\t\t\t<\/div>\n\t\t\t\t<\/div>\n\t\t\t\t\t<\/div>\n\t\t<\/div>\n\t\t\t\t<div class=\"elementor-column elementor-col-25 elementor-inner-column elementor-element elementor-element-b02ce14\" data-id=\"b02ce14\" data-element_type=\"column\">\n\t\t\t<div class=\"elementor-widget-wrap elementor-element-populated\">\n\t\t\t\t\t\t<div class=\"elementor-element elementor-element-4dbbe39 elementor-widget elementor-widget-exhibz-speaker\" data-id=\"4dbbe39\" data-element_type=\"widget\" data-settings=\"{&quot;ekit_we_effect_on&quot;:&quot;none&quot;}\" data-widget_type=\"exhibz-speaker.default\">\n\t\t\t\t<div class=\"elementor-widget-container\">\n\t\t\t\t\t\t            <div class=\"ts-speaker\" style=\"--speaker-color: #25cd44\">\n                <div class=\"speaker-img\">\n\t\t\t\t\t                        <img decoding=\"async\" src=\"\/\/automobsummit.com\/wp-content\/uploads\/2020\/11\/Cargos-Bergera-Iberdrola.png\"\n                             alt=\"\">\n\t\t\t\t\t                    <a href=\"#popup_4dbbe392824\"\n                       class=\"view-speaker ts-image-popup\" data-effect=\"mfp-zoom-in\">\n                        <i class=\"icon icon-plus\"><\/i>\n                    <\/a>\n                <\/div>\n                <div class=\"ts-speaker-info\">\n                    <h3 class=\"ts-title\">\n                        <a href=\"https:\/\/automobsummit.com\/es\/speaker\/carlos-bergera\/\"> Carlos Bergera <\/a>\n                    <\/h3>\n                    <p>\n\t\t\t\t\t\tResponsable de Relaciones Externas Smart Mobility de Iberdrola                    <\/p>\n                <\/div>\n                <!--- speaker info end -->\n                <!-- popup start-->\n                <div id=\"popup_4dbbe392824\"\n                     class=\"container ts-speaker-popup mfp-hide\">\n                    <div class=\"row\">\n                        <div class=\"col-lg-6\">\n                            <div class=\"ts-speaker-popup-img\">\n\t\t\t\t\t\t\t\t                                    <img decoding=\"async\" src=\"\/\/automobsummit.com\/wp-content\/uploads\/2020\/11\/Cargos-Bergera-Iberdrola.png\"\n                                         alt=\"\">\n\t\t\t\t\t\t\t\t                            <\/div>\n                        <\/div>\n                        <!-- col end-->\n                        <div class=\"col-lg-6\">\n                            <div class=\"ts-speaker-popup-content\">\n                                <h3 class=\"ts-title\"><a\n                                            href=\"https:\/\/automobsummit.com\/es\/speaker\/carlos-bergera\/\"> Carlos Bergera <\/a>\n                                <\/h3>\n                                <span class=\"speakder-designation\"> Responsable de Relaciones Externas Smart Mobility de Iberdrola<\/span>\n\t\t\t\t\t\t\t\t                                    <img decoding=\"async\" src=\"\/\/automobsummit.com\/wp-content\/uploads\/2020\/11\/logo-iberdrola.png\"\n                                         alt=\"\">\n\t\t\t\t\t\t\t\t                                <p>\n\t\t\t\t\t\t\t\t\t<p>Iberdrola es una de las principales empresas dedicadas a la producci\u00f3n, comercializaci\u00f3n y distribuci\u00f3n de energ\u00eda. Dentro de su estrategia para una econom\u00eda descarbonizada, est\u00e1 impulsando la electrificaci\u00f3n del transporte con un plan de movilidad sostenible que invertir\u00e1 150 millones de euros para aumentar el despliegue de puntos de recarga de veh\u00edculos el\u00e9ctricos en los pr\u00f3ximos a\u00f1os.\u00a0La iniciativa supone la instalaci\u00f3n de unos 150.000 puntos de recarga en hogares, empresas y en la red de carreteras p\u00fablicas de las ciudades, as\u00ed como en las principales autopistas y autov\u00edas durante los pr\u00f3ximos cinco a\u00f1os.<\/p>                                <\/p>\n                                <div class=\"ts-speakers-social\">\n\t\t\t\t\t\t\t\t\t\t\t\t\t\t\t\t\t\t\t\t\t\t\t\t\t\t\t\t                                <\/div>\n                            <\/div>\n                            <!-- ts-speaker-popup-content end-->\n                        <\/div>\n                        <!-- col end-->\n                    <\/div>\n                    <!-- row end-->\n                <\/div>\n                <!-- popup end-->\n            <\/div>\n            <!-- ts-speaker end  -->\n\t\t\n\n\t\t\t\n\t\t\t\n\t\t\t\n\n\t\t\t\t<\/div>\n\t\t\t\t<\/div>\n\t\t\t\t\t<\/div>\n\t\t<\/div>\n\t\t\t\t\t<\/div>\n\t\t<\/section>\n\t\t\t\t<section class=\"elementor-section elementor-inner-section elementor-element elementor-element-b529689 elementor-section-boxed elementor-section-height-default elementor-section-height-default\" data-id=\"b529689\" data-element_type=\"section\">\n\t\t\t\t\t\t<div class=\"elementor-container elementor-column-gap-default\">\n\t\t\t\t\t<div class=\"elementor-column elementor-col-25 elementor-inner-column elementor-element elementor-element-6f08e72\" data-id=\"6f08e72\" data-element_type=\"column\">\n\t\t\t<div class=\"elementor-widget-wrap elementor-element-populated\">\n\t\t\t\t\t\t<div class=\"elementor-element elementor-element-34dcd7d elementor-widget elementor-widget-exhibz-speaker\" data-id=\"34dcd7d\" data-element_type=\"widget\" data-settings=\"{&quot;ekit_we_effect_on&quot;:&quot;none&quot;}\" data-widget_type=\"exhibz-speaker.default\">\n\t\t\t\t<div class=\"elementor-widget-container\">\n\t\t\t\t\t\t            <div class=\"ts-speaker\" style=\"--speaker-color: #25cd44\">\n                <div class=\"speaker-img\">\n\t\t\t\t\t                        <img decoding=\"async\" src=\"\/\/automobsummit.com\/wp-content\/uploads\/2020\/11\/Alfredo-Telefonica.png\"\n                             alt=\"\">\n\t\t\t\t\t                    <a href=\"#popup_34dcd7d2832\"\n                       class=\"view-speaker ts-image-popup\" data-effect=\"mfp-zoom-in\">\n                        <i class=\"icon icon-plus\"><\/i>\n                    <\/a>\n                <\/div>\n                <div class=\"ts-speaker-info\">\n                    <h3 class=\"ts-title\">\n                        <a href=\"https:\/\/automobsummit.com\/es\/speaker\/2832\/\"> Alfredo Serret <\/a>\n                    <\/h3>\n                    <p>\n\t\t\t\t\t\tDirector Global de Desarrollo de Negocio de Telef\u00f3nica IoT &amp; BD                    <\/p>\n                <\/div>\n                <!--- speaker info end -->\n                <!-- popup start-->\n                <div id=\"popup_34dcd7d2832\"\n                     class=\"container ts-speaker-popup mfp-hide\">\n                    <div class=\"row\">\n                        <div class=\"col-lg-6\">\n                            <div class=\"ts-speaker-popup-img\">\n\t\t\t\t\t\t\t\t                                    <img decoding=\"async\" src=\"\/\/automobsummit.com\/wp-content\/uploads\/2020\/11\/Alfredo-Telefonica.png\"\n                                         alt=\"\">\n\t\t\t\t\t\t\t\t                            <\/div>\n                        <\/div>\n                        <!-- col end-->\n                        <div class=\"col-lg-6\">\n                            <div class=\"ts-speaker-popup-content\">\n                                <h3 class=\"ts-title\"><a\n                                            href=\"https:\/\/automobsummit.com\/es\/speaker\/2832\/\"> Alfredo Serret <\/a>\n                                <\/h3>\n                                <span class=\"speakder-designation\"> Director Global de Desarrollo de Negocio de Telef\u00f3nica IoT &amp; BD<\/span>\n\t\t\t\t\t\t\t\t                                    <img decoding=\"async\" src=\"\/\/automobsummit.com\/wp-content\/uploads\/2020\/11\/Telefonica.png\"\n                                         alt=\"\">\n\t\t\t\t\t\t\t\t                                <p>\n\t\t\t\t\t\t\t\t\t<p>Telef\u00f3nica la compa\u00f1\u00eda de telecomunicaciones m\u00e1s importante de Europa y la quinta a nivel mundial. Con sede en Espa\u00f1a, es una de las organizaciones a la cabeza en innovaci\u00f3n y tecnolog\u00eda. En el campo de la IoT, promueven la transformaci\u00f3n digital e interconectividad de las empresas, econom\u00eda, movilidad y dem\u00e1s agentes de la econom\u00eda.<\/p>                                <\/p>\n                                <div class=\"ts-speakers-social\">\n\t\t\t\t\t\t\t\t\t\t\t\t\t\t\t\t\t\t\t\t\t\t\t\t\t\t\t\t                                <\/div>\n                            <\/div>\n                            <!-- ts-speaker-popup-content end-->\n                        <\/div>\n                        <!-- col end-->\n                    <\/div>\n                    <!-- row end-->\n                <\/div>\n                <!-- popup end-->\n            <\/div>\n            <!-- ts-speaker end  -->\n\t\t\n\n\t\t\t\n\t\t\t\n\t\t\t\n\n\t\t\t\t<\/div>\n\t\t\t\t<\/div>\n\t\t\t\t\t<\/div>\n\t\t<\/div>\n\t\t\t\t<div class=\"elementor-column elementor-col-25 elementor-inner-column elementor-element elementor-element-81ade7b\" data-id=\"81ade7b\" data-element_type=\"column\">\n\t\t\t<div class=\"elementor-widget-wrap elementor-element-populated\">\n\t\t\t\t\t\t<div class=\"elementor-element elementor-element-68e4e5b elementor-widget elementor-widget-exhibz-speaker\" data-id=\"68e4e5b\" data-element_type=\"widget\" data-settings=\"{&quot;ekit_we_effect_on&quot;:&quot;none&quot;}\" data-widget_type=\"exhibz-speaker.default\">\n\t\t\t\t<div class=\"elementor-widget-container\">\n\t\t\t\t\t\t            <div class=\"ts-speaker\" style=\"--speaker-color: #25cd44\">\n                <div class=\"speaker-img\">\n\t\t\t\t\t                        <img decoding=\"async\" src=\"https:\/\/automobsummit.com\/wp-content\/uploads\/2024\/06\/Diseno-sin-titulo-17.png\"\n                             alt=\"\">\n\t\t\t\t\t                    <a href=\"#popup_68e4e5b3439\"\n                       class=\"view-speaker ts-image-popup\" data-effect=\"mfp-zoom-in\">\n                        <i class=\"icon icon-plus\"><\/i>\n                    <\/a>\n                <\/div>\n                <div class=\"ts-speaker-info\">\n                    <h3 class=\"ts-title\">\n                        <a href=\"https:\/\/automobsummit.com\/es\/speaker\/pablo-martin\/\"> Pablo Mart\u00edn <\/a>\n                    <\/h3>\n                    <p>\n\t\t\t\t\t\tSocio responsable Sector Automoci\u00f3n NTT Data                    <\/p>\n                <\/div>\n                <!--- speaker info end -->\n                <!-- popup start-->\n                <div id=\"popup_68e4e5b3439\"\n                     class=\"container ts-speaker-popup mfp-hide\">\n                    <div class=\"row\">\n                        <div class=\"col-lg-6\">\n                            <div class=\"ts-speaker-popup-img\">\n\t\t\t\t\t\t\t\t                                    <img decoding=\"async\" src=\"https:\/\/automobsummit.com\/wp-content\/uploads\/2024\/06\/Diseno-sin-titulo-17.png\"\n                                         alt=\"\">\n\t\t\t\t\t\t\t\t                            <\/div>\n                        <\/div>\n                        <!-- col end-->\n                        <div class=\"col-lg-6\">\n                            <div class=\"ts-speaker-popup-content\">\n                                <h3 class=\"ts-title\"><a\n                                            href=\"https:\/\/automobsummit.com\/es\/speaker\/pablo-martin\/\"> Pablo Mart\u00edn <\/a>\n                                <\/h3>\n                                <span class=\"speakder-designation\"> Socio responsable Sector Automoci\u00f3n NTT Data<\/span>\n\t\t\t\t\t\t\t\t                                    <img decoding=\"async\" src=\"\/\/automobsummit.com\/wp-content\/uploads\/2023\/07\/Ntt-data.png\"\n                                         alt=\"\">\n\t\t\t\t\t\t\t\t                                <p>\n\t\t\t\t\t\t\t\t\t                                <\/p>\n                                <div class=\"ts-speakers-social\">\n\t\t\t\t\t\t\t\t\t\t\t\t\t\t\t\t\t\t\t\t\t\t\t\t\t\t\t\t                                <\/div>\n                            <\/div>\n                            <!-- ts-speaker-popup-content end-->\n                        <\/div>\n                        <!-- col end-->\n                    <\/div>\n                    <!-- row end-->\n                <\/div>\n                <!-- popup end-->\n            <\/div>\n            <!-- ts-speaker end  -->\n\t\t\n\n\t\t\t\n\t\t\t\n\t\t\t\n\n\t\t\t\t<\/div>\n\t\t\t\t<\/div>\n\t\t\t\t\t<\/div>\n\t\t<\/div>\n\t\t\t\t<div class=\"elementor-column elementor-col-25 elementor-inner-column elementor-element elementor-element-34fbb3b\" data-id=\"34fbb3b\" data-element_type=\"column\">\n\t\t\t<div class=\"elementor-widget-wrap elementor-element-populated\">\n\t\t\t\t\t\t<div class=\"elementor-element elementor-element-1f21c48 elementor-widget elementor-widget-exhibz-speaker\" data-id=\"1f21c48\" data-element_type=\"widget\" data-settings=\"{&quot;ekit_we_effect_on&quot;:&quot;none&quot;}\" data-widget_type=\"exhibz-speaker.default\">\n\t\t\t\t<div class=\"elementor-widget-container\">\n\t\t\t\t\t\t            <div class=\"ts-speaker\" style=\"--speaker-color: #25cd44\">\n                <div class=\"speaker-img\">\n\t\t\t\t\t                        <img decoding=\"async\" src=\"https:\/\/automobsummit.com\/wp-content\/uploads\/2024\/08\/fotos-ponentes-congresos-automob-maritime.-4.png\"\n                             alt=\"\">\n\t\t\t\t\t                    <a href=\"#popup_1f21c482811\"\n                       class=\"view-speaker ts-image-popup\" data-effect=\"mfp-zoom-in\">\n                        <i class=\"icon icon-plus\"><\/i>\n                    <\/a>\n                <\/div>\n                <div class=\"ts-speaker-info\">\n                    <h3 class=\"ts-title\">\n                        <a href=\"https:\/\/automobsummit.com\/es\/speaker\/luis-moreno\/\"> Luis Moreno <\/a>\n                    <\/h3>\n                    <p>\n\t\t\t\t\t\tDirector General en CTAG                    <\/p>\n                <\/div>\n                <!--- speaker info end -->\n                <!-- popup start-->\n                <div id=\"popup_1f21c482811\"\n                     class=\"container ts-speaker-popup mfp-hide\">\n                    <div class=\"row\">\n                        <div class=\"col-lg-6\">\n                            <div class=\"ts-speaker-popup-img\">\n\t\t\t\t\t\t\t\t                                    <img decoding=\"async\" src=\"https:\/\/automobsummit.com\/wp-content\/uploads\/2024\/08\/fotos-ponentes-congresos-automob-maritime.-4.png\"\n                                         alt=\"\">\n\t\t\t\t\t\t\t\t                            <\/div>\n                        <\/div>\n                        <!-- col end-->\n                        <div class=\"col-lg-6\">\n                            <div class=\"ts-speaker-popup-content\">\n                                <h3 class=\"ts-title\"><a\n                                            href=\"https:\/\/automobsummit.com\/es\/speaker\/luis-moreno\/\"> Luis Moreno <\/a>\n                                <\/h3>\n                                <span class=\"speakder-designation\"> Director General en CTAG<\/span>\n\t\t\t\t\t\t\t\t                                    <img decoding=\"async\" src=\"\/\/automobsummit.com\/wp-content\/uploads\/2020\/11\/Logo-Centro-tecnologico-Identidad-Corporativa.png\"\n                                         alt=\"\">\n\t\t\t\t\t\t\t\t                                <p>\n\t\t\t\t\t\t\t\t\tEl Centro Tecnol\u00f3gico de Automoci\u00f3n de Galicia, CTAG, ofrece soluciones tecnol\u00f3gicas avanzadas al sector del autom\u00f3vil. Apoya a las industrias del sector en su modernizaci\u00f3n y adaptaci\u00f3n a las nuevas tecnolog\u00edas en sus productos y procesos de fabricaci\u00f3n. Impulsan varios proyectos de conducci\u00f3n aut\u00f3noma como AUTOPILOT, con el que se han hecho pruebas de aparcamiento y conducci\u00f3n aut\u00f3noma en la ciudad de Vigo.                                <\/p>\n                                <div class=\"ts-speakers-social\">\n\t\t\t\t\t\t\t\t\t\t\t\t\t\t\t\t\t\t\t\t\t\t\t\t\t\t\t\t                                <\/div>\n                            <\/div>\n                            <!-- ts-speaker-popup-content end-->\n                        <\/div>\n                        <!-- col end-->\n                    <\/div>\n                    <!-- row end-->\n                <\/div>\n                <!-- popup end-->\n            <\/div>\n            <!-- ts-speaker end  -->\n\t\t\n\n\t\t\t\n\t\t\t\n\t\t\t\n\n\t\t\t\t<\/div>\n\t\t\t\t<\/div>\n\t\t\t\t\t<\/div>\n\t\t<\/div>\n\t\t\t\t<div class=\"elementor-column elementor-col-25 elementor-inner-column elementor-element elementor-element-3337563\" data-id=\"3337563\" data-element_type=\"column\">\n\t\t\t<div class=\"elementor-widget-wrap elementor-element-populated\">\n\t\t\t\t\t\t<div class=\"elementor-element elementor-element-23498a1 elementor-widget elementor-widget-exhibz-speaker\" data-id=\"23498a1\" data-element_type=\"widget\" data-settings=\"{&quot;ekit_we_effect_on&quot;:&quot;none&quot;}\" data-widget_type=\"exhibz-speaker.default\">\n\t\t\t\t<div class=\"elementor-widget-container\">\n\t\t\t\t\t\t            <div class=\"ts-speaker\" style=\"--speaker-color: #25cd44\">\n                <div class=\"speaker-img\">\n\t\t\t\t\t                        <img decoding=\"async\" src=\"\/\/automobsummit.com\/wp-content\/uploads\/2020\/11\/Pedro-VMS.png\"\n                             alt=\"\">\n\t\t\t\t\t                    <a href=\"#popup_23498a12775\"\n                       class=\"view-speaker ts-image-popup\" data-effect=\"mfp-zoom-in\">\n                        <i class=\"icon icon-plus\"><\/i>\n                    <\/a>\n                <\/div>\n                <div class=\"ts-speaker-info\">\n                    <h3 class=\"ts-title\">\n                        <a href=\"https:\/\/automobsummit.com\/es\/speaker\/pedro-martinez-verges\/\"> Pedro Mart\u00ednez Verg\u00e9s <\/a>\n                    <\/h3>\n                    <p>\n\t\t\t\t\t\tDirector General del Grupo Marsan                    <\/p>\n                <\/div>\n                <!--- speaker info end -->\n                <!-- popup start-->\n                <div id=\"popup_23498a12775\"\n                     class=\"container ts-speaker-popup mfp-hide\">\n                    <div class=\"row\">\n                        <div class=\"col-lg-6\">\n                            <div class=\"ts-speaker-popup-img\">\n\t\t\t\t\t\t\t\t                                    <img decoding=\"async\" src=\"\/\/automobsummit.com\/wp-content\/uploads\/2020\/11\/Pedro-VMS.png\"\n                                         alt=\"\">\n\t\t\t\t\t\t\t\t                            <\/div>\n                        <\/div>\n                        <!-- col end-->\n                        <div class=\"col-lg-6\">\n                            <div class=\"ts-speaker-popup-content\">\n                                <h3 class=\"ts-title\"><a\n                                            href=\"https:\/\/automobsummit.com\/es\/speaker\/pedro-martinez-verges\/\"> Pedro Mart\u00ednez Verg\u00e9s <\/a>\n                                <\/h3>\n                                <span class=\"speakder-designation\"> Director General del Grupo Marsan<\/span>\n\t\t\t\t\t\t\t\t                                    <img decoding=\"async\" src=\"\/\/automobsummit.com\/wp-content\/uploads\/2020\/11\/descarga.png\"\n                                         alt=\"\">\n\t\t\t\t\t\t\t\t                                <p>\n\t\t\t\t\t\t\t\t\t<p>Director General del Grupo Marsan, <span class=\"s1\">referencia en el sector de la automoci\u00f3n desde hace m\u00e1s de 65 a\u00f1os y con presencia internacional, y CEO de\u00a0<\/span>VMS Automotive, spin-out de la empresa que ha desarrollado un veh\u00edculo de tres ruedas totalmente el\u00e9ctrico y de altas prestaciones cuyo sistema de amortiguaci\u00f3n fue patentado a nivel internacional.<\/p><h6><\/h6>                                <\/p>\n                                <div class=\"ts-speakers-social\">\n\t\t\t\t\t\t\t\t\t\t\t\t\t\t\t\t\t\t\t\t\t\t\t\t\t\t\t\t                                <\/div>\n                            <\/div>\n                            <!-- ts-speaker-popup-content end-->\n                        <\/div>\n                        <!-- col end-->\n                    <\/div>\n                    <!-- row end-->\n                <\/div>\n                <!-- popup end-->\n            <\/div>\n            <!-- ts-speaker end  -->\n\t\t\n\n\t\t\t\n\t\t\t\n\t\t\t\n\n\t\t\t\t<\/div>\n\t\t\t\t<\/div>\n\t\t\t\t\t<\/div>\n\t\t<\/div>\n\t\t\t\t\t<\/div>\n\t\t<\/section>\n\t\t\t\t<section class=\"elementor-section elementor-inner-section elementor-element elementor-element-822ed92 elementor-section-boxed elementor-section-height-default elementor-section-height-default\" data-id=\"822ed92\" data-element_type=\"section\">\n\t\t\t\t\t\t<div class=\"elementor-container elementor-column-gap-default\">\n\t\t\t\t\t<div class=\"elementor-column elementor-col-25 elementor-inner-column elementor-element elementor-element-0c5ef15\" data-id=\"0c5ef15\" data-element_type=\"column\">\n\t\t\t<div class=\"elementor-widget-wrap elementor-element-populated\">\n\t\t\t\t\t\t<div class=\"elementor-element elementor-element-60df5fd elementor-widget elementor-widget-exhibz-speaker\" data-id=\"60df5fd\" data-element_type=\"widget\" data-settings=\"{&quot;ekit_we_effect_on&quot;:&quot;none&quot;}\" data-widget_type=\"exhibz-speaker.default\">\n\t\t\t\t<div class=\"elementor-widget-container\">\n\t\t\t\t\t\t            <div class=\"ts-speaker\" style=\"--speaker-color: #25cd44\">\n                <div class=\"speaker-img\">\n\t\t\t\t\t                        <img decoding=\"async\" src=\"\/\/automobsummit.com\/wp-content\/uploads\/2020\/11\/Juan-riva-suardiaz.png\"\n                             alt=\"\">\n\t\t\t\t\t                    <a href=\"#popup_60df5fd2892\"\n                       class=\"view-speaker ts-image-popup\" data-effect=\"mfp-zoom-in\">\n                        <i class=\"icon icon-plus\"><\/i>\n                    <\/a>\n                <\/div>\n                <div class=\"ts-speaker-info\">\n                    <h3 class=\"ts-title\">\n                        <a href=\"https:\/\/automobsummit.com\/es\/speaker\/juan-riva\/\"> Juan Riva <\/a>\n                    <\/h3>\n                    <p>\n\t\t\t\t\t\tCEO de Suardiaz                    <\/p>\n                <\/div>\n                <!--- speaker info end -->\n                <!-- popup start-->\n                <div id=\"popup_60df5fd2892\"\n                     class=\"container ts-speaker-popup mfp-hide\">\n                    <div class=\"row\">\n                        <div class=\"col-lg-6\">\n                            <div class=\"ts-speaker-popup-img\">\n\t\t\t\t\t\t\t\t                                    <img decoding=\"async\" src=\"\/\/automobsummit.com\/wp-content\/uploads\/2020\/11\/Juan-riva-suardiaz.png\"\n                                         alt=\"\">\n\t\t\t\t\t\t\t\t                            <\/div>\n                        <\/div>\n                        <!-- col end-->\n                        <div class=\"col-lg-6\">\n                            <div class=\"ts-speaker-popup-content\">\n                                <h3 class=\"ts-title\"><a\n                                            href=\"https:\/\/automobsummit.com\/es\/speaker\/juan-riva\/\"> Juan Riva <\/a>\n                                <\/h3>\n                                <span class=\"speakder-designation\"> CEO de Suardiaz<\/span>\n\t\t\t\t\t\t\t\t                                    <img decoding=\"async\" src=\"\/\/automobsummit.com\/wp-content\/uploads\/2020\/11\/nuevo-logo250.png\"\n                                         alt=\"\">\n\t\t\t\t\t\t\t\t                                <p>\n\t\t\t\t\t\t\t\t\t<p>Suardiaz es un grupo l\u00edder en log\u00edstica multimodal. Ofrece a sus clientes soluciones integrales con m\u00e1s de 100 a\u00f1os de experiencia y m\u00e1s de 600 empleados en Europa, Am\u00e9rica y \u00c1frica. En Galicia trabaja intensamente en la log\u00edstica de automoci\u00f3n y la Autopista del Mar-Corredor del Atl\u00e1ntico.<\/p>                                <\/p>\n                                <div class=\"ts-speakers-social\">\n\t\t\t\t\t\t\t\t\t\t\t\t\t\t\t\t\t\t\t\t\t\t\t\t\t\t\t\t                                <\/div>\n                            <\/div>\n                            <!-- ts-speaker-popup-content end-->\n                        <\/div>\n                        <!-- col end-->\n                    <\/div>\n                    <!-- row end-->\n                <\/div>\n                <!-- popup end-->\n            <\/div>\n            <!-- ts-speaker end  -->\n\t\t\n\n\t\t\t\n\t\t\t\n\t\t\t\n\n\t\t\t\t<\/div>\n\t\t\t\t<\/div>\n\t\t\t\t\t<\/div>\n\t\t<\/div>\n\t\t\t\t<div class=\"elementor-column elementor-col-25 elementor-inner-column elementor-element elementor-element-319dc6b\" data-id=\"319dc6b\" data-element_type=\"column\">\n\t\t\t<div class=\"elementor-widget-wrap elementor-element-populated\">\n\t\t\t\t\t\t<div class=\"elementor-element elementor-element-ea45157 elementor-widget elementor-widget-exhibz-speaker\" data-id=\"ea45157\" data-element_type=\"widget\" data-settings=\"{&quot;ekit_we_effect_on&quot;:&quot;none&quot;}\" data-widget_type=\"exhibz-speaker.default\">\n\t\t\t\t<div class=\"elementor-widget-container\">\n\t\t\t\t\t\t            <div class=\"ts-speaker\" style=\"--speaker-color: #25cd44\">\n                <div class=\"speaker-img\">\n\t\t\t\t\t                        <img decoding=\"async\" src=\"https:\/\/automobsummit.com\/wp-content\/uploads\/2024\/06\/Diseno-sin-titulo-15.png\"\n                             alt=\"\">\n\t\t\t\t\t                    <a href=\"#popup_ea451573463\"\n                       class=\"view-speaker ts-image-popup\" data-effect=\"mfp-zoom-in\">\n                        <i class=\"icon icon-plus\"><\/i>\n                    <\/a>\n                <\/div>\n                <div class=\"ts-speaker-info\">\n                    <h3 class=\"ts-title\">\n                        <a href=\"https:\/\/automobsummit.com\/es\/speaker\/alberto-lavandeira\/\"> Alberto Lavandeira <\/a>\n                    <\/h3>\n                    <p>\n\t\t\t\t\t\tCEO Atalaya Mining                    <\/p>\n                <\/div>\n                <!--- speaker info end -->\n                <!-- popup start-->\n                <div id=\"popup_ea451573463\"\n                     class=\"container ts-speaker-popup mfp-hide\">\n                    <div class=\"row\">\n                        <div class=\"col-lg-6\">\n                            <div class=\"ts-speaker-popup-img\">\n\t\t\t\t\t\t\t\t                                    <img decoding=\"async\" src=\"https:\/\/automobsummit.com\/wp-content\/uploads\/2024\/06\/Diseno-sin-titulo-15.png\"\n                                         alt=\"\">\n\t\t\t\t\t\t\t\t                            <\/div>\n                        <\/div>\n                        <!-- col end-->\n                        <div class=\"col-lg-6\">\n                            <div class=\"ts-speaker-popup-content\">\n                                <h3 class=\"ts-title\"><a\n                                            href=\"https:\/\/automobsummit.com\/es\/speaker\/alberto-lavandeira\/\"> Alberto Lavandeira <\/a>\n                                <\/h3>\n                                <span class=\"speakder-designation\"> CEO Atalaya Mining<\/span>\n\t\t\t\t\t\t\t\t                                    <img decoding=\"async\" src=\"\/\/automobsummit.com\/wp-content\/uploads\/2023\/07\/Atalaya.png\"\n                                         alt=\"\">\n\t\t\t\t\t\t\t\t                                <p>\n\t\t\t\t\t\t\t\t\t                                <\/p>\n                                <div class=\"ts-speakers-social\">\n\t\t\t\t\t\t\t\t\t\t\t\t\t\t\t\t\t\t\t\t\t\t\t\t\t\t\t\t                                <\/div>\n                            <\/div>\n                            <!-- ts-speaker-popup-content end-->\n                        <\/div>\n                        <!-- col end-->\n                    <\/div>\n                    <!-- row end-->\n                <\/div>\n                <!-- popup end-->\n            <\/div>\n            <!-- ts-speaker end  -->\n\t\t\n\n\t\t\t\n\t\t\t\n\t\t\t\n\n\t\t\t\t<\/div>\n\t\t\t\t<\/div>\n\t\t\t\t\t<\/div>\n\t\t<\/div>\n\t\t\t\t<div class=\"elementor-column elementor-col-25 elementor-inner-column elementor-element elementor-element-b22f60d\" data-id=\"b22f60d\" data-element_type=\"column\">\n\t\t\t<div class=\"elementor-widget-wrap elementor-element-populated\">\n\t\t\t\t\t\t<div class=\"elementor-element elementor-element-392920c elementor-widget elementor-widget-exhibz-speaker\" data-id=\"392920c\" data-element_type=\"widget\" data-settings=\"{&quot;ekit_we_effect_on&quot;:&quot;none&quot;}\" data-widget_type=\"exhibz-speaker.default\">\n\t\t\t\t<div class=\"elementor-widget-container\">\n\t\t\t\t\t\t            <div class=\"ts-speaker\" style=\"--speaker-color: #25cd44\">\n                <div class=\"speaker-img\">\n\t\t\t\t\t                        <img decoding=\"async\" src=\"https:\/\/automobsummit.com\/wp-content\/uploads\/2024\/06\/3.png\"\n                             alt=\"\">\n\t\t\t\t\t                    <a href=\"#popup_392920c3470\"\n                       class=\"view-speaker ts-image-popup\" data-effect=\"mfp-zoom-in\">\n                        <i class=\"icon icon-plus\"><\/i>\n                    <\/a>\n                <\/div>\n                <div class=\"ts-speaker-info\">\n                    <h3 class=\"ts-title\">\n                        <a href=\"https:\/\/automobsummit.com\/es\/speaker\/silvia-lazcano\/\"> Silvia Lazcano <\/a>\n                    <\/h3>\n                    <p>\n\t\t\t\t\t\tPresidenta Doba Solutions                    <\/p>\n                <\/div>\n                <!--- speaker info end -->\n                <!-- popup start-->\n                <div id=\"popup_392920c3470\"\n                     class=\"container ts-speaker-popup mfp-hide\">\n                    <div class=\"row\">\n                        <div class=\"col-lg-6\">\n                            <div class=\"ts-speaker-popup-img\">\n\t\t\t\t\t\t\t\t                                    <img decoding=\"async\" src=\"https:\/\/automobsummit.com\/wp-content\/uploads\/2024\/06\/3.png\"\n                                         alt=\"\">\n\t\t\t\t\t\t\t\t                            <\/div>\n                        <\/div>\n                        <!-- col end-->\n                        <div class=\"col-lg-6\">\n                            <div class=\"ts-speaker-popup-content\">\n                                <h3 class=\"ts-title\"><a\n                                            href=\"https:\/\/automobsummit.com\/es\/speaker\/silvia-lazcano\/\"> Silvia Lazcano <\/a>\n                                <\/h3>\n                                <span class=\"speakder-designation\"> Presidenta Doba Solutions<\/span>\n\t\t\t\t\t\t\t\t                                    <img decoding=\"async\" src=\"\/\/automobsummit.com\/wp-content\/uploads\/2023\/07\/LOGO-Doba-2-scaled.jpg\"\n                                         alt=\"\">\n\t\t\t\t\t\t\t\t                                <p>\n\t\t\t\t\t\t\t\t\t                                <\/p>\n                                <div class=\"ts-speakers-social\">\n\t\t\t\t\t\t\t\t\t\t\t\t\t\t\t\t\t\t\t\t\t\t\t\t\t\t\t\t                                <\/div>\n                            <\/div>\n                            <!-- ts-speaker-popup-content end-->\n                        <\/div>\n                        <!-- col end-->\n                    <\/div>\n                    <!-- row end-->\n                <\/div>\n                <!-- popup end-->\n            <\/div>\n            <!-- ts-speaker end  -->\n\t\t\n\n\t\t\t\n\t\t\t\n\t\t\t\n\n\t\t\t\t<\/div>\n\t\t\t\t<\/div>\n\t\t\t\t\t<\/div>\n\t\t<\/div>\n\t\t\t\t<div class=\"elementor-column elementor-col-25 elementor-inner-column elementor-element elementor-element-054a44d\" data-id=\"054a44d\" data-element_type=\"column\">\n\t\t\t<div class=\"elementor-widget-wrap elementor-element-populated\">\n\t\t\t\t\t\t<div class=\"elementor-element elementor-element-25d2344 elementor-widget elementor-widget-exhibz-speaker\" data-id=\"25d2344\" data-element_type=\"widget\" data-settings=\"{&quot;ekit_we_effect_on&quot;:&quot;none&quot;}\" data-widget_type=\"exhibz-speaker.default\">\n\t\t\t\t<div class=\"elementor-widget-container\">\n\t\t\t\t\t\t            <div class=\"ts-speaker\" style=\"--speaker-color: #25cd44\">\n                <div class=\"speaker-img\">\n\t\t\t\t\t                        <img decoding=\"async\" src=\"\/\/automobsummit.com\/wp-content\/uploads\/2020\/10\/Joost-Vantome-ACEA.png\"\n                             alt=\"\">\n\t\t\t\t\t                    <a href=\"#popup_25d23442723\"\n                       class=\"view-speaker ts-image-popup\" data-effect=\"mfp-zoom-in\">\n                        <i class=\"icon icon-plus\"><\/i>\n                    <\/a>\n                <\/div>\n                <div class=\"ts-speaker-info\">\n                    <h3 class=\"ts-title\">\n                        <a href=\"https:\/\/automobsummit.com\/es\/speaker\/joost-vantomme\/\"> Joost Vantomme <\/a>\n                    <\/h3>\n                    <p>\n\t\t\t\t\t\tDirector de Movilidad Inteligente de la Asociaci\u00f3n Europea de Fabricantes de Autom\u00f3viles (ACEA)                    <\/p>\n                <\/div>\n                <!--- speaker info end -->\n                <!-- popup start-->\n                <div id=\"popup_25d23442723\"\n                     class=\"container ts-speaker-popup mfp-hide\">\n                    <div class=\"row\">\n                        <div class=\"col-lg-6\">\n                            <div class=\"ts-speaker-popup-img\">\n\t\t\t\t\t\t\t\t                                    <img decoding=\"async\" src=\"\/\/automobsummit.com\/wp-content\/uploads\/2020\/10\/Joost-Vantome-ACEA.png\"\n                                         alt=\"\">\n\t\t\t\t\t\t\t\t                            <\/div>\n                        <\/div>\n                        <!-- col end-->\n                        <div class=\"col-lg-6\">\n                            <div class=\"ts-speaker-popup-content\">\n                                <h3 class=\"ts-title\"><a\n                                            href=\"https:\/\/automobsummit.com\/es\/speaker\/joost-vantomme\/\"> Joost Vantomme <\/a>\n                                <\/h3>\n                                <span class=\"speakder-designation\"> Director de Movilidad Inteligente de la Asociaci\u00f3n Europea de Fabricantes de Autom\u00f3viles (ACEA)<\/span>\n\t\t\t\t\t\t\t\t                                    <img decoding=\"async\" src=\"\/\/automobsummit.com\/wp-content\/uploads\/2020\/10\/acea-logo-tagline.png\"\n                                         alt=\"\">\n\t\t\t\t\t\t\t\t                                <p>\n\t\t\t\t\t\t\t\t\t<p>Director de Movilidad Inteligente de la Asociaci\u00f3n Europea de Fabricantes de Autom\u00f3viles (ACEA), que representa a los 16 principales fabricantes de autom\u00f3viles, furgonetas, camiones y autobuses con sede en Europa. Joost es Presidente del Comit\u00e9 de Estrategia de ERTICO-ITS Europa, as\u00ed como miembro de su Junta de Supervisi\u00f3n. Tambi\u00e9n es miembro de la Junta de la Alianza Europea de Movilidad como Servicio (MaaS). Adem\u00e1s, Joost fue seleccionado como miembro de varios grupos de expertos de la Comisi\u00f3n, entre los que se encuentra el Grupo de Expertos sobre el intercambio de datos B2G.<\/p>                                <\/p>\n                                <div class=\"ts-speakers-social\">\n\t\t\t\t\t\t\t\t\t\t\t\t\t\t\t\t\t\t\t                                            <a href=\"https:\/\/www.linkedin.com\/in\/joostvantomme\/detail\/photo\/\"\n                                               target=\"_blank\" rel=\"noreferrer\">\n                                                <i class=\"fa fa-linkedin\"><\/i>\n                                            <\/a>\n\t\t\t\t\t\t\t\t\t\t\t\t\t\t\t\t\t\t\t                                <\/div>\n                            <\/div>\n                            <!-- ts-speaker-popup-content end-->\n                        <\/div>\n                        <!-- col end-->\n                    <\/div>\n                    <!-- row end-->\n                <\/div>\n                <!-- popup end-->\n            <\/div>\n            <!-- ts-speaker end  -->\n\t\t\n\n\t\t\t\n\t\t\t\n\t\t\t\n\n\t\t\t\t<\/div>\n\t\t\t\t<\/div>\n\t\t\t\t\t<\/div>\n\t\t<\/div>\n\t\t\t\t\t<\/div>\n\t\t<\/section>\n\t\t\t\t<section class=\"elementor-section elementor-inner-section elementor-element elementor-element-80270f4 elementor-section-boxed elementor-section-height-default elementor-section-height-default\" data-id=\"80270f4\" data-element_type=\"section\">\n\t\t\t\t\t\t<div class=\"elementor-container elementor-column-gap-default\">\n\t\t\t\t\t<div class=\"elementor-column elementor-col-25 elementor-inner-column elementor-element elementor-element-2ffebd1\" data-id=\"2ffebd1\" data-element_type=\"column\">\n\t\t\t<div class=\"elementor-widget-wrap elementor-element-populated\">\n\t\t\t\t\t\t<div class=\"elementor-element elementor-element-449d25d elementor-widget elementor-widget-exhibz-speaker\" data-id=\"449d25d\" data-element_type=\"widget\" data-settings=\"{&quot;ekit_we_effect_on&quot;:&quot;none&quot;}\" data-widget_type=\"exhibz-speaker.default\">\n\t\t\t\t<div class=\"elementor-widget-container\">\n\t\t\t\t\t\t            <div class=\"ts-speaker\" style=\"--speaker-color: #25cd44\">\n                <div class=\"speaker-img\">\n\t\t\t\t\t                        <img decoding=\"async\" src=\"\/\/automobsummit.com\/wp-content\/uploads\/2020\/11\/Alfonso-Faconauto.png\"\n                             alt=\"\">\n\t\t\t\t\t                    <a href=\"#popup_449d25d2749\"\n                       class=\"view-speaker ts-image-popup\" data-effect=\"mfp-zoom-in\">\n                        <i class=\"icon icon-plus\"><\/i>\n                    <\/a>\n                <\/div>\n                <div class=\"ts-speaker-info\">\n                    <h3 class=\"ts-title\">\n                        <a href=\"https:\/\/automobsummit.com\/es\/speaker\/alfonso-nogueiro\/\"> Alfonso Nogueiro <\/a>\n                    <\/h3>\n                    <p>\n\t\t\t\t\t\tDirector General de Faconauto                    <\/p>\n                <\/div>\n                <!--- speaker info end -->\n                <!-- popup start-->\n                <div id=\"popup_449d25d2749\"\n                     class=\"container ts-speaker-popup mfp-hide\">\n                    <div class=\"row\">\n                        <div class=\"col-lg-6\">\n                            <div class=\"ts-speaker-popup-img\">\n\t\t\t\t\t\t\t\t                                    <img decoding=\"async\" src=\"\/\/automobsummit.com\/wp-content\/uploads\/2020\/11\/Alfonso-Faconauto.png\"\n                                         alt=\"\">\n\t\t\t\t\t\t\t\t                            <\/div>\n                        <\/div>\n                        <!-- col end-->\n                        <div class=\"col-lg-6\">\n                            <div class=\"ts-speaker-popup-content\">\n                                <h3 class=\"ts-title\"><a\n                                            href=\"https:\/\/automobsummit.com\/es\/speaker\/alfonso-nogueiro\/\"> Alfonso Nogueiro <\/a>\n                                <\/h3>\n                                <span class=\"speakder-designation\"> Director General de Faconauto<\/span>\n\t\t\t\t\t\t\t\t                                    <img decoding=\"async\" src=\"\/\/automobsummit.com\/wp-content\/uploads\/2020\/11\/fatima-banez-inaugura-congreso-nacional-la-distribucion-la-automocion-faconauto.jpg\"\n                                         alt=\"\">\n\t\t\t\t\t\t\t\t                                <p>\n\t\t\t\t\t\t\t\t\t<p>Faconauto es la patronal que integra las asociaciones de concesionarios oficiales de las marcas de turismos y maquinaria agr\u00edcola presentes en el mercado espa\u00f1ol. Representa los intereses de 2.152 concesionarios de los que dependen aproximadamente las 3.551 empresas del segundo nivel de distribuci\u00f3n (agencias y servicios oficiales).<\/p>                                <\/p>\n                                <div class=\"ts-speakers-social\">\n\t\t\t\t\t\t\t\t\t\t\t\t\t\t\t\t\t\t\t\t\t\t\t\t\t\t\t\t                                <\/div>\n                            <\/div>\n                            <!-- ts-speaker-popup-content end-->\n                        <\/div>\n                        <!-- col end-->\n                    <\/div>\n                    <!-- row end-->\n                <\/div>\n                <!-- popup end-->\n            <\/div>\n            <!-- ts-speaker end  -->\n\t\t\n\n\t\t\t\n\t\t\t\n\t\t\t\n\n\t\t\t\t<\/div>\n\t\t\t\t<\/div>\n\t\t\t\t\t<\/div>\n\t\t<\/div>\n\t\t\t\t<div class=\"elementor-column elementor-col-25 elementor-inner-column elementor-element elementor-element-9dac05e\" data-id=\"9dac05e\" data-element_type=\"column\">\n\t\t\t<div class=\"elementor-widget-wrap elementor-element-populated\">\n\t\t\t\t\t\t<div class=\"elementor-element elementor-element-2b7985e elementor-widget elementor-widget-exhibz-speaker\" data-id=\"2b7985e\" data-element_type=\"widget\" data-settings=\"{&quot;ekit_we_effect_on&quot;:&quot;none&quot;}\" data-widget_type=\"exhibz-speaker.default\">\n\t\t\t\t<div class=\"elementor-widget-container\">\n\t\t\t\t\t\t            <div class=\"ts-speaker\" style=\"--speaker-color: #25cd44\">\n                <div class=\"speaker-img\">\n\t\t\t\t\t                        <img decoding=\"async\" src=\"\/\/automobsummit.com\/wp-content\/uploads\/2020\/11\/Arancha-anfac.png\"\n                             alt=\"\">\n\t\t\t\t\t                    <a href=\"#popup_2b7985e2857\"\n                       class=\"view-speaker ts-image-popup\" data-effect=\"mfp-zoom-in\">\n                        <i class=\"icon icon-plus\"><\/i>\n                    <\/a>\n                <\/div>\n                <div class=\"ts-speaker-info\">\n                    <h3 class=\"ts-title\">\n                        <a href=\"https:\/\/automobsummit.com\/es\/speaker\/arancha-garcia\/\"> Arancha Garc\u00eda <\/a>\n                    <\/h3>\n                    <p>\n\t\t\t\t\t\tDirectora \u00c1rea Industrial y Medio Ambiente de Anfac                    <\/p>\n                <\/div>\n                <!--- speaker info end -->\n                <!-- popup start-->\n                <div id=\"popup_2b7985e2857\"\n                     class=\"container ts-speaker-popup mfp-hide\">\n                    <div class=\"row\">\n                        <div class=\"col-lg-6\">\n                            <div class=\"ts-speaker-popup-img\">\n\t\t\t\t\t\t\t\t                                    <img decoding=\"async\" src=\"\/\/automobsummit.com\/wp-content\/uploads\/2020\/11\/Arancha-anfac.png\"\n                                         alt=\"\">\n\t\t\t\t\t\t\t\t                            <\/div>\n                        <\/div>\n                        <!-- col end-->\n                        <div class=\"col-lg-6\">\n                            <div class=\"ts-speaker-popup-content\">\n                                <h3 class=\"ts-title\"><a\n                                            href=\"https:\/\/automobsummit.com\/es\/speaker\/arancha-garcia\/\"> Arancha Garc\u00eda <\/a>\n                                <\/h3>\n                                <span class=\"speakder-designation\"> Directora \u00c1rea Industrial y Medio Ambiente de Anfac<\/span>\n\t\t\t\t\t\t\t\t                                    <img decoding=\"async\" src=\"\/\/automobsummit.com\/wp-content\/uploads\/2020\/11\/logo-nuevo.png\"\n                                         alt=\"\">\n\t\t\t\t\t\t\t\t                                <p>\n\t\t\t\t\t\t\t\t\t<p>Anfac representa los intereses comunes de los fabricantes de veh\u00edculos o derivados de los mismos, de sus motores y componentes, y de sus marcas. Anfac investiga, profundiza y difunde un mejor conocimiento de los aspectos t\u00e9cnicos, econ\u00f3micos y sociales de cara a fomentar el progreso arm\u00f3nico del sector de la automoci\u00f3n, en beneficio de todos los agentes econ\u00f3micos<\/p>                                <\/p>\n                                <div class=\"ts-speakers-social\">\n\t\t\t\t\t\t\t\t\t\t\t\t\t\t\t\t\t\t\t\t\t\t\t\t\t\t\t\t                                <\/div>\n                            <\/div>\n                            <!-- ts-speaker-popup-content end-->\n                        <\/div>\n                        <!-- col end-->\n                    <\/div>\n                    <!-- row end-->\n                <\/div>\n                <!-- popup end-->\n            <\/div>\n            <!-- ts-speaker end  -->\n\t\t\n\n\t\t\t\n\t\t\t\n\t\t\t\n\n\t\t\t\t<\/div>\n\t\t\t\t<\/div>\n\t\t\t\t\t<\/div>\n\t\t<\/div>\n\t\t\t\t<div class=\"elementor-column elementor-col-25 elementor-inner-column elementor-element elementor-element-8c7dd07\" data-id=\"8c7dd07\" data-element_type=\"column\">\n\t\t\t<div class=\"elementor-widget-wrap elementor-element-populated\">\n\t\t\t\t\t\t<div class=\"elementor-element elementor-element-9d91727 elementor-widget elementor-widget-exhibz-speaker\" data-id=\"9d91727\" data-element_type=\"widget\" data-settings=\"{&quot;ekit_we_effect_on&quot;:&quot;none&quot;}\" data-widget_type=\"exhibz-speaker.default\">\n\t\t\t\t<div class=\"elementor-widget-container\">\n\t\t\t\t\t\t            <div class=\"ts-speaker\" style=\"--speaker-color: #25cd44\">\n                <div class=\"speaker-img\">\n\t\t\t\t\t                        <img decoding=\"async\" src=\"\/\/automobsummit.com\/wp-content\/uploads\/2020\/11\/nicolas-cantaert-sumauto.png\"\n                             alt=\"\">\n\t\t\t\t\t                    <a href=\"#popup_9d917272883\"\n                       class=\"view-speaker ts-image-popup\" data-effect=\"mfp-zoom-in\">\n                        <i class=\"icon icon-plus\"><\/i>\n                    <\/a>\n                <\/div>\n                <div class=\"ts-speaker-info\">\n                    <h3 class=\"ts-title\">\n                        <a href=\"https:\/\/automobsummit.com\/es\/speaker\/nicolas-cantaert\/\"> Nicolas Cantaert <\/a>\n                    <\/h3>\n                    <p>\n\t\t\t\t\t\tDirector General de Sumauto                    <\/p>\n                <\/div>\n                <!--- speaker info end -->\n                <!-- popup start-->\n                <div id=\"popup_9d917272883\"\n                     class=\"container ts-speaker-popup mfp-hide\">\n                    <div class=\"row\">\n                        <div class=\"col-lg-6\">\n                            <div class=\"ts-speaker-popup-img\">\n\t\t\t\t\t\t\t\t                                    <img decoding=\"async\" src=\"\/\/automobsummit.com\/wp-content\/uploads\/2020\/11\/nicolas-cantaert-sumauto.png\"\n                                         alt=\"\">\n\t\t\t\t\t\t\t\t                            <\/div>\n                        <\/div>\n                        <!-- col end-->\n                        <div class=\"col-lg-6\">\n                            <div class=\"ts-speaker-popup-content\">\n                                <h3 class=\"ts-title\"><a\n                                            href=\"https:\/\/automobsummit.com\/es\/speaker\/nicolas-cantaert\/\"> Nicolas Cantaert <\/a>\n                                <\/h3>\n                                <span class=\"speakder-designation\"> Director General de Sumauto<\/span>\n\t\t\t\t\t\t\t\t                                    <img decoding=\"async\" src=\"\/\/automobsummit.com\/wp-content\/uploads\/2020\/11\/sumauto-1.jpg\"\n                                         alt=\"\">\n\t\t\t\t\t\t\t\t                                <p>\n\t\t\t\t\t\t\t\t\t<p>Sumauto es la marca B2B de motor de Vocento. A\u00fana sus cinco portales especializados en el mercado de la automoci\u00f3n (Autocasi\u00f3n, Autoscout24, Unoauto, Mascus y Motocasi\u00f3n). Ofrece a concesionarios y compraventas la opci\u00f3n de convertirse en su partner de conocimiento digital y garantizarles el m\u00e1ximo retorno de su inversi\u00f3n en canales digitales.<\/p>                                <\/p>\n                                <div class=\"ts-speakers-social\">\n\t\t\t\t\t\t\t\t\t\t\t\t\t\t\t\t\t\t\t\t\t\t\t\t\t\t\t\t                                <\/div>\n                            <\/div>\n                            <!-- ts-speaker-popup-content end-->\n                        <\/div>\n                        <!-- col end-->\n                    <\/div>\n                    <!-- row end-->\n                <\/div>\n                <!-- popup end-->\n            <\/div>\n            <!-- ts-speaker end  -->\n\t\t\n\n\t\t\t\n\t\t\t\n\t\t\t\n\n\t\t\t\t<\/div>\n\t\t\t\t<\/div>\n\t\t\t\t\t<\/div>\n\t\t<\/div>\n\t\t\t\t<div class=\"elementor-column elementor-col-25 elementor-inner-column elementor-element elementor-element-dbaf8f9\" data-id=\"dbaf8f9\" data-element_type=\"column\">\n\t\t\t<div class=\"elementor-widget-wrap elementor-element-populated\">\n\t\t\t\t\t\t<div class=\"elementor-element elementor-element-5e7b4c3 elementor-widget elementor-widget-exhibz-speaker\" data-id=\"5e7b4c3\" data-element_type=\"widget\" data-settings=\"{&quot;ekit_we_effect_on&quot;:&quot;none&quot;}\" data-widget_type=\"exhibz-speaker.default\">\n\t\t\t\t<div class=\"elementor-widget-container\">\n\t\t\t\t\t\t            <div class=\"ts-speaker\" style=\"--speaker-color: #25cd44\">\n                <div class=\"speaker-img\">\n\t\t\t\t\t                        <img decoding=\"async\" src=\"\/\/automobsummit.com\/wp-content\/uploads\/2020\/11\/Adiel-celaya.png\"\n                             alt=\"\">\n\t\t\t\t\t                    <a href=\"#popup_5e7b4c32907\"\n                       class=\"view-speaker ts-image-popup\" data-effect=\"mfp-zoom-in\">\n                        <i class=\"icon icon-plus\"><\/i>\n                    <\/a>\n                <\/div>\n                <div class=\"ts-speaker-info\">\n                    <h3 class=\"ts-title\">\n                        <a href=\"https:\/\/automobsummit.com\/es\/speaker\/adiel-ramos\/\"> Adiel Ramos <\/a>\n                    <\/h3>\n                    <p>\n\t\t\t\t\t\tDirector de desarrollo econ\u00f3mico del municipio de Celaya                    <\/p>\n                <\/div>\n                <!--- speaker info end -->\n                <!-- popup start-->\n                <div id=\"popup_5e7b4c32907\"\n                     class=\"container ts-speaker-popup mfp-hide\">\n                    <div class=\"row\">\n                        <div class=\"col-lg-6\">\n                            <div class=\"ts-speaker-popup-img\">\n\t\t\t\t\t\t\t\t                                    <img decoding=\"async\" src=\"\/\/automobsummit.com\/wp-content\/uploads\/2020\/11\/Adiel-celaya.png\"\n                                         alt=\"\">\n\t\t\t\t\t\t\t\t                            <\/div>\n                        <\/div>\n                        <!-- col end-->\n                        <div class=\"col-lg-6\">\n                            <div class=\"ts-speaker-popup-content\">\n                                <h3 class=\"ts-title\"><a\n                                            href=\"https:\/\/automobsummit.com\/es\/speaker\/adiel-ramos\/\"> Adiel Ramos <\/a>\n                                <\/h3>\n                                <span class=\"speakder-designation\"> Director de desarrollo econ\u00f3mico del municipio de Celaya<\/span>\n\t\t\t\t\t\t\t\t                                    <img decoding=\"async\" src=\"\/\/automobsummit.com\/wp-content\/uploads\/2020\/11\/descarga.jpg\"\n                                         alt=\"\">\n\t\t\t\t\t\t\t\t                                <p>\n\t\t\t\t\t\t\t\t\t<p>Director de desarrollo econ\u00f3mico del municipio de Celaya, en la regi\u00f3n mexicana de Guanajuato, que concentra una fuerte industria de automoci\u00f3n, metalmec\u00e1nica y fabricaci\u00f3n de equipos.<\/p>                                <\/p>\n                                <div class=\"ts-speakers-social\">\n\t\t\t\t\t\t\t\t\t\t\t\t\t\t\t\t\t\t\t\t\t\t\t\t\t\t\t\t                                <\/div>\n                            <\/div>\n                            <!-- ts-speaker-popup-content end-->\n                        <\/div>\n                        <!-- col end-->\n                    <\/div>\n                    <!-- row end-->\n                <\/div>\n                <!-- popup end-->\n            <\/div>\n            <!-- ts-speaker end  -->\n\t\t\n\n\t\t\t\n\t\t\t\n\t\t\t\n\n\t\t\t\t<\/div>\n\t\t\t\t<\/div>\n\t\t\t\t\t<\/div>\n\t\t<\/div>\n\t\t\t\t\t<\/div>\n\t\t<\/section>\n\t\t\t\t<section class=\"elementor-section elementor-inner-section elementor-element elementor-element-0ee0c91 elementor-section-boxed elementor-section-height-default elementor-section-height-default\" data-id=\"0ee0c91\" data-element_type=\"section\">\n\t\t\t\t\t\t<div class=\"elementor-container elementor-column-gap-default\">\n\t\t\t\t\t<div class=\"elementor-column elementor-col-25 elementor-inner-column elementor-element elementor-element-3f91b4d\" data-id=\"3f91b4d\" data-element_type=\"column\">\n\t\t\t<div class=\"elementor-widget-wrap elementor-element-populated\">\n\t\t\t\t\t\t<div class=\"elementor-element elementor-element-dada5dd elementor-widget elementor-widget-exhibz-speaker\" data-id=\"dada5dd\" data-element_type=\"widget\" data-settings=\"{&quot;ekit_we_effect_on&quot;:&quot;none&quot;}\" data-widget_type=\"exhibz-speaker.default\">\n\t\t\t\t<div class=\"elementor-widget-container\">\n\t\t\t\t\t\t            <div class=\"ts-speaker\" style=\"--speaker-color: #25cd44\">\n                <div class=\"speaker-img\">\n\t\t\t\t\t                        <img decoding=\"async\" src=\"\/\/automobsummit.com\/wp-content\/uploads\/2020\/11\/Speaker-web-foros-1.png\"\n                             alt=\"\">\n\t\t\t\t\t                    <a href=\"#popup_dada5dd2910\"\n                       class=\"view-speaker ts-image-popup\" data-effect=\"mfp-zoom-in\">\n                        <i class=\"icon icon-plus\"><\/i>\n                    <\/a>\n                <\/div>\n                <div class=\"ts-speaker-info\">\n                    <h3 class=\"ts-title\">\n                        <a href=\"https:\/\/automobsummit.com\/es\/speaker\/abdelaziz-meftah\/\"> Abdelaziz Meftah <\/a>\n                    <\/h3>\n                    <p>\n\t\t\t\t\t\tDirector General de Amica (Asociaci\u00f3n Marroqu\u00ed de la Industria del Autom\u00f3vil y los Fabricantes de Autom\u00f3viles)                    <\/p>\n                <\/div>\n                <!--- speaker info end -->\n                <!-- popup start-->\n                <div id=\"popup_dada5dd2910\"\n                     class=\"container ts-speaker-popup mfp-hide\">\n                    <div class=\"row\">\n                        <div class=\"col-lg-6\">\n                            <div class=\"ts-speaker-popup-img\">\n\t\t\t\t\t\t\t\t                                    <img decoding=\"async\" src=\"\/\/automobsummit.com\/wp-content\/uploads\/2020\/11\/Speaker-web-foros-1.png\"\n                                         alt=\"\">\n\t\t\t\t\t\t\t\t                            <\/div>\n                        <\/div>\n                        <!-- col end-->\n                        <div class=\"col-lg-6\">\n                            <div class=\"ts-speaker-popup-content\">\n                                <h3 class=\"ts-title\"><a\n                                            href=\"https:\/\/automobsummit.com\/es\/speaker\/abdelaziz-meftah\/\"> Abdelaziz Meftah <\/a>\n                                <\/h3>\n                                <span class=\"speakder-designation\"> Director General de Amica (Asociaci\u00f3n Marroqu\u00ed de la Industria del Autom\u00f3vil y los Fabricantes de Autom\u00f3viles)<\/span>\n\t\t\t\t\t\t\t\t                                    <img decoding=\"async\" src=\"\/\/automobsummit.com\/wp-content\/uploads\/2020\/11\/Association-Marocaine-Pour-LIndustrie-Et-Le-Construction-Automobile-Amica.jpg\"\n                                         alt=\"\">\n\t\t\t\t\t\t\t\t                                <p>\n\t\t\t\t\t\t\t\t\t<p>La Amica (Asociaci\u00f3n Marroqu\u00ed de la Industria del Autom\u00f3vil y los Fabricantes de Autom\u00f3viles) es agente dinamizador del sector automovil\u00edstico marroqu\u00ed, un ecosistema en enorme crecimiento en busca constante de inversores para apoyar la pujante evoluci\u00f3n de la industria automovil\u00edstica marroqu\u00ed.<\/p>                                <\/p>\n                                <div class=\"ts-speakers-social\">\n\t\t\t\t\t\t\t\t\t\t\t\t\t\t\t\t\t\t\t\t\t\t\t\t\t\t\t\t                                <\/div>\n                            <\/div>\n                            <!-- ts-speaker-popup-content end-->\n                        <\/div>\n                        <!-- col end-->\n                    <\/div>\n                    <!-- row end-->\n                <\/div>\n                <!-- popup end-->\n            <\/div>\n            <!-- ts-speaker end  -->\n\t\t\n\n\t\t\t\n\t\t\t\n\t\t\t\n\n\t\t\t\t<\/div>\n\t\t\t\t<\/div>\n\t\t\t\t\t<\/div>\n\t\t<\/div>\n\t\t\t\t<div class=\"elementor-column elementor-col-25 elementor-inner-column elementor-element elementor-element-3d73d7b\" data-id=\"3d73d7b\" data-element_type=\"column\">\n\t\t\t<div class=\"elementor-widget-wrap elementor-element-populated\">\n\t\t\t\t\t\t<div class=\"elementor-element elementor-element-932f18e elementor-widget elementor-widget-exhibz-speaker\" data-id=\"932f18e\" data-element_type=\"widget\" data-settings=\"{&quot;ekit_we_effect_on&quot;:&quot;none&quot;}\" data-widget_type=\"exhibz-speaker.default\">\n\t\t\t\t<div class=\"elementor-widget-container\">\n\t\t\t\t\t\t            <div class=\"ts-speaker\" style=\"--speaker-color: #25cd44\">\n                <div class=\"speaker-img\">\n\t\t\t\t\t                        <img decoding=\"async\" src=\"\/\/automobsummit.com\/wp-content\/uploads\/2020\/11\/garamendi-ceoe.png\"\n                             alt=\"\">\n\t\t\t\t\t                    <a href=\"#popup_932f18e2871\"\n                       class=\"view-speaker ts-image-popup\" data-effect=\"mfp-zoom-in\">\n                        <i class=\"icon icon-plus\"><\/i>\n                    <\/a>\n                <\/div>\n                <div class=\"ts-speaker-info\">\n                    <h3 class=\"ts-title\">\n                        <a href=\"https:\/\/automobsummit.com\/es\/speaker\/antonio-garamendi\/\"> Antonio Garamendi <\/a>\n                    <\/h3>\n                    <p>\n\t\t\t\t\t\tPresidente de la Confederaci\u00f3n Espa\u00f1ola de Organizaciones Empresariales (CEOE)                    <\/p>\n                <\/div>\n                <!--- speaker info end -->\n                <!-- popup start-->\n                <div id=\"popup_932f18e2871\"\n                     class=\"container ts-speaker-popup mfp-hide\">\n                    <div class=\"row\">\n                        <div class=\"col-lg-6\">\n                            <div class=\"ts-speaker-popup-img\">\n\t\t\t\t\t\t\t\t                                    <img decoding=\"async\" src=\"\/\/automobsummit.com\/wp-content\/uploads\/2020\/11\/garamendi-ceoe.png\"\n                                         alt=\"\">\n\t\t\t\t\t\t\t\t                            <\/div>\n                        <\/div>\n                        <!-- col end-->\n                        <div class=\"col-lg-6\">\n                            <div class=\"ts-speaker-popup-content\">\n                                <h3 class=\"ts-title\"><a\n                                            href=\"https:\/\/automobsummit.com\/es\/speaker\/antonio-garamendi\/\"> Antonio Garamendi <\/a>\n                                <\/h3>\n                                <span class=\"speakder-designation\"> Presidente de la Confederaci\u00f3n Espa\u00f1ola de Organizaciones Empresariales (CEOE)<\/span>\n\t\t\t\t\t\t\t\t                                    <img decoding=\"async\" src=\"\/\/automobsummit.com\/wp-content\/uploads\/2020\/11\/logo_ceoe_inline_new.png\"\n                                         alt=\"\">\n\t\t\t\t\t\t\t\t                                <p>\n\t\t\t\t\t\t\t\t\t<p>La Confederaci\u00f3n Espa\u00f1ola de Organizaciones Empresariales CEOE es una organizaci\u00f3n empresarial espa\u00f1ola fundada en junio de 1977 que representa a empresarios espa\u00f1oles, integra a empresas p\u00fablicas y privadas de todos los sectores de actividad.<\/p>                                <\/p>\n                                <div class=\"ts-speakers-social\">\n\t\t\t\t\t\t\t\t\t\t\t\t\t\t\t\t\t\t\t\t\t\t\t\t\t\t\t\t                                <\/div>\n                            <\/div>\n                            <!-- ts-speaker-popup-content end-->\n                        <\/div>\n                        <!-- col end-->\n                    <\/div>\n                    <!-- row end-->\n                <\/div>\n                <!-- popup end-->\n            <\/div>\n            <!-- ts-speaker end  -->\n\t\t\n\n\t\t\t\n\t\t\t\n\t\t\t\n\n\t\t\t\t<\/div>\n\t\t\t\t<\/div>\n\t\t\t\t\t<\/div>\n\t\t<\/div>\n\t\t\t\t<div class=\"elementor-column elementor-col-25 elementor-inner-column elementor-element elementor-element-c986c2c\" data-id=\"c986c2c\" data-element_type=\"column\">\n\t\t\t<div class=\"elementor-widget-wrap elementor-element-populated\">\n\t\t\t\t\t\t<div class=\"elementor-element elementor-element-36cd44d elementor-widget elementor-widget-exhibz-speaker\" data-id=\"36cd44d\" data-element_type=\"widget\" data-settings=\"{&quot;ekit_we_effect_on&quot;:&quot;none&quot;}\" data-widget_type=\"exhibz-speaker.default\">\n\t\t\t\t<div class=\"elementor-widget-container\">\n\t\t\t\t\t\t            <div class=\"ts-speaker\" style=\"--speaker-color: #25cd44\">\n                <div class=\"speaker-img\">\n\t\t\t\t\t                        <img decoding=\"async\" src=\"\/\/automobsummit.com\/wp-content\/uploads\/2020\/11\/justo-Sierra.png\"\n                             alt=\"\">\n\t\t\t\t\t                    <a href=\"#popup_36cd44d2736\"\n                       class=\"view-speaker ts-image-popup\" data-effect=\"mfp-zoom-in\">\n                        <i class=\"icon icon-plus\"><\/i>\n                    <\/a>\n                <\/div>\n                <div class=\"ts-speaker-info\">\n                    <h3 class=\"ts-title\">\n                        <a href=\"https:\/\/automobsummit.com\/es\/speaker\/justo-sierra\/\"> Justo Sierra <\/a>\n                    <\/h3>\n                    <p>\n\t\t\t\t\t\tPresidente de Asime                    <\/p>\n                <\/div>\n                <!--- speaker info end -->\n                <!-- popup start-->\n                <div id=\"popup_36cd44d2736\"\n                     class=\"container ts-speaker-popup mfp-hide\">\n                    <div class=\"row\">\n                        <div class=\"col-lg-6\">\n                            <div class=\"ts-speaker-popup-img\">\n\t\t\t\t\t\t\t\t                                    <img decoding=\"async\" src=\"\/\/automobsummit.com\/wp-content\/uploads\/2020\/11\/justo-Sierra.png\"\n                                         alt=\"\">\n\t\t\t\t\t\t\t\t                            <\/div>\n                        <\/div>\n                        <!-- col end-->\n                        <div class=\"col-lg-6\">\n                            <div class=\"ts-speaker-popup-content\">\n                                <h3 class=\"ts-title\"><a\n                                            href=\"https:\/\/automobsummit.com\/es\/speaker\/justo-sierra\/\"> Justo Sierra <\/a>\n                                <\/h3>\n                                <span class=\"speakder-designation\"> Presidente de Asime<\/span>\n\t\t\t\t\t\t\t\t                                    <img decoding=\"async\" src=\"\/\/automobsummit.com\/wp-content\/uploads\/2020\/09\/Asime-logo-2-2020.png\"\n                                         alt=\"\">\n\t\t\t\t\t\t\t\t                                <p>\n\t\t\t\t\t\t\t\t\t<p>Presidente de Asime, organizadora de AutoMob Summit, y Presidente de la empresa Urovesa, contratista de defensa espa\u00f1ola con larga trayectoria, especializada en la construcci\u00f3n de veh\u00edculos especiales de gran tonelaje y capacidad.<\/p>                                <\/p>\n                                <div class=\"ts-speakers-social\">\n\t\t\t\t\t\t\t\t\t\t\t\t\t\t\t\t\t\t\t\t\t\t\t\t\t\t\t\t                                <\/div>\n                            <\/div>\n                            <!-- ts-speaker-popup-content end-->\n                        <\/div>\n                        <!-- col end-->\n                    <\/div>\n                    <!-- row end-->\n                <\/div>\n                <!-- popup end-->\n            <\/div>\n            <!-- ts-speaker end  -->\n\t\t\n\n\t\t\t\n\t\t\t\n\t\t\t\n\n\t\t\t\t<\/div>\n\t\t\t\t<\/div>\n\t\t\t\t\t<\/div>\n\t\t<\/div>\n\t\t\t\t<div class=\"elementor-column elementor-col-25 elementor-inner-column elementor-element elementor-element-0947d7e\" data-id=\"0947d7e\" data-element_type=\"column\">\n\t\t\t<div class=\"elementor-widget-wrap elementor-element-populated\">\n\t\t\t\t\t\t<div class=\"elementor-element elementor-element-a59e973 elementor-widget elementor-widget-exhibz-speaker\" data-id=\"a59e973\" data-element_type=\"widget\" data-settings=\"{&quot;ekit_we_effect_on&quot;:&quot;none&quot;}\" data-widget_type=\"exhibz-speaker.default\">\n\t\t\t\t<div class=\"elementor-widget-container\">\n\t\t\t\t\t\t            <div class=\"ts-speaker\" style=\"--speaker-color: #25cd44\">\n                <div class=\"speaker-img\">\n\t\t\t\t\t                        <img decoding=\"async\" src=\"\/\/automobsummit.com\/wp-content\/uploads\/2020\/11\/Raul-blanco-ministerio-industria.png\"\n                             alt=\"\">\n\t\t\t\t\t                    <a href=\"#popup_a59e9732840\"\n                       class=\"view-speaker ts-image-popup\" data-effect=\"mfp-zoom-in\">\n                        <i class=\"icon icon-plus\"><\/i>\n                    <\/a>\n                <\/div>\n                <div class=\"ts-speaker-info\">\n                    <h3 class=\"ts-title\">\n                        <a href=\"https:\/\/automobsummit.com\/es\/speaker\/raul-blanco\/\"> Ra\u00fal Blanco <\/a>\n                    <\/h3>\n                    <p>\n\t\t\t\t\t\t Secretario General de Industria y de la Peque\u00f1a y Mediana Empresa Gobierno de Espa\u00f1a                    <\/p>\n                <\/div>\n                <!--- speaker info end -->\n                <!-- popup start-->\n                <div id=\"popup_a59e9732840\"\n                     class=\"container ts-speaker-popup mfp-hide\">\n                    <div class=\"row\">\n                        <div class=\"col-lg-6\">\n                            <div class=\"ts-speaker-popup-img\">\n\t\t\t\t\t\t\t\t                                    <img decoding=\"async\" src=\"\/\/automobsummit.com\/wp-content\/uploads\/2020\/11\/Raul-blanco-ministerio-industria.png\"\n                                         alt=\"\">\n\t\t\t\t\t\t\t\t                            <\/div>\n                        <\/div>\n                        <!-- col end-->\n                        <div class=\"col-lg-6\">\n                            <div class=\"ts-speaker-popup-content\">\n                                <h3 class=\"ts-title\"><a\n                                            href=\"https:\/\/automobsummit.com\/es\/speaker\/raul-blanco\/\"> Ra\u00fal Blanco <\/a>\n                                <\/h3>\n                                <span class=\"speakder-designation\">  Secretario General de Industria y de la Peque\u00f1a y Mediana Empresa Gobierno de Espa\u00f1a<\/span>\n\t\t\t\t\t\t\t\t                                    <img decoding=\"async\" src=\"\/\/automobsummit.com\/wp-content\/uploads\/2020\/11\/logo-ministerio-industria-comercio-amarillo.png\"\n                                         alt=\"\">\n\t\t\t\t\t\t\t\t                                <p>\n\t\t\t\t\t\t\t\t\t<p>Secretario General de la divisi\u00f3n de Industria y Pyme del Ministerio de Econom\u00eda, Industria y Turismo.<\/p>                                <\/p>\n                                <div class=\"ts-speakers-social\">\n\t\t\t\t\t\t\t\t\t\t\t\t\t\t\t\t\t\t\t\t\t\t\t\t\t\t\t\t                                <\/div>\n                            <\/div>\n                            <!-- ts-speaker-popup-content end-->\n                        <\/div>\n                        <!-- col end-->\n                    <\/div>\n                    <!-- row end-->\n                <\/div>\n                <!-- popup end-->\n            <\/div>\n            <!-- ts-speaker end  -->\n\t\t\n\n\t\t\t\n\t\t\t\n\t\t\t\n\n\t\t\t\t<\/div>\n\t\t\t\t<\/div>\n\t\t\t\t\t<\/div>\n\t\t<\/div>\n\t\t\t\t\t<\/div>\n\t\t<\/section>\n\t\t\t\t<section class=\"elementor-section elementor-inner-section elementor-element elementor-element-e087969 elementor-section-boxed elementor-section-height-default elementor-section-height-default\" data-id=\"e087969\" data-element_type=\"section\">\n\t\t\t\t\t\t<div class=\"elementor-container elementor-column-gap-default\">\n\t\t\t\t\t<div class=\"elementor-column elementor-col-25 elementor-inner-column elementor-element elementor-element-456c0c0\" data-id=\"456c0c0\" data-element_type=\"column\">\n\t\t\t<div class=\"elementor-widget-wrap elementor-element-populated\">\n\t\t\t\t\t\t<div class=\"elementor-element elementor-element-484a79d elementor-widget elementor-widget-exhibz-speaker\" data-id=\"484a79d\" data-element_type=\"widget\" data-settings=\"{&quot;ekit_we_effect_on&quot;:&quot;none&quot;}\" data-widget_type=\"exhibz-speaker.default\">\n\t\t\t\t<div class=\"elementor-widget-container\">\n\t\t\t\t\t\t            <div class=\"ts-speaker\" style=\"--speaker-color: #25cd44\">\n                <div class=\"speaker-img\">\n\t\t\t\t\t                        <img decoding=\"async\" src=\"\/\/automobsummit.com\/wp-content\/uploads\/2020\/10\/MJ-Rallo-ministerio-transportes-1.png\"\n                             alt=\"\">\n\t\t\t\t\t                    <a href=\"#popup_484a79d2701\"\n                       class=\"view-speaker ts-image-popup\" data-effect=\"mfp-zoom-in\">\n                        <i class=\"icon icon-plus\"><\/i>\n                    <\/a>\n                <\/div>\n                <div class=\"ts-speaker-info\">\n                    <h3 class=\"ts-title\">\n                        <a href=\"https:\/\/automobsummit.com\/es\/speaker\/maria-jose-rayo\/\"> Mar\u00eda Jos\u00e9 Rallo <\/a>\n                    <\/h3>\n                    <p>\n\t\t\t\t\t\tSecretaria General de Transportes y Movilidad Gobierno de Espa\u00f1a                    <\/p>\n                <\/div>\n                <!--- speaker info end -->\n                <!-- popup start-->\n                <div id=\"popup_484a79d2701\"\n                     class=\"container ts-speaker-popup mfp-hide\">\n                    <div class=\"row\">\n                        <div class=\"col-lg-6\">\n                            <div class=\"ts-speaker-popup-img\">\n\t\t\t\t\t\t\t\t                                    <img decoding=\"async\" src=\"\/\/automobsummit.com\/wp-content\/uploads\/2020\/10\/MJ-Rallo-ministerio-transportes-1.png\"\n                                         alt=\"\">\n\t\t\t\t\t\t\t\t                            <\/div>\n                        <\/div>\n                        <!-- col end-->\n                        <div class=\"col-lg-6\">\n                            <div class=\"ts-speaker-popup-content\">\n                                <h3 class=\"ts-title\"><a\n                                            href=\"https:\/\/automobsummit.com\/es\/speaker\/maria-jose-rayo\/\"> Mar\u00eda Jos\u00e9 Rallo <\/a>\n                                <\/h3>\n                                <span class=\"speakder-designation\"> Secretaria General de Transportes y Movilidad Gobierno de Espa\u00f1a<\/span>\n\t\t\t\t\t\t\t\t                                    <img decoding=\"async\" src=\"\/\/automobsummit.com\/wp-content\/uploads\/2020\/10\/2560px-Logotipo_del_Ministerio_de_Transportes_Movilidad_y_Agenda_Urbana.svg.png\"\n                                         alt=\"\">\n\t\t\t\t\t\t\t\t                                <p>\n\t\t\t\t\t\t\t\t\t<p>Secretaria General en el Ministerio de Transportes, Movilidad y Agenda Urbana, responsable de la Estrategia Espa\u00f1ola de Movilidad Segura, Sostenible y Conectada 2030.<\/p>                                <\/p>\n                                <div class=\"ts-speakers-social\">\n\t\t\t\t\t\t\t\t\t\t\t\t\t\t\t\t\t\t\t                                            <a href=\"https:\/\/esmovilidad.mitma.es\/ejes-estrategicos\"\n                                               target=\"_blank\" rel=\"noreferrer\">\n                                                <i class=\"fa fa-at\"><\/i>\n                                            <\/a>\n\t\t\t\t\t\t\t\t\t\t\t\t\t\t\t\t\t\t\t                                <\/div>\n                            <\/div>\n                            <!-- ts-speaker-popup-content end-->\n                        <\/div>\n                        <!-- col end-->\n                    <\/div>\n                    <!-- row end-->\n                <\/div>\n                <!-- popup end-->\n            <\/div>\n            <!-- ts-speaker end  -->\n\t\t\n\n\t\t\t\n\t\t\t\n\t\t\t\n\n\t\t\t\t<\/div>\n\t\t\t\t<\/div>\n\t\t\t\t\t<\/div>\n\t\t<\/div>\n\t\t\t\t<div class=\"elementor-column elementor-col-25 elementor-inner-column elementor-element elementor-element-3220b47\" data-id=\"3220b47\" data-element_type=\"column\">\n\t\t\t<div class=\"elementor-widget-wrap elementor-element-populated\">\n\t\t\t\t\t\t<div class=\"elementor-element elementor-element-a596f7b elementor-widget elementor-widget-exhibz-speaker\" data-id=\"a596f7b\" data-element_type=\"widget\" data-settings=\"{&quot;ekit_we_effect_on&quot;:&quot;none&quot;}\" data-widget_type=\"exhibz-speaker.default\">\n\t\t\t\t<div class=\"elementor-widget-container\">\n\t\t\t\t\t\t            <div class=\"ts-speaker\" style=\"--speaker-color: #25cd44\">\n                <div class=\"speaker-img\">\n\t\t\t\t\t                        <img decoding=\"async\" src=\"\/\/automobsummit.com\/wp-content\/uploads\/2020\/11\/Abel-Caballero.png\"\n                             alt=\"\">\n\t\t\t\t\t                    <a href=\"#popup_a596f7b2797\"\n                       class=\"view-speaker ts-image-popup\" data-effect=\"mfp-zoom-in\">\n                        <i class=\"icon icon-plus\"><\/i>\n                    <\/a>\n                <\/div>\n                <div class=\"ts-speaker-info\">\n                    <h3 class=\"ts-title\">\n                        <a href=\"https:\/\/automobsummit.com\/es\/speaker\/abel-caballero\/\"> Abel Caballero <\/a>\n                    <\/h3>\n                    <p>\n\t\t\t\t\t\tAlcalde de Vigo                    <\/p>\n                <\/div>\n                <!--- speaker info end -->\n                <!-- popup start-->\n                <div id=\"popup_a596f7b2797\"\n                     class=\"container ts-speaker-popup mfp-hide\">\n                    <div class=\"row\">\n                        <div class=\"col-lg-6\">\n                            <div class=\"ts-speaker-popup-img\">\n\t\t\t\t\t\t\t\t                                    <img decoding=\"async\" src=\"\/\/automobsummit.com\/wp-content\/uploads\/2020\/11\/Abel-Caballero.png\"\n                                         alt=\"\">\n\t\t\t\t\t\t\t\t                            <\/div>\n                        <\/div>\n                        <!-- col end-->\n                        <div class=\"col-lg-6\">\n                            <div class=\"ts-speaker-popup-content\">\n                                <h3 class=\"ts-title\"><a\n                                            href=\"https:\/\/automobsummit.com\/es\/speaker\/abel-caballero\/\"> Abel Caballero <\/a>\n                                <\/h3>\n                                <span class=\"speakder-designation\"> Alcalde de Vigo<\/span>\n\t\t\t\t\t\t\t\t                                    <img decoding=\"async\" src=\"\/\/automobsummit.com\/wp-content\/uploads\/2020\/11\/logo-concello-de-vigo.png\"\n                                         alt=\"\">\n\t\t\t\t\t\t\t\t                                <p>\n\t\t\t\t\t\t\t\t\t<p>Alcalde de Vigo, ciudad\u00a0cuna de la automoci\u00f3n de Galicia, donde se fabrican muchos de los coches que recorren las calles de medio mundo en la factor\u00eda de PSA Peugeot Citro\u00ebn, la primera que la firma instal\u00f3 en Espa\u00f1a.<\/p>                                <\/p>\n                                <div class=\"ts-speakers-social\">\n\t\t\t\t\t\t\t\t\t\t\t\t\t\t\t\t\t\t\t\t\t\t\t\t\t\t\t\t                                <\/div>\n                            <\/div>\n                            <!-- ts-speaker-popup-content end-->\n                        <\/div>\n                        <!-- col end-->\n                    <\/div>\n                    <!-- row end-->\n                <\/div>\n                <!-- popup end-->\n            <\/div>\n            <!-- ts-speaker end  -->\n\t\t\n\n\t\t\t\n\t\t\t\n\t\t\t\n\n\t\t\t\t<\/div>\n\t\t\t\t<\/div>\n\t\t\t\t\t<\/div>\n\t\t<\/div>\n\t\t\t\t<div class=\"elementor-column elementor-col-25 elementor-inner-column elementor-element elementor-element-84e39a2\" data-id=\"84e39a2\" data-element_type=\"column\">\n\t\t\t<div class=\"elementor-widget-wrap elementor-element-populated\">\n\t\t\t\t\t\t<div class=\"elementor-element elementor-element-c3e01bc elementor-widget elementor-widget-exhibz-speaker\" data-id=\"c3e01bc\" data-element_type=\"widget\" data-settings=\"{&quot;ekit_we_effect_on&quot;:&quot;none&quot;}\" data-widget_type=\"exhibz-speaker.default\">\n\t\t\t\t<div class=\"elementor-widget-container\">\n\t\t\t\t\t\t            <div class=\"ts-speaker\" style=\"--speaker-color: #25cd44\">\n                <div class=\"speaker-img\">\n\t\t\t\t\t                        <img decoding=\"async\" src=\"\/\/automobsummit.com\/wp-content\/uploads\/2020\/11\/Speaker-web-foros.png\"\n                             alt=\"\">\n\t\t\t\t\t                    <a href=\"#popup_c3e01bc2938\"\n                       class=\"view-speaker ts-image-popup\" data-effect=\"mfp-zoom-in\">\n                        <i class=\"icon icon-plus\"><\/i>\n                    <\/a>\n                <\/div>\n                <div class=\"ts-speaker-info\">\n                    <h3 class=\"ts-title\">\n                        <a href=\"https:\/\/automobsummit.com\/es\/speaker\/alberto-nunez-feijoo\/\"> Alberto N\u00fa\u00f1ez Feij\u00f3o <\/a>\n                    <\/h3>\n                    <p>\n\t\t\t\t\t\tPresidente de la Xunta de Galicia                    <\/p>\n                <\/div>\n                <!--- speaker info end -->\n                <!-- popup start-->\n                <div id=\"popup_c3e01bc2938\"\n                     class=\"container ts-speaker-popup mfp-hide\">\n                    <div class=\"row\">\n                        <div class=\"col-lg-6\">\n                            <div class=\"ts-speaker-popup-img\">\n\t\t\t\t\t\t\t\t                                    <img decoding=\"async\" src=\"\/\/automobsummit.com\/wp-content\/uploads\/2020\/11\/Speaker-web-foros.png\"\n                                         alt=\"\">\n\t\t\t\t\t\t\t\t                            <\/div>\n                        <\/div>\n                        <!-- col end-->\n                        <div class=\"col-lg-6\">\n                            <div class=\"ts-speaker-popup-content\">\n                                <h3 class=\"ts-title\"><a\n                                            href=\"https:\/\/automobsummit.com\/es\/speaker\/alberto-nunez-feijoo\/\"> Alberto N\u00fa\u00f1ez Feij\u00f3o <\/a>\n                                <\/h3>\n                                <span class=\"speakder-designation\"> Presidente de la Xunta de Galicia<\/span>\n\t\t\t\t\t\t\t\t                                    <img decoding=\"async\" src=\"\/\/automobsummit.com\/wp-content\/uploads\/2020\/11\/xunta.png\"\n                                         alt=\"\">\n\t\t\t\t\t\t\t\t                                <p>\n\t\t\t\t\t\t\t\t\t<p>Presidente de la Xunta de Galicia, responsable de las iniciativas relacionadas con la innovaci\u00f3n, el emprendimiento y la internacionalizaci\u00f3n de las empresas gallegas.<\/p>                                <\/p>\n                                <div class=\"ts-speakers-social\">\n\t\t\t\t\t\t\t\t\t\t\t\t\t\t\t\t\t\t\t\t\t\t\t\t\t\t\t\t                                <\/div>\n                            <\/div>\n                            <!-- ts-speaker-popup-content end-->\n                        <\/div>\n                        <!-- col end-->\n                    <\/div>\n                    <!-- row end-->\n                <\/div>\n                <!-- popup end-->\n            <\/div>\n            <!-- ts-speaker end  -->\n\t\t\n\n\t\t\t\n\t\t\t\n\t\t\t\n\n\t\t\t\t<\/div>\n\t\t\t\t<\/div>\n\t\t\t\t\t<\/div>\n\t\t<\/div>\n\t\t\t\t<div class=\"elementor-column elementor-col-25 elementor-inner-column elementor-element elementor-element-ee7dc15\" data-id=\"ee7dc15\" data-element_type=\"column\">\n\t\t\t<div class=\"elementor-widget-wrap elementor-element-populated\">\n\t\t\t\t\t\t<div class=\"elementor-element elementor-element-bfd9292 elementor-widget elementor-widget-exhibz-speaker\" data-id=\"bfd9292\" data-element_type=\"widget\" data-settings=\"{&quot;ekit_we_effect_on&quot;:&quot;none&quot;}\" data-widget_type=\"exhibz-speaker.default\">\n\t\t\t\t<div class=\"elementor-widget-container\">\n\t\t\t\t\t\t            <div class=\"ts-speaker\" style=\"--speaker-color: #25cd44\">\n                <div class=\"speaker-img\">\n\t\t\t\t\t                        <img decoding=\"async\" src=\"\/\/automobsummit.com\/wp-content\/uploads\/2020\/10\/David-Regades.png\"\n                             alt=\"\">\n\t\t\t\t\t                    <a href=\"#popup_bfd92922693\"\n                       class=\"view-speaker ts-image-popup\" data-effect=\"mfp-zoom-in\">\n                        <i class=\"icon icon-plus\"><\/i>\n                    <\/a>\n                <\/div>\n                <div class=\"ts-speaker-info\">\n                    <h3 class=\"ts-title\">\n                        <a href=\"https:\/\/automobsummit.com\/es\/speaker\/david-regades\/\"> David Regades <\/a>\n                    <\/h3>\n                    <p>\n\t\t\t\t\t\tDelegado del Estado, Zona Franca de Vigo                    <\/p>\n                <\/div>\n                <!--- speaker info end -->\n                <!-- popup start-->\n                <div id=\"popup_bfd92922693\"\n                     class=\"container ts-speaker-popup mfp-hide\">\n                    <div class=\"row\">\n                        <div class=\"col-lg-6\">\n                            <div class=\"ts-speaker-popup-img\">\n\t\t\t\t\t\t\t\t                                    <img decoding=\"async\" src=\"\/\/automobsummit.com\/wp-content\/uploads\/2020\/10\/David-Regades.png\"\n                                         alt=\"\">\n\t\t\t\t\t\t\t\t                            <\/div>\n                        <\/div>\n                        <!-- col end-->\n                        <div class=\"col-lg-6\">\n                            <div class=\"ts-speaker-popup-content\">\n                                <h3 class=\"ts-title\"><a\n                                            href=\"https:\/\/automobsummit.com\/es\/speaker\/david-regades\/\"> David Regades <\/a>\n                                <\/h3>\n                                <span class=\"speakder-designation\"> Delegado del Estado, Zona Franca de Vigo<\/span>\n\t\t\t\t\t\t\t\t                                    <img decoding=\"async\" src=\"\/\/automobsummit.com\/wp-content\/uploads\/2020\/10\/descarga-1.png\"\n                                         alt=\"\">\n\t\t\t\t\t\t\t\t                                <p>\n\t\t\t\t\t\t\t\t\t<p>Instituci\u00f3n p\u00fablica que gestiona una zona franca de comercio internacional y act\u00faa como agencia de desarrollo econ\u00f3mico.<\/p>                                <\/p>\n                                <div class=\"ts-speakers-social\">\n\t\t\t\t\t\t\t\t\t\t\t\t\t\t\t\t\t\t\t                                            <a href=\"https:\/\/www.linkedin.com\/company\/consorcio-zona-franca-de-vigo\/?originalSubdomain=es\"\n                                               target=\"_blank\" rel=\"noreferrer\">\n                                                <i class=\"fa fa-linkedin\"><\/i>\n                                            <\/a>\n\t\t\t\t\t\t\t\t\t\t\t\t\t\t\t\t\t\t\t                                <\/div>\n                            <\/div>\n                            <!-- ts-speaker-popup-content end-->\n                        <\/div>\n                        <!-- col end-->\n                    <\/div>\n                    <!-- row end-->\n                <\/div>\n                <!-- popup end-->\n            <\/div>\n            <!-- ts-speaker end  -->\n\t\t\n\n\t\t\t\n\t\t\t\n\t\t\t\n\n\t\t\t\t<\/div>\n\t\t\t\t<\/div>\n\t\t\t\t\t<\/div>\n\t\t<\/div>\n\t\t\t\t\t<\/div>\n\t\t<\/section>\n\t\t\t\t<section class=\"elementor-section elementor-inner-section elementor-element elementor-element-d944c11 elementor-section-boxed elementor-section-height-default elementor-section-height-default\" data-id=\"d944c11\" data-element_type=\"section\">\n\t\t\t\t\t\t<div class=\"elementor-container elementor-column-gap-default\">\n\t\t\t\t\t<div class=\"elementor-column elementor-col-33 elementor-inner-column elementor-element elementor-element-01d274c\" data-id=\"01d274c\" data-element_type=\"column\">\n\t\t\t<div class=\"elementor-widget-wrap elementor-element-populated\">\n\t\t\t\t\t\t<div class=\"elementor-element elementor-element-da195c0 elementor-widget elementor-widget-exhibz-speaker\" data-id=\"da195c0\" data-element_type=\"widget\" data-settings=\"{&quot;ekit_we_effect_on&quot;:&quot;none&quot;}\" data-widget_type=\"exhibz-speaker.default\">\n\t\t\t\t<div class=\"elementor-widget-container\">\n\t\t\t\t\t\t            <div class=\"ts-speaker\" style=\"--speaker-color: #25cd44\">\n                <div class=\"speaker-img\">\n\t\t\t\t\t                        <img decoding=\"async\" src=\"\/\/automobsummit.com\/wp-content\/uploads\/2020\/10\/Guldris-Igape.png\"\n                             alt=\"\">\n\t\t\t\t\t                    <a href=\"#popup_da195c02700\"\n                       class=\"view-speaker ts-image-popup\" data-effect=\"mfp-zoom-in\">\n                        <i class=\"icon icon-plus\"><\/i>\n                    <\/a>\n                <\/div>\n                <div class=\"ts-speaker-info\">\n                    <h3 class=\"ts-title\">\n                        <a href=\"https:\/\/automobsummit.com\/es\/speaker\/fernando-guldris\/\"> Fernando Guldr\u00eds <\/a>\n                    <\/h3>\n                    <p>\n\t\t\t\t\t\tDirector General del Instituto Galego de Promoci\u00f3n Econ\u00f3mica de la Xunta de Galicia                    <\/p>\n                <\/div>\n                <!--- speaker info end -->\n                <!-- popup start-->\n                <div id=\"popup_da195c02700\"\n                     class=\"container ts-speaker-popup mfp-hide\">\n                    <div class=\"row\">\n                        <div class=\"col-lg-6\">\n                            <div class=\"ts-speaker-popup-img\">\n\t\t\t\t\t\t\t\t                                    <img decoding=\"async\" src=\"\/\/automobsummit.com\/wp-content\/uploads\/2020\/10\/Guldris-Igape.png\"\n                                         alt=\"\">\n\t\t\t\t\t\t\t\t                            <\/div>\n                        <\/div>\n                        <!-- col end-->\n                        <div class=\"col-lg-6\">\n                            <div class=\"ts-speaker-popup-content\">\n                                <h3 class=\"ts-title\"><a\n                                            href=\"https:\/\/automobsummit.com\/es\/speaker\/fernando-guldris\/\"> Fernando Guldr\u00eds <\/a>\n                                <\/h3>\n                                <span class=\"speakder-designation\"> Director General del Instituto Galego de Promoci\u00f3n Econ\u00f3mica de la Xunta de Galicia<\/span>\n\t\t\t\t\t\t\t\t                                    <img decoding=\"async\" src=\"\/\/automobsummit.com\/wp-content\/uploads\/2020\/10\/LogosCFLG_8-IGAPE-300x151-1.png\"\n                                         alt=\"\">\n\t\t\t\t\t\t\t\t                                <p>\n\t\t\t\t\t\t\t\t\t<p>Director del Instituto Gallego de Promoci\u00f3n Econ\u00f3mica (IGAPE), la agencia adscrita a la Conseller\u00eda de Econom\u00eda, Emprego e Industria, que se encarga del desarrollo econ\u00f3mico de Galicia.<\/p>                                <\/p>\n                                <div class=\"ts-speakers-social\">\n\t\t\t\t\t\t\t\t\t\t\t\t\t\t\t\t\t\t\t                                            <a href=\"https:\/\/www.xunta.gal\/vicepresidencia2-ceei\/saudo\"\n                                               target=\"_blank\" rel=\"noreferrer\">\n                                                <i class=\"fa fa-at\"><\/i>\n                                            <\/a>\n\t\t\t\t\t\t\t\t\t\t\t\t\t\t\t\t\t\t\t                                <\/div>\n                            <\/div>\n                            <!-- ts-speaker-popup-content end-->\n                        <\/div>\n                        <!-- col end-->\n                    <\/div>\n                    <!-- row end-->\n                <\/div>\n                <!-- popup end-->\n            <\/div>\n            <!-- ts-speaker end  -->\n\t\t\n\n\t\t\t\n\t\t\t\n\t\t\t\n\n\t\t\t\t<\/div>\n\t\t\t\t<\/div>\n\t\t\t\t\t<\/div>\n\t\t<\/div>\n\t\t\t\t<div class=\"elementor-column elementor-col-33 elementor-inner-column elementor-element elementor-element-8a4002a\" data-id=\"8a4002a\" data-element_type=\"column\">\n\t\t\t<div class=\"elementor-widget-wrap elementor-element-populated\">\n\t\t\t\t\t\t<div class=\"elementor-element elementor-element-3f565ed elementor-widget elementor-widget-exhibz-speaker\" data-id=\"3f565ed\" data-element_type=\"widget\" data-settings=\"{&quot;ekit_we_effect_on&quot;:&quot;none&quot;}\" data-widget_type=\"exhibz-speaker.default\">\n\t\t\t\t<div class=\"elementor-widget-container\">\n\t\t\t\t\t\t            <div class=\"ts-speaker\" style=\"--speaker-color: #25cd44\">\n                <div class=\"speaker-img\">\n\t\t\t\t\t                        <img decoding=\"async\" src=\"\/\/automobsummit.com\/wp-content\/uploads\/2020\/11\/Alberto-Ruiz.png\"\n                             alt=\"\">\n\t\t\t\t\t                    <a href=\"#popup_3f565ed2946\"\n                       class=\"view-speaker ts-image-popup\" data-effect=\"mfp-zoom-in\">\n                        <i class=\"icon icon-plus\"><\/i>\n                    <\/a>\n                <\/div>\n                <div class=\"ts-speaker-info\">\n                    <h3 class=\"ts-title\">\n                        <a href=\"https:\/\/automobsummit.com\/es\/speaker\/alberto-ruiz\/\"> Alberto Ruiz <\/a>\n                    <\/h3>\n                    <p>\n\t\t\t\t\t\tConsejero de Industria de Representaci\u00f3n Permanente de Espa\u00f1a ante la Uni\u00f3n Europea es una Embajada del Gobierno Espa\u00f1ol                    <\/p>\n                <\/div>\n                <!--- speaker info end -->\n                <!-- popup start-->\n                <div id=\"popup_3f565ed2946\"\n                     class=\"container ts-speaker-popup mfp-hide\">\n                    <div class=\"row\">\n                        <div class=\"col-lg-6\">\n                            <div class=\"ts-speaker-popup-img\">\n\t\t\t\t\t\t\t\t                                    <img decoding=\"async\" src=\"\/\/automobsummit.com\/wp-content\/uploads\/2020\/11\/Alberto-Ruiz.png\"\n                                         alt=\"\">\n\t\t\t\t\t\t\t\t                            <\/div>\n                        <\/div>\n                        <!-- col end-->\n                        <div class=\"col-lg-6\">\n                            <div class=\"ts-speaker-popup-content\">\n                                <h3 class=\"ts-title\"><a\n                                            href=\"https:\/\/automobsummit.com\/es\/speaker\/alberto-ruiz\/\"> Alberto Ruiz <\/a>\n                                <\/h3>\n                                <span class=\"speakder-designation\"> Consejero de Industria de Representaci\u00f3n Permanente de Espa\u00f1a ante la Uni\u00f3n Europea es una Embajada del Gobierno Espa\u00f1ol<\/span>\n\t\t\t\t\t\t\t\t                                    <img decoding=\"async\" src=\"\/\/automobsummit.com\/wp-content\/uploads\/2021\/11\/reper.png\"\n                                         alt=\"\">\n\t\t\t\t\t\t\t\t                                <p>\n\t\t\t\t\t\t\t\t\t<p>La Representaci\u00f3n Permanente (REPER) de Espa\u00f1a ante la Uni\u00f3n Europea es una Embajada del Gobierno espa\u00f1ol compuesta por funcionarios de todos los ministerios, expertos en los temas de su competencia, que trabajan coordinadamente bajo las instrucciones de los Embajadores y sus ministerios en Madrid.<\/p><p>La misi\u00f3n de la REPER es promover y defender los intereses de los espa\u00f1oles y de todos los europeos en su conjunto en el proceso de toma de decisiones, defender la posici\u00f3n espa\u00f1ola e influir en las decisiones, siempre con el objetivo de construir una Europa m\u00e1s justa y equilibrada para todos los ciudadanos de la Uni\u00f3n. Para ello, tiene la doble funci\u00f3n de formar parte del Consejo de la Uni\u00f3n Europea y defender los intereses de Espa\u00f1a ante todas las instituciones de la Uni\u00f3n.<\/p>                                <\/p>\n                                <div class=\"ts-speakers-social\">\n\t\t\t\t\t\t\t\t\t\t\t\t\t\t\t\t\t\t\t\t\t\t\t\t\t\t\t\t                                <\/div>\n                            <\/div>\n                            <!-- ts-speaker-popup-content end-->\n                        <\/div>\n                        <!-- col end-->\n                    <\/div>\n                    <!-- row end-->\n                <\/div>\n                <!-- popup end-->\n            <\/div>\n            <!-- ts-speaker end  -->\n\t\t\n\n\t\t\t\n\t\t\t\n\t\t\t\n\n\t\t\t\t<\/div>\n\t\t\t\t<\/div>\n\t\t\t\t\t<\/div>\n\t\t<\/div>\n\t\t\t\t<div class=\"elementor-column elementor-col-33 elementor-inner-column elementor-element elementor-element-f9191c9\" data-id=\"f9191c9\" data-element_type=\"column\">\n\t\t\t<div class=\"elementor-widget-wrap elementor-element-populated\">\n\t\t\t\t\t\t<div class=\"elementor-element elementor-element-510a672 elementor-widget elementor-widget-exhibz-speaker\" data-id=\"510a672\" data-element_type=\"widget\" data-settings=\"{&quot;ekit_we_effect_on&quot;:&quot;none&quot;}\" data-widget_type=\"exhibz-speaker.default\">\n\t\t\t\t<div class=\"elementor-widget-container\">\n\t\t\t\t\t\t            <div class=\"ts-speaker\" style=\"--speaker-color: #25cd44\">\n                <div class=\"speaker-img\">\n\t\t\t\t\t                        <img decoding=\"async\" src=\"\/\/automobsummit.com\/wp-content\/uploads\/2020\/11\/Felipe-INSIA.png\"\n                             alt=\"\">\n\t\t\t\t\t                    <a href=\"#popup_510a6722788\"\n                       class=\"view-speaker ts-image-popup\" data-effect=\"mfp-zoom-in\">\n                        <i class=\"icon icon-plus\"><\/i>\n                    <\/a>\n                <\/div>\n                <div class=\"ts-speaker-info\">\n                    <h3 class=\"ts-title\">\n                        <a href=\"https:\/\/automobsummit.com\/es\/speaker\/felipe-jimenez-alonso\/\"> Felipe Jim\u00e9nez Alonso <\/a>\n                    <\/h3>\n                    <p>\n\t\t\t\t\t\tDirector de la Unidad de Sistemas Inteligentes del Instituto Universitario de Investigaci\u00f3n del Autom\u00f3vil (INSIA)                    <\/p>\n                <\/div>\n                <!--- speaker info end -->\n                <!-- popup start-->\n                <div id=\"popup_510a6722788\"\n                     class=\"container ts-speaker-popup mfp-hide\">\n                    <div class=\"row\">\n                        <div class=\"col-lg-6\">\n                            <div class=\"ts-speaker-popup-img\">\n\t\t\t\t\t\t\t\t                                    <img decoding=\"async\" src=\"\/\/automobsummit.com\/wp-content\/uploads\/2020\/11\/Felipe-INSIA.png\"\n                                         alt=\"\">\n\t\t\t\t\t\t\t\t                            <\/div>\n                        <\/div>\n                        <!-- col end-->\n                        <div class=\"col-lg-6\">\n                            <div class=\"ts-speaker-popup-content\">\n                                <h3 class=\"ts-title\"><a\n                                            href=\"https:\/\/automobsummit.com\/es\/speaker\/felipe-jimenez-alonso\/\"> Felipe Jim\u00e9nez Alonso <\/a>\n                                <\/h3>\n                                <span class=\"speakder-designation\"> Director de la Unidad de Sistemas Inteligentes del Instituto Universitario de Investigaci\u00f3n del Autom\u00f3vil (INSIA)<\/span>\n\t\t\t\t\t\t\t\t                                    <img decoding=\"async\" src=\"\/\/automobsummit.com\/wp-content\/uploads\/2020\/11\/LOGO-INSIA-UPM.jpg\"\n                                         alt=\"\">\n\t\t\t\t\t\t\t\t                                <p>\n\t\t\t\t\t\t\t\t\t<p>El Instituto Universitario de Investigaci\u00f3n del Autom\u00f3vil (INSIA) es un Centro de Investigaci\u00f3n de la Universidad Polit\u00e9cnica Madrid. Fue el primer centro de Investigaci\u00f3n en el \u00e1mbito de los veh\u00edculos autom\u00f3viles en Espa\u00f1a y desde su unidad de sistemas inteligentes desarrollan actualmente tecnolog\u00edas para la conducci\u00f3n aut\u00f3noma cooperativa, sistemas ADAS, asistencia al conductor basadas en la automatizaci\u00f3n, posicionamiento del veh\u00edculo en mapas electr\u00f3nicos y dem\u00e1s elementos del veh\u00edculo del futuro.<\/p>                                <\/p>\n                                <div class=\"ts-speakers-social\">\n\t\t\t\t\t\t\t\t\t\t\t\t\t\t\t\t\t\t\t\t\t\t\t\t\t\t\t\t                                <\/div>\n                            <\/div>\n                            <!-- ts-speaker-popup-content end-->\n                        <\/div>\n                        <!-- col end-->\n                    <\/div>\n                    <!-- row end-->\n                <\/div>\n                <!-- popup end-->\n            <\/div>\n            <!-- ts-speaker end  -->\n\t\t\n\n\t\t\t\n\t\t\t\n\t\t\t\n\n\t\t\t\t<\/div>\n\t\t\t\t<\/div>\n\t\t\t\t\t<\/div>\n\t\t<\/div>\n\t\t\t\t\t<\/div>\n\t\t<\/section>\n\t\t\t\t\t<\/div>\n\t\t<\/div>\n\t\t\t\t\t<\/div>\n\t\t<\/section>\n\t\t\t\t<section class=\"elementor-section elementor-top-section elementor-element elementor-element-c3b1e3f elementor-section-boxed elementor-section-height-default elementor-section-height-default\" data-id=\"c3b1e3f\" data-element_type=\"section\">\n\t\t\t\t\t\t<div class=\"elementor-container elementor-column-gap-default\">\n\t\t\t\t\t<div class=\"elementor-column elementor-col-100 elementor-top-column elementor-element elementor-element-9fbffb9\" data-id=\"9fbffb9\" data-element_type=\"column\">\n\t\t\t<div class=\"elementor-widget-wrap\">\n\t\t\t\t\t\t\t<\/div>\n\t\t<\/div>\n\t\t\t\t\t<\/div>\n\t\t<\/section>\n\t\t\t\t<section class=\"elementor-section elementor-top-section elementor-element elementor-element-fc8428f elementor-section-boxed elementor-section-height-default elementor-section-height-default\" data-id=\"fc8428f\" data-element_type=\"section\">\n\t\t\t\t\t\t<div class=\"elementor-container elementor-column-gap-default\">\n\t\t\t\t\t<div class=\"elementor-column elementor-col-100 elementor-top-column elementor-element elementor-element-d1f02cb\" data-id=\"d1f02cb\" data-element_type=\"column\">\n\t\t\t<div class=\"elementor-widget-wrap elementor-element-populated\">\n\t\t\t\t\t\t<div class=\"elementor-element elementor-element-86be1d5 elementor-widget elementor-widget-spacer\" data-id=\"86be1d5\" data-element_type=\"widget\" data-settings=\"{&quot;ekit_we_effect_on&quot;:&quot;none&quot;}\" data-widget_type=\"spacer.default\">\n\t\t\t\t<div class=\"elementor-widget-container\">\n\t\t\t\t\t<div class=\"elementor-spacer\">\n\t\t\t<div class=\"elementor-spacer-inner\"><\/div>\n\t\t<\/div>\n\t\t\t\t<\/div>\n\t\t\t\t<\/div>\n\t\t\t\t\t<\/div>\n\t\t<\/div>\n\t\t\t\t\t<\/div>\n\t\t<\/section>\n\t\t\t\t<section class=\"elementor-section elementor-top-section elementor-element elementor-element-276c5848 ts-newsletter elementor-section-boxed elementor-section-height-default elementor-section-height-default\" data-id=\"276c5848\" data-element_type=\"section\">\n\t\t\t\t\t\t\t<div class=\"elementor-background-overlay\"><\/div>\n\t\t\t\t\t\t\t<div class=\"elementor-container elementor-column-gap-default\">\n\t\t\t\t\t<div class=\"elementor-column elementor-col-100 elementor-top-column elementor-element elementor-element-3b6e6c75\" data-id=\"3b6e6c75\" data-element_type=\"column\" data-settings=\"{&quot;background_background&quot;:&quot;classic&quot;}\">\n\t\t\t<div class=\"elementor-widget-wrap elementor-element-populated\">\n\t\t\t\t\t<div class=\"elementor-background-overlay\"><\/div>\n\t\t\t\t\t\t<div class=\"elementor-element elementor-element-a84c1ed elementor-widget elementor-widget-heading\" data-id=\"a84c1ed\" data-element_type=\"widget\" data-settings=\"{&quot;ekit_we_effect_on&quot;:&quot;none&quot;}\" data-widget_type=\"heading.default\">\n\t\t\t\t<div class=\"elementor-widget-container\">\n\t\t\t<h2 class=\"elementor-heading-title elementor-size-default\">AUTOMOB SUMMIT<\/h2>\t\t<\/div>\n\t\t\t\t<\/div>\n\t\t\t\t<div class=\"elementor-element elementor-element-4f694eb elementor-widget elementor-widget-heading\" data-id=\"4f694eb\" data-element_type=\"widget\" data-settings=\"{&quot;ekit_we_effect_on&quot;:&quot;none&quot;}\" data-widget_type=\"heading.default\">\n\t\t\t\t<div class=\"elementor-widget-container\">\n\t\t\t<h2 class=\"elementor-heading-title elementor-size-default\">CONGRESO INTERNACIONAL DE AUTOMOCI\u00d3N Y MOVILIDAD<\/h2>\t\t<\/div>\n\t\t\t\t<\/div>\n\t\t\t\t<div class=\"elementor-element elementor-element-4ddde4a0 elementor-align-center elementor-widget elementor-widget-button\" data-id=\"4ddde4a0\" data-element_type=\"widget\" data-settings=\"{&quot;ekit_we_effect_on&quot;:&quot;none&quot;}\" data-widget_type=\"button.default\">\n\t\t\t\t<div class=\"elementor-widget-container\">\n\t\t\t\t\t<div class=\"elementor-button-wrapper\">\n\t\t\t<a class=\"elementor-button elementor-button-link elementor-size-md\" href=\"https:\/\/zfrmz.com\/39o9oR0WPUkqpZWaROIr\">\n\t\t\t\t\t\t<span class=\"elementor-button-content-wrapper\">\n\t\t\t\t\t\t\t\t\t<span class=\"elementor-button-text\">\u00a1INSCR\u00cdBETE YA!<\/span>\n\t\t\t\t\t<\/span>\n\t\t\t\t\t<\/a>\n\t\t<\/div>\n\t\t\t\t<\/div>\n\t\t\t\t<\/div>\n\t\t\t\t\t<\/div>\n\t\t<\/div>\n\t\t\t\t\t<\/div>\n\t\t<\/section>\n\t\t\t\t<\/div>\n\t\t","protected":false},"excerpt":{"rendered":"<p>AutoMob te da la oportunidad de escuchar los puntos de vista de los l\u00edderes del mercado de la industria de la automoci\u00f3n y de la movilidad a nivel internacional. Estos son los ponentes que han pasado por las distintas ediciones de AutoMob Summit.\u00a0 PONENTES 2024 Justo Sierra Presidente de Asime Justo Sierra Presidente de Asime [&hellip;]<\/p>\n","protected":false},"author":1,"featured_media":4191,"parent":0,"menu_order":0,"comment_status":"closed","ping_status":"closed","template":"template\/full-width-template.php","meta":{"footnotes":""},"yoast_head":"<!-- This site is optimized with the Yoast SEO plugin v22.9 - https:\/\/yoast.com\/wordpress\/plugins\/seo\/ -->\n<title>Ponentes - AutoMob<\/title>\n<meta name=\"robots\" content=\"index, follow, max-snippet:-1, max-image-preview:large, max-video-preview:-1\" \/>\n<link rel=\"canonical\" href=\"https:\/\/automobsummit.com\/es\/ponentes\/\" \/>\n<meta property=\"og:locale\" content=\"es_ES\" \/>\n<meta property=\"og:type\" content=\"article\" \/>\n<meta property=\"og:title\" content=\"Ponentes - AutoMob\" \/>\n<meta property=\"og:description\" content=\"AutoMob te da la oportunidad de escuchar los puntos de vista de los l\u00edderes del mercado de la industria de la automoci\u00f3n y de la movilidad a nivel internacional. Estos son los ponentes que han pasado por las distintas ediciones de AutoMob Summit.\u00a0 PONENTES 2024 Justo Sierra Presidente de Asime Justo Sierra Presidente de Asime [&hellip;]\" \/>\n<meta property=\"og:url\" content=\"https:\/\/automobsummit.com\/es\/ponentes\/\" \/>\n<meta property=\"og:site_name\" content=\"AutoMob\" \/>\n<meta property=\"article:modified_time\" content=\"2024-09-17T12:13:29+00:00\" \/>\n<meta property=\"og:image\" content=\"https:\/\/automobsummit.com\/wp-content\/uploads\/2024\/07\/AutoMob.png\" \/>\n\t<meta property=\"og:image:width\" content=\"3125\" \/>\n\t<meta property=\"og:image:height\" content=\"3125\" \/>\n\t<meta property=\"og:image:type\" content=\"image\/png\" \/>\n<meta name=\"twitter:card\" content=\"summary_large_image\" \/>\n<meta name=\"twitter:label1\" content=\"Tiempo de lectura\" \/>\n\t<meta name=\"twitter:data1\" content=\"48 minutos\" \/>\n<script type=\"application\/ld+json\" class=\"yoast-schema-graph\">{\"@context\":\"https:\/\/schema.org\",\"@graph\":[{\"@type\":\"WebPage\",\"@id\":\"https:\/\/automobsummit.com\/es\/ponentes\/\",\"url\":\"https:\/\/automobsummit.com\/es\/ponentes\/\",\"name\":\"Ponentes - AutoMob\",\"isPartOf\":{\"@id\":\"https:\/\/automobsummit.com\/es\/#website\"},\"primaryImageOfPage\":{\"@id\":\"https:\/\/automobsummit.com\/es\/ponentes\/#primaryimage\"},\"image\":{\"@id\":\"https:\/\/automobsummit.com\/es\/ponentes\/#primaryimage\"},\"thumbnailUrl\":\"https:\/\/automobsummit.com\/wp-content\/uploads\/2024\/07\/AutoMob.png\",\"datePublished\":\"2020-09-20T21:45:16+00:00\",\"dateModified\":\"2024-09-17T12:13:29+00:00\",\"breadcrumb\":{\"@id\":\"https:\/\/automobsummit.com\/es\/ponentes\/#breadcrumb\"},\"inLanguage\":\"es\",\"potentialAction\":[{\"@type\":\"ReadAction\",\"target\":[\"https:\/\/automobsummit.com\/es\/ponentes\/\"]}]},{\"@type\":\"ImageObject\",\"inLanguage\":\"es\",\"@id\":\"https:\/\/automobsummit.com\/es\/ponentes\/#primaryimage\",\"url\":\"https:\/\/automobsummit.com\/wp-content\/uploads\/2024\/07\/AutoMob.png\",\"contentUrl\":\"https:\/\/automobsummit.com\/wp-content\/uploads\/2024\/07\/AutoMob.png\",\"width\":3125,\"height\":3125},{\"@type\":\"BreadcrumbList\",\"@id\":\"https:\/\/automobsummit.com\/es\/ponentes\/#breadcrumb\",\"itemListElement\":[{\"@type\":\"ListItem\",\"position\":1,\"name\":\"Portada\",\"item\":\"https:\/\/automobsummit.com\/es\/\"},{\"@type\":\"ListItem\",\"position\":2,\"name\":\"Ponentes\"}]},{\"@type\":\"WebSite\",\"@id\":\"https:\/\/automobsummit.com\/es\/#website\",\"url\":\"https:\/\/automobsummit.com\/es\/\",\"name\":\"AutoMob\",\"description\":\"International Automotive and Mobility Summit\",\"potentialAction\":[{\"@type\":\"SearchAction\",\"target\":{\"@type\":\"EntryPoint\",\"urlTemplate\":\"https:\/\/automobsummit.com\/es\/?s={search_term_string}\"},\"query-input\":\"required name=search_term_string\"}],\"inLanguage\":\"es\"}]}<\/script>\n<!-- \/ Yoast SEO plugin. -->","yoast_head_json":{"title":"Ponentes - AutoMob","robots":{"index":"index","follow":"follow","max-snippet":"max-snippet:-1","max-image-preview":"max-image-preview:large","max-video-preview":"max-video-preview:-1"},"canonical":"https:\/\/automobsummit.com\/es\/ponentes\/","og_locale":"es_ES","og_type":"article","og_title":"Ponentes - AutoMob","og_description":"AutoMob te da la oportunidad de escuchar los puntos de vista de los l\u00edderes del mercado de la industria de la automoci\u00f3n y de la movilidad a nivel internacional. Estos son los ponentes que han pasado por las distintas ediciones de AutoMob Summit.\u00a0 PONENTES 2024 Justo Sierra Presidente de Asime Justo Sierra Presidente de Asime [&hellip;]","og_url":"https:\/\/automobsummit.com\/es\/ponentes\/","og_site_name":"AutoMob","article_modified_time":"2024-09-17T12:13:29+00:00","og_image":[{"width":3125,"height":3125,"url":"https:\/\/automobsummit.com\/wp-content\/uploads\/2024\/07\/AutoMob.png","type":"image\/png"}],"twitter_card":"summary_large_image","twitter_misc":{"Tiempo de lectura":"48 minutos"},"schema":{"@context":"https:\/\/schema.org","@graph":[{"@type":"WebPage","@id":"https:\/\/automobsummit.com\/es\/ponentes\/","url":"https:\/\/automobsummit.com\/es\/ponentes\/","name":"Ponentes - AutoMob","isPartOf":{"@id":"https:\/\/automobsummit.com\/es\/#website"},"primaryImageOfPage":{"@id":"https:\/\/automobsummit.com\/es\/ponentes\/#primaryimage"},"image":{"@id":"https:\/\/automobsummit.com\/es\/ponentes\/#primaryimage"},"thumbnailUrl":"https:\/\/automobsummit.com\/wp-content\/uploads\/2024\/07\/AutoMob.png","datePublished":"2020-09-20T21:45:16+00:00","dateModified":"2024-09-17T12:13:29+00:00","breadcrumb":{"@id":"https:\/\/automobsummit.com\/es\/ponentes\/#breadcrumb"},"inLanguage":"es","potentialAction":[{"@type":"ReadAction","target":["https:\/\/automobsummit.com\/es\/ponentes\/"]}]},{"@type":"ImageObject","inLanguage":"es","@id":"https:\/\/automobsummit.com\/es\/ponentes\/#primaryimage","url":"https:\/\/automobsummit.com\/wp-content\/uploads\/2024\/07\/AutoMob.png","contentUrl":"https:\/\/automobsummit.com\/wp-content\/uploads\/2024\/07\/AutoMob.png","width":3125,"height":3125},{"@type":"BreadcrumbList","@id":"https:\/\/automobsummit.com\/es\/ponentes\/#breadcrumb","itemListElement":[{"@type":"ListItem","position":1,"name":"Portada","item":"https:\/\/automobsummit.com\/es\/"},{"@type":"ListItem","position":2,"name":"Ponentes"}]},{"@type":"WebSite","@id":"https:\/\/automobsummit.com\/es\/#website","url":"https:\/\/automobsummit.com\/es\/","name":"AutoMob","description":"International Automotive and Mobility Summit","potentialAction":[{"@type":"SearchAction","target":{"@type":"EntryPoint","urlTemplate":"https:\/\/automobsummit.com\/es\/?s={search_term_string}"},"query-input":"required name=search_term_string"}],"inLanguage":"es"}]}},"_links":{"self":[{"href":"https:\/\/automobsummit.com\/es\/wp-json\/wp\/v2\/pages\/2566"}],"collection":[{"href":"https:\/\/automobsummit.com\/es\/wp-json\/wp\/v2\/pages"}],"about":[{"href":"https:\/\/automobsummit.com\/es\/wp-json\/wp\/v2\/types\/page"}],"author":[{"embeddable":true,"href":"https:\/\/automobsummit.com\/es\/wp-json\/wp\/v2\/users\/1"}],"replies":[{"embeddable":true,"href":"https:\/\/automobsummit.com\/es\/wp-json\/wp\/v2\/comments?post=2566"}],"version-history":[{"count":101,"href":"https:\/\/automobsummit.com\/es\/wp-json\/wp\/v2\/pages\/2566\/revisions"}],"predecessor-version":[{"id":4765,"href":"https:\/\/automobsummit.com\/es\/wp-json\/wp\/v2\/pages\/2566\/revisions\/4765"}],"wp:featuredmedia":[{"embeddable":true,"href":"https:\/\/automobsummit.com\/es\/wp-json\/wp\/v2\/media\/4191"}],"wp:attachment":[{"href":"https:\/\/automobsummit.com\/es\/wp-json\/wp\/v2\/media?parent=2566"}],"curies":[{"name":"wp","href":"https:\/\/api.w.org\/{rel}","templated":true}]}}